{"id":153,"date":"2017-09-23T04:37:25","date_gmt":"2017-09-23T04:37:25","guid":{"rendered":"http:\/\/theme.ridianur.com\/andior\/?page_id=153"},"modified":"2026-01-05T12:01:59","modified_gmt":"2026-01-05T11:01:59","slug":"multi-page-slider","status":"publish","type":"page","link":"https:\/\/noongraphicdesign.com\/","title":{"rendered":"Noon Graphic Design"},"content":{"rendered":"<div id=\"pl-153\"  class=\"panel-layout\" ><div id=\"pg-153-0\"  class=\"panel-grid panel-has-style\" ><div class=\"siteorigin-panels-stretch panel-row-style panel-row-style-for-153-0\" data-stretch-type=\"full-width-stretch\" ><div id=\"pgc-153-0-0\"  class=\"panel-grid-cell\" ><div id=\"panel-153-0-0-0\" class=\"so-panel widget widget_rdn_slider panel-first-child panel-last-child\" data-index=\"0\" >        \t<!--SLIDER HOME START-->\r\n\t\t\t<div class=\"slider-box clearfix\">\r\n\t\t\t\t<div class=\"slider home-slider  clearfix\" data-auto-play=\"7761\" \r\n                \r\n                                data-stellar-ratio=\"0.8\"\r\n\t\t\t\t  >\r\n\t\t\t\t\t\t\t\t\t\t\t\t\t  \r\n\t\t\t\t\t\t\t\t  <div class=\"item slide image-background  slider-img-bg img-bg clearfix\" \r\n                                  data-background=\"http:\/\/noongraphicdesign.com\/wp-content\/uploads\/2018\/04\/1200-NoonGraphicDesign-CreationGraphique6.jpg\" >\r\n                                  \t<div class=\"slider-mask\"><\/div>\r\n                                    <div class=\"caption-box clearfix\">\r\n                                    \t<div class=\"top-left\"><span class=\"shape\"><\/span><\/div>\r\n                                        <div class=\"top-right\"><span class=\"shape\"><\/span><\/div>\r\n                                        \r\n                                    \t<i class=\"fa fa-diamond\"><\/i>\r\n                                      \t<div class=\"spacing40 clearboth\"><\/div>\r\n                                    \t<p class=\"top-slider\">Des cr\u00e9ations<\/p> \r\n\t\t\t\t\t\t\t\t\t\t<h3>modernes<br \/>simples<br \/>incarn\u00e9es<\/h3>\r\n                                        \r\n                                                                                \r\n                                        <div class=\"clearfix spacing40\"><\/div>\r\n                                        \r\n                                        <div class=\"bot-left\"><span class=\"shape\"><\/span><\/div>\r\n                                        <div class=\"bot-right\"><span class=\"shape\"><\/span><\/div>\r\n                                        \r\n\t\t\t\t\t\t\t\t\t<\/div><!--\/.caption-box-->\r\n                                  <\/div><!--\/.slide-->\r\n\t\t\t\t\t\t\t\t\t\t\t\t\t\t\t\t  \r\n\t\t\t\t\t\t\t\t  <div class=\"item slide image-background  slider-img-bg img-bg clearfix\" \r\n                                  data-background=\"http:\/\/noongraphicdesign.com\/wp-content\/uploads\/2018\/04\/1200-NoonGraphicDesign-CreationGraphique2.jpg\" >\r\n                                  \t<div class=\"slider-mask\"><\/div>\r\n                                    <div class=\"caption-box clearfix\">\r\n                                    \t<div class=\"top-left\"><span class=\"shape\"><\/span><\/div>\r\n                                        <div class=\"top-right\"><span class=\"shape\"><\/span><\/div>\r\n                                        \r\n                                    \t<i class=\"fa fa-sun-o\"><\/i>\r\n                                      \t<div class=\"spacing40 clearboth\"><\/div>\r\n                                    \t<p class=\"top-slider\">Mettre en sc\u00e8ne vos<\/p> \r\n\t\t\t\t\t\t\t\t\t\t<h3>histoires<br \/>donn\u00e9es<br \/>messages<\/h3>\r\n                                        \r\n                                                                                \r\n                                        <div class=\"clearfix spacing40\"><\/div>\r\n                                        \r\n                                        <div class=\"bot-left\"><span class=\"shape\"><\/span><\/div>\r\n                                        <div class=\"bot-right\"><span class=\"shape\"><\/span><\/div>\r\n                                        \r\n\t\t\t\t\t\t\t\t\t<\/div><!--\/.caption-box-->\r\n                                  <\/div><!--\/.slide-->\r\n\t\t\t\t\t\t\t\t\t\t\t\t\t\t\t\t  \r\n\t\t\t\t\t\t\t\t  <div class=\"item slide image-background  slider-img-bg img-bg clearfix\" \r\n                                  data-background=\"http:\/\/noongraphicdesign.com\/wp-content\/uploads\/2018\/04\/1200-NoonGraphicDesign-CreationGraphique5.jpg\" >\r\n                                  \t<div class=\"slider-mask\"><\/div>\r\n                                    <div class=\"caption-box clearfix\">\r\n                                    \t<div class=\"top-left\"><span class=\"shape\"><\/span><\/div>\r\n                                        <div class=\"top-right\"><span class=\"shape\"><\/span><\/div>\r\n                                        \r\n                                    \t<i class=\"fa fa-snowflake-o\"><\/i>\r\n                                      \t<div class=\"spacing40 clearboth\"><\/div>\r\n                                    \t<p class=\"top-slider\">Choisir des<\/p> \r\n\t\t\t\t\t\t\t\t\t\t<h3>Typos <br \/> Couleurs <br \/> Images<\/h3>\r\n                                        \r\n                                                                                \r\n                                        <div class=\"clearfix spacing40\"><\/div>\r\n                                        \r\n                                        <div class=\"bot-left\"><span class=\"shape\"><\/span><\/div>\r\n                                        <div class=\"bot-right\"><span class=\"shape\"><\/span><\/div>\r\n                                        \r\n\t\t\t\t\t\t\t\t\t<\/div><!--\/.caption-box-->\r\n                                  <\/div><!--\/.slide-->\r\n\t\t\t\t\t\t\t\t\t\t\t\t\t\r\n\t\t\t\t\t\t\r\n                      \r\n\t\t\t\t\t\r\n\t\t\t\t\t\r\n\t\t\t\t\t\r\n\t\t\t\t<\/div><!--\/.slider-->\r\n\t\t\t<\/div><!--\/.slider-box-->\r\n\t\t\t<!--SLIDER HOME END-->\r\n            \r\n         \r\n        \r\n        <\/div><\/div><\/div><\/div><div id=\"pg-153-1\"  class=\"panel-grid panel-no-style\" ><div id=\"pgc-153-1-0\"  class=\"panel-grid-cell\" ><div id=\"panel-153-1-0-0\" class=\"so-panel widget widget_rdn_blockquote_element rdn_blockquote_element panel-first-child panel-last-child\" data-index=\"1\" >\t\t\t\t\t\t<div class=\"clearfix \">\r\n                            <blockquote>By Noon Graphic Design<\/blockquote>\r\n                            \r\n                                                        <div class=\"bl-text\">\r\n                            <p>Notre r\u00f4le : concevoir vos supports de communication dans le respect de votre identit\u00e9, leur donner corps et forme en y insufflant la cr\u00e9ativit\u00e9 n\u00e9cessaire \u00e0 la valorisation de vos actions et avec pour objectif de capter l\u2019attention de votre public.<\/p>\n                            <\/div>\r\n                                                        \r\n                                                    <\/div>\r\n                        \r\n                       \r\n<\/div><\/div><\/div><div id=\"pg-153-2\"  class=\"panel-grid panel-has-style\" ><div class=\"content panel-row-style panel-row-style-for-153-2\" ><div id=\"pgc-153-2-0\"  class=\"panel-grid-cell\" ><div id=\"panel-153-2-0-0\" class=\"so-panel widget widget_rdn_portfolio_wide_section rdn_portfolio_wide_section panel-first-child panel-last-child\" data-index=\"2\" >\t\t\t\t\t\t\t\r\n                        \r\n\r\n                                                <ul class=\"port-filter center-port-filter\">\r\n                            \r\n                                                                        <li>\r\n                                        <a class=\"active\" href=\"#\" data-filter=\"*\">\r\n                                            All                                        <\/a>\r\n                                    <\/li>\r\n                                                                                    <li><a data-filter=\".cadre-de-vie\" href=\"#\">\r\n                                                Cadre de Vie<\/a><\/li>\r\n                                                                                            <li><a data-filter=\".com-publique\" href=\"#\">\r\n                                                Com&#039;Publique<\/a><\/li>\r\n                                                                                            <li><a data-filter=\".culture\" href=\"#\">\r\n                                                Culture<\/a><\/li>\r\n                                                                                            <li><a data-filter=\".edition\" href=\"#\">\r\n                                                Edition<\/a><\/li>\r\n                                                                                            <li><a data-filter=\".ev-nementiel\" href=\"#\">\r\n                                                Ev\u00e9nementiel<\/a><\/li>\r\n                                                                                            <li><a data-filter=\".identit-visuelle\" href=\"#\">\r\n                                                Identit\u00e9 visuelle<\/a><\/li>\r\n                                                                                            <li><a data-filter=\".motion-design\" href=\"#\">\r\n                                                Motion Design<\/a><\/li>\r\n                                                                                            <li><a data-filter=\".sport-bien-tre\" href=\"#\">\r\n                                                Sport\/Bien-\u00eatre<\/a><\/li>\r\n                                                                    <\/ul>\r\n                                                \r\n                        <div class=\"portfolio-body portfolio-body-wide clearfix\">\r\n                                                        \r\n                                                        <div class=\"col-md-3                             port-item identit-visuelle motion-design post-2095 portfolio type-portfolio status-publish has-post-thumbnail hentry portfolio_category-identite-visuelle portfolio_category-motion-design \" id=\"post-2095\">\r\n                                <a class=\"port-box\" \r\n                                href=\"https:\/\/noongraphicdesign.com\/index.php\/portfolio\/les-motards-fetards\/\" >\r\n                                    <div class=\"port-hover\">\r\n                                        <div class=\"port-inner\">\r\n                                            <h3>Les Motards F\u00eatards<\/h3>\r\n                                             \r\n                                            <p>Identit\u00e9 visuelle<\/p>\r\n                                        <\/div>\r\n                                        <i class=\"fa \"><\/i>\r\n                                    <\/div><!--\/.port-hover-->\r\n                                    <img fetchpriority=\"high\" decoding=\"async\" width=\"3333\" height=\"2425\" src=\"https:\/\/noongraphicdesign.com\/wp-content\/uploads\/2024\/06\/MotardsfetardsMotionDesign-NoonGraphicDesign-2-1.jpg\" class=\"attachment-post-thumbnail size-post-thumbnail wp-post-image\" alt=\"\" srcset=\"https:\/\/noongraphicdesign.com\/wp-content\/uploads\/2024\/06\/MotardsfetardsMotionDesign-NoonGraphicDesign-2-1.jpg 3333w, https:\/\/noongraphicdesign.com\/wp-content\/uploads\/2024\/06\/MotardsfetardsMotionDesign-NoonGraphicDesign-2-1-300x218.jpg 300w, https:\/\/noongraphicdesign.com\/wp-content\/uploads\/2024\/06\/MotardsfetardsMotionDesign-NoonGraphicDesign-2-1-768x559.jpg 768w, https:\/\/noongraphicdesign.com\/wp-content\/uploads\/2024\/06\/MotardsfetardsMotionDesign-NoonGraphicDesign-2-1-1024x745.jpg 1024w\" sizes=\"(max-width: 3333px) 100vw, 3333px\" \/>                                <\/a>\r\n                            <\/div>\r\n                                                        \r\n                                                        <div class=\"col-md-3                             port-item identit-visuelle post-2077 portfolio type-portfolio status-publish has-post-thumbnail hentry portfolio_category-identite-visuelle \" id=\"post-2077\">\r\n                                <a class=\"port-box\" \r\n                                href=\"https:\/\/noongraphicdesign.com\/index.php\/portfolio\/2077\/\" >\r\n                                    <div class=\"port-hover\">\r\n                                        <div class=\"port-inner\">\r\n                                            <h3>Imagerie M\u00e9dicale Rambot<\/h3>\r\n                                             \r\n                                            <p>Identit\u00e9 visuelle<\/p>\r\n                                        <\/div>\r\n                                        <i class=\"fa \"><\/i>\r\n                                    <\/div><!--\/.port-hover-->\r\n                                    <img decoding=\"async\" width=\"3333\" height=\"2425\" src=\"https:\/\/noongraphicdesign.com\/wp-content\/uploads\/2024\/06\/ImagerieMedicaleRambotVitrophanie-NoonGraphicDesign-2.jpg\" class=\"attachment-post-thumbnail size-post-thumbnail wp-post-image\" alt=\"\" srcset=\"https:\/\/noongraphicdesign.com\/wp-content\/uploads\/2024\/06\/ImagerieMedicaleRambotVitrophanie-NoonGraphicDesign-2.jpg 3333w, https:\/\/noongraphicdesign.com\/wp-content\/uploads\/2024\/06\/ImagerieMedicaleRambotVitrophanie-NoonGraphicDesign-2-300x218.jpg 300w, https:\/\/noongraphicdesign.com\/wp-content\/uploads\/2024\/06\/ImagerieMedicaleRambotVitrophanie-NoonGraphicDesign-2-768x559.jpg 768w, https:\/\/noongraphicdesign.com\/wp-content\/uploads\/2024\/06\/ImagerieMedicaleRambotVitrophanie-NoonGraphicDesign-2-1024x745.jpg 1024w\" sizes=\"(max-width: 3333px) 100vw, 3333px\" \/>                                <\/a>\r\n                            <\/div>\r\n                                                        \r\n                                                        <div class=\"col-md-3                             port-item com-publique ev-nementiel post-2070 portfolio type-portfolio status-publish has-post-thumbnail hentry portfolio_category-compublique portfolio_category-evenementiel \" id=\"post-2070\">\r\n                                <a class=\"port-box\" \r\n                                href=\"https:\/\/noongraphicdesign.com\/index.php\/portfolio\/2070\/\" >\r\n                                    <div class=\"port-hover\">\r\n                                        <div class=\"port-inner\">\r\n                                            <h3>Ici, c&rsquo;est Salon-de-Provence<\/h3>\r\n                                             \r\n                                            <p>Com'Publique<\/p>\r\n                                        <\/div>\r\n                                        <i class=\"fa \"><\/i>\r\n                                    <\/div><!--\/.port-hover-->\r\n                                    <img decoding=\"async\" width=\"3333\" height=\"2425\" src=\"https:\/\/noongraphicdesign.com\/wp-content\/uploads\/2024\/06\/IciSalonDeProvence-NoonGraphicDesign-2.jpg\" class=\"attachment-post-thumbnail size-post-thumbnail wp-post-image\" alt=\"\" srcset=\"https:\/\/noongraphicdesign.com\/wp-content\/uploads\/2024\/06\/IciSalonDeProvence-NoonGraphicDesign-2.jpg 3333w, https:\/\/noongraphicdesign.com\/wp-content\/uploads\/2024\/06\/IciSalonDeProvence-NoonGraphicDesign-2-300x218.jpg 300w, https:\/\/noongraphicdesign.com\/wp-content\/uploads\/2024\/06\/IciSalonDeProvence-NoonGraphicDesign-2-768x559.jpg 768w, https:\/\/noongraphicdesign.com\/wp-content\/uploads\/2024\/06\/IciSalonDeProvence-NoonGraphicDesign-2-1024x745.jpg 1024w\" sizes=\"(max-width: 3333px) 100vw, 3333px\" \/>                                <\/a>\r\n                            <\/div>\r\n                                                        \r\n                                                        <div class=\"col-md-3                             port-item edition identit-visuelle post-2064 portfolio type-portfolio status-publish has-post-thumbnail hentry portfolio_category-edition portfolio_category-identite-visuelle \" id=\"post-2064\">\r\n                                <a class=\"port-box\" \r\n                                href=\"https:\/\/noongraphicdesign.com\/index.php\/portfolio\/ec-confort\/\" >\r\n                                    <div class=\"port-hover\">\r\n                                        <div class=\"port-inner\">\r\n                                            <h3>EC Confort<\/h3>\r\n                                             \r\n                                            <p>Edition<\/p>\r\n                                        <\/div>\r\n                                        <i class=\"fa \"><\/i>\r\n                                    <\/div><!--\/.port-hover-->\r\n                                    <img loading=\"lazy\" decoding=\"async\" width=\"3333\" height=\"2425\" src=\"https:\/\/noongraphicdesign.com\/wp-content\/uploads\/2024\/06\/ECconfort-NoonGraphicDesign.jpg\" class=\"attachment-post-thumbnail size-post-thumbnail wp-post-image\" alt=\"\" srcset=\"https:\/\/noongraphicdesign.com\/wp-content\/uploads\/2024\/06\/ECconfort-NoonGraphicDesign.jpg 3333w, https:\/\/noongraphicdesign.com\/wp-content\/uploads\/2024\/06\/ECconfort-NoonGraphicDesign-300x218.jpg 300w, https:\/\/noongraphicdesign.com\/wp-content\/uploads\/2024\/06\/ECconfort-NoonGraphicDesign-768x559.jpg 768w, https:\/\/noongraphicdesign.com\/wp-content\/uploads\/2024\/06\/ECconfort-NoonGraphicDesign-1024x745.jpg 1024w\" sizes=\"(max-width: 3333px) 100vw, 3333px\" \/>                                <\/a>\r\n                            <\/div>\r\n                                                        \r\n                                                        <div class=\"col-md-3                             port-item edition identit-visuelle post-2054 portfolio type-portfolio status-publish has-post-thumbnail hentry portfolio_category-edition portfolio_category-identite-visuelle \" id=\"post-2054\">\r\n                                <a class=\"port-box\" \r\n                                href=\"https:\/\/noongraphicdesign.com\/index.php\/portfolio\/irm-brignoles\/\" >\r\n                                    <div class=\"port-hover\">\r\n                                        <div class=\"port-inner\">\r\n                                            <h3>IRM Brignoles<\/h3>\r\n                                             \r\n                                            <p>Edition<\/p>\r\n                                        <\/div>\r\n                                        <i class=\"fa \"><\/i>\r\n                                    <\/div><!--\/.port-hover-->\r\n                                    <img loading=\"lazy\" decoding=\"async\" width=\"3333\" height=\"2425\" src=\"https:\/\/noongraphicdesign.com\/wp-content\/uploads\/2024\/06\/IRMBrignoles-NoonGraphicDesign.jpg\" class=\"attachment-post-thumbnail size-post-thumbnail wp-post-image\" alt=\"\" srcset=\"https:\/\/noongraphicdesign.com\/wp-content\/uploads\/2024\/06\/IRMBrignoles-NoonGraphicDesign.jpg 3333w, https:\/\/noongraphicdesign.com\/wp-content\/uploads\/2024\/06\/IRMBrignoles-NoonGraphicDesign-300x218.jpg 300w, https:\/\/noongraphicdesign.com\/wp-content\/uploads\/2024\/06\/IRMBrignoles-NoonGraphicDesign-768x559.jpg 768w, https:\/\/noongraphicdesign.com\/wp-content\/uploads\/2024\/06\/IRMBrignoles-NoonGraphicDesign-1024x745.jpg 1024w\" sizes=\"(max-width: 3333px) 100vw, 3333px\" \/>                                <\/a>\r\n                            <\/div>\r\n                                                        \r\n                                                        <div class=\"col-md-3                             port-item cadre-de-vie com-publique post-2048 portfolio type-portfolio status-publish has-post-thumbnail hentry portfolio_category-cadre-de-vie portfolio_category-compublique \" id=\"post-2048\">\r\n                                <a class=\"port-box\" \r\n                                href=\"https:\/\/noongraphicdesign.com\/index.php\/portfolio\/ma-ville-facile-a-vivre\/\" >\r\n                                    <div class=\"port-hover\">\r\n                                        <div class=\"port-inner\">\r\n                                            <h3>Ma ville, facile \u00e0 vivre<\/h3>\r\n                                             \r\n                                            <p>Cadre de Vie<\/p>\r\n                                        <\/div>\r\n                                        <i class=\"fa \"><\/i>\r\n                                    <\/div><!--\/.port-hover-->\r\n                                    <img loading=\"lazy\" decoding=\"async\" width=\"3333\" height=\"2425\" src=\"https:\/\/noongraphicdesign.com\/wp-content\/uploads\/2024\/06\/MaVilleFacileAVivreGardanneBiver-NoonGraphicDesign.jpg\" class=\"attachment-post-thumbnail size-post-thumbnail wp-post-image\" alt=\"\" srcset=\"https:\/\/noongraphicdesign.com\/wp-content\/uploads\/2024\/06\/MaVilleFacileAVivreGardanneBiver-NoonGraphicDesign.jpg 3333w, https:\/\/noongraphicdesign.com\/wp-content\/uploads\/2024\/06\/MaVilleFacileAVivreGardanneBiver-NoonGraphicDesign-300x218.jpg 300w, https:\/\/noongraphicdesign.com\/wp-content\/uploads\/2024\/06\/MaVilleFacileAVivreGardanneBiver-NoonGraphicDesign-768x559.jpg 768w, https:\/\/noongraphicdesign.com\/wp-content\/uploads\/2024\/06\/MaVilleFacileAVivreGardanneBiver-NoonGraphicDesign-1024x745.jpg 1024w\" sizes=\"(max-width: 3333px) 100vw, 3333px\" \/>                                <\/a>\r\n                            <\/div>\r\n                                                        \r\n                                                        <div class=\"col-md-3                             port-item cadre-de-vie post-2040 portfolio type-portfolio status-publish has-post-thumbnail hentry portfolio_category-cadre-de-vie \" id=\"post-2040\">\r\n                                <a class=\"port-box\" \r\n                                href=\"https:\/\/noongraphicdesign.com\/index.php\/portfolio\/terrain-a-batir\/\" >\r\n                                    <div class=\"port-hover\">\r\n                                        <div class=\"port-inner\">\r\n                                            <h3>Terrain \u00e0 b\u00e2tir<\/h3>\r\n                                             \r\n                                            <p>Cadre de Vie<\/p>\r\n                                        <\/div>\r\n                                        <i class=\"fa \"><\/i>\r\n                                    <\/div><!--\/.port-hover-->\r\n                                    <img loading=\"lazy\" decoding=\"async\" width=\"3333\" height=\"2425\" src=\"https:\/\/noongraphicdesign.com\/wp-content\/uploads\/2024\/06\/TerrainsABatirPhenixImmobilier-NoonGraphicDesign.jpg\" class=\"attachment-post-thumbnail size-post-thumbnail wp-post-image\" alt=\"\" srcset=\"https:\/\/noongraphicdesign.com\/wp-content\/uploads\/2024\/06\/TerrainsABatirPhenixImmobilier-NoonGraphicDesign.jpg 3333w, https:\/\/noongraphicdesign.com\/wp-content\/uploads\/2024\/06\/TerrainsABatirPhenixImmobilier-NoonGraphicDesign-300x218.jpg 300w, https:\/\/noongraphicdesign.com\/wp-content\/uploads\/2024\/06\/TerrainsABatirPhenixImmobilier-NoonGraphicDesign-768x559.jpg 768w, https:\/\/noongraphicdesign.com\/wp-content\/uploads\/2024\/06\/TerrainsABatirPhenixImmobilier-NoonGraphicDesign-1024x745.jpg 1024w\" sizes=\"(max-width: 3333px) 100vw, 3333px\" \/>                                <\/a>\r\n                            <\/div>\r\n                                                        \r\n                                                        <div class=\"col-md-3                             port-item com-publique post-1909 portfolio type-portfolio status-publish has-post-thumbnail hentry portfolio_category-compublique \" id=\"post-1909\">\r\n                                <a class=\"port-box\" \r\n                                href=\"https:\/\/noongraphicdesign.com\/index.php\/portfolio\/signaletique\/\" >\r\n                                    <div class=\"port-hover\">\r\n                                        <div class=\"port-inner\">\r\n                                            <h3>Signal\u00e9tique<\/h3>\r\n                                             \r\n                                            <p>Com'Publique<\/p>\r\n                                        <\/div>\r\n                                        <i class=\"fa \"><\/i>\r\n                                    <\/div><!--\/.port-hover-->\r\n                                    <img loading=\"lazy\" decoding=\"async\" width=\"3333\" height=\"2425\" src=\"https:\/\/noongraphicdesign.com\/wp-content\/uploads\/2023\/10\/SignaletiqueVilleDeSalonDeProvence-NoonGraphicDesign-1.jpg\" class=\"attachment-post-thumbnail size-post-thumbnail wp-post-image\" alt=\"\" srcset=\"https:\/\/noongraphicdesign.com\/wp-content\/uploads\/2023\/10\/SignaletiqueVilleDeSalonDeProvence-NoonGraphicDesign-1.jpg 3333w, https:\/\/noongraphicdesign.com\/wp-content\/uploads\/2023\/10\/SignaletiqueVilleDeSalonDeProvence-NoonGraphicDesign-1-300x218.jpg 300w, https:\/\/noongraphicdesign.com\/wp-content\/uploads\/2023\/10\/SignaletiqueVilleDeSalonDeProvence-NoonGraphicDesign-1-768x559.jpg 768w, https:\/\/noongraphicdesign.com\/wp-content\/uploads\/2023\/10\/SignaletiqueVilleDeSalonDeProvence-NoonGraphicDesign-1-1024x745.jpg 1024w\" sizes=\"(max-width: 3333px) 100vw, 3333px\" \/>                                <\/a>\r\n                            <\/div>\r\n                                                        \r\n                                                        <div class=\"col-md-3                             port-item ev-nementiel post-1895 portfolio type-portfolio status-publish has-post-thumbnail hentry portfolio_category-evenementiel \" id=\"post-1895\">\r\n                                <a class=\"port-box\" \r\n                                href=\"https:\/\/noongraphicdesign.com\/index.php\/portfolio\/centre-de-formation-des-apprentis\/\" >\r\n                                    <div class=\"port-hover\">\r\n                                        <div class=\"port-inner\">\r\n                                            <h3>Centre de Formation des Apprentis<\/h3>\r\n                                             \r\n                                            <p>Ev\u00e9nementiel<\/p>\r\n                                        <\/div>\r\n                                        <i class=\"fa \"><\/i>\r\n                                    <\/div><!--\/.port-hover-->\r\n                                    <img loading=\"lazy\" decoding=\"async\" width=\"3333\" height=\"2425\" src=\"https:\/\/noongraphicdesign.com\/wp-content\/uploads\/2023\/10\/CFA-VilleDeSalonDeProvence-NoonGraphicDesign-2023-2.jpg\" class=\"attachment-post-thumbnail size-post-thumbnail wp-post-image\" alt=\"\" srcset=\"https:\/\/noongraphicdesign.com\/wp-content\/uploads\/2023\/10\/CFA-VilleDeSalonDeProvence-NoonGraphicDesign-2023-2.jpg 3333w, https:\/\/noongraphicdesign.com\/wp-content\/uploads\/2023\/10\/CFA-VilleDeSalonDeProvence-NoonGraphicDesign-2023-2-300x218.jpg 300w, https:\/\/noongraphicdesign.com\/wp-content\/uploads\/2023\/10\/CFA-VilleDeSalonDeProvence-NoonGraphicDesign-2023-2-768x559.jpg 768w, https:\/\/noongraphicdesign.com\/wp-content\/uploads\/2023\/10\/CFA-VilleDeSalonDeProvence-NoonGraphicDesign-2023-2-1024x745.jpg 1024w\" sizes=\"(max-width: 3333px) 100vw, 3333px\" \/>                                <\/a>\r\n                            <\/div>\r\n                                                        \r\n                                                        <div class=\"col-md-3                             port-item identit-visuelle post-1893 portfolio type-portfolio status-publish has-post-thumbnail hentry portfolio_category-identite-visuelle \" id=\"post-1893\">\r\n                                <a class=\"port-box\" \r\n                                href=\"https:\/\/noongraphicdesign.com\/index.php\/portfolio\/logos\/\" >\r\n                                    <div class=\"port-hover\">\r\n                                        <div class=\"port-inner\">\r\n                                            <h3>Logos<\/h3>\r\n                                             \r\n                                            <p>Identit\u00e9 visuelle<\/p>\r\n                                        <\/div>\r\n                                        <i class=\"fa \"><\/i>\r\n                                    <\/div><!--\/.port-hover-->\r\n                                    <img loading=\"lazy\" decoding=\"async\" width=\"3333\" height=\"2425\" src=\"https:\/\/noongraphicdesign.com\/wp-content\/uploads\/2023\/10\/Logos-NoonGraphicDesign-1.jpg\" class=\"attachment-post-thumbnail size-post-thumbnail wp-post-image\" alt=\"\" srcset=\"https:\/\/noongraphicdesign.com\/wp-content\/uploads\/2023\/10\/Logos-NoonGraphicDesign-1.jpg 3333w, https:\/\/noongraphicdesign.com\/wp-content\/uploads\/2023\/10\/Logos-NoonGraphicDesign-1-300x218.jpg 300w, https:\/\/noongraphicdesign.com\/wp-content\/uploads\/2023\/10\/Logos-NoonGraphicDesign-1-768x559.jpg 768w, https:\/\/noongraphicdesign.com\/wp-content\/uploads\/2023\/10\/Logos-NoonGraphicDesign-1-1024x745.jpg 1024w\" sizes=\"(max-width: 3333px) 100vw, 3333px\" \/>                                <\/a>\r\n                            <\/div>\r\n                                                        \r\n                                                        <div class=\"col-md-3                             port-item identit-visuelle post-1885 portfolio type-portfolio status-publish has-post-thumbnail hentry portfolio_category-identite-visuelle \" id=\"post-1885\">\r\n                                <a class=\"port-box\" \r\n                                href=\"https:\/\/noongraphicdesign.com\/index.php\/portfolio\/la-sariette\/\" >\r\n                                    <div class=\"port-hover\">\r\n                                        <div class=\"port-inner\">\r\n                                            <h3>La Sariette<\/h3>\r\n                                             \r\n                                            <p>Identit\u00e9 visuelle<\/p>\r\n                                        <\/div>\r\n                                        <i class=\"fa \"><\/i>\r\n                                    <\/div><!--\/.port-hover-->\r\n                                    <img loading=\"lazy\" decoding=\"async\" width=\"3333\" height=\"2425\" src=\"https:\/\/noongraphicdesign.com\/wp-content\/uploads\/2023\/10\/LaSariette-NoonGraphicDesign.jpg\" class=\"attachment-post-thumbnail size-post-thumbnail wp-post-image\" alt=\"\" srcset=\"https:\/\/noongraphicdesign.com\/wp-content\/uploads\/2023\/10\/LaSariette-NoonGraphicDesign.jpg 3333w, https:\/\/noongraphicdesign.com\/wp-content\/uploads\/2023\/10\/LaSariette-NoonGraphicDesign-300x218.jpg 300w, https:\/\/noongraphicdesign.com\/wp-content\/uploads\/2023\/10\/LaSariette-NoonGraphicDesign-768x559.jpg 768w, https:\/\/noongraphicdesign.com\/wp-content\/uploads\/2023\/10\/LaSariette-NoonGraphicDesign-1024x745.jpg 1024w\" sizes=\"(max-width: 3333px) 100vw, 3333px\" \/>                                <\/a>\r\n                            <\/div>\r\n                                                        \r\n                                                        <div class=\"col-md-3                             port-item ev-nementiel post-1879 portfolio type-portfolio status-publish has-post-thumbnail hentry portfolio_category-evenementiel \" id=\"post-1879\">\r\n                                <a class=\"port-box\" \r\n                                href=\"https:\/\/noongraphicdesign.com\/index.php\/portfolio\/fete-nationale\/\" >\r\n                                    <div class=\"port-hover\">\r\n                                        <div class=\"port-inner\">\r\n                                            <h3>F\u00eate Nationale<\/h3>\r\n                                             \r\n                                            <p>Ev\u00e9nementiel<\/p>\r\n                                        <\/div>\r\n                                        <i class=\"fa \"><\/i>\r\n                                    <\/div><!--\/.port-hover-->\r\n                                    <img loading=\"lazy\" decoding=\"async\" width=\"3333\" height=\"2425\" src=\"https:\/\/noongraphicdesign.com\/wp-content\/uploads\/2023\/08\/FeteNationale-NoonGraphicDesign.jpg\" class=\"attachment-post-thumbnail size-post-thumbnail wp-post-image\" alt=\"\" srcset=\"https:\/\/noongraphicdesign.com\/wp-content\/uploads\/2023\/08\/FeteNationale-NoonGraphicDesign.jpg 3333w, https:\/\/noongraphicdesign.com\/wp-content\/uploads\/2023\/08\/FeteNationale-NoonGraphicDesign-300x218.jpg 300w, https:\/\/noongraphicdesign.com\/wp-content\/uploads\/2023\/08\/FeteNationale-NoonGraphicDesign-768x559.jpg 768w, https:\/\/noongraphicdesign.com\/wp-content\/uploads\/2023\/08\/FeteNationale-NoonGraphicDesign-1024x745.jpg 1024w\" sizes=\"(max-width: 3333px) 100vw, 3333px\" \/>                                <\/a>\r\n                            <\/div>\r\n                                                        \r\n                                                        <div class=\"col-md-3                             port-item cadre-de-vie post-1870 portfolio type-portfolio status-publish has-post-thumbnail hentry portfolio_category-cadre-de-vie \" id=\"post-1870\">\r\n                                <a class=\"port-box\" \r\n                                href=\"https:\/\/noongraphicdesign.com\/index.php\/portfolio\/1870\/\" >\r\n                                    <div class=\"port-hover\">\r\n                                        <div class=\"port-inner\">\r\n                                            <h3>Smart City<\/h3>\r\n                                             \r\n                                            <p>Cadre de Vie<\/p>\r\n                                        <\/div>\r\n                                        <i class=\"fa \"><\/i>\r\n                                    <\/div><!--\/.port-hover-->\r\n                                    <img loading=\"lazy\" decoding=\"async\" width=\"3333\" height=\"2425\" src=\"https:\/\/noongraphicdesign.com\/wp-content\/uploads\/2022\/09\/SmartCity-NoonGraphicDesign.jpg\" class=\"attachment-post-thumbnail size-post-thumbnail wp-post-image\" alt=\"\" srcset=\"https:\/\/noongraphicdesign.com\/wp-content\/uploads\/2022\/09\/SmartCity-NoonGraphicDesign.jpg 3333w, https:\/\/noongraphicdesign.com\/wp-content\/uploads\/2022\/09\/SmartCity-NoonGraphicDesign-300x218.jpg 300w, https:\/\/noongraphicdesign.com\/wp-content\/uploads\/2022\/09\/SmartCity-NoonGraphicDesign-768x559.jpg 768w, https:\/\/noongraphicdesign.com\/wp-content\/uploads\/2022\/09\/SmartCity-NoonGraphicDesign-1024x745.jpg 1024w\" sizes=\"(max-width: 3333px) 100vw, 3333px\" \/>                                <\/a>\r\n                            <\/div>\r\n                                                        \r\n                                                        <div class=\"col-md-3                             port-item culture post-1865 portfolio type-portfolio status-publish has-post-thumbnail hentry portfolio_category-culture \" id=\"post-1865\">\r\n                                <a class=\"port-box\" \r\n                                href=\"https:\/\/noongraphicdesign.com\/index.php\/portfolio\/cote-cour\/\" >\r\n                                    <div class=\"port-hover\">\r\n                                        <div class=\"port-inner\">\r\n                                            <h3>C\u00f4t\u00e9 Cour<\/h3>\r\n                                             \r\n                                            <p>Culture<\/p>\r\n                                        <\/div>\r\n                                        <i class=\"fa \"><\/i>\r\n                                    <\/div><!--\/.port-hover-->\r\n                                    <img loading=\"lazy\" decoding=\"async\" width=\"3333\" height=\"2425\" src=\"https:\/\/noongraphicdesign.com\/wp-content\/uploads\/2022\/09\/FestivalCoteCour-NoonGraphicDesign.jpg\" class=\"attachment-post-thumbnail size-post-thumbnail wp-post-image\" alt=\"\" srcset=\"https:\/\/noongraphicdesign.com\/wp-content\/uploads\/2022\/09\/FestivalCoteCour-NoonGraphicDesign.jpg 3333w, https:\/\/noongraphicdesign.com\/wp-content\/uploads\/2022\/09\/FestivalCoteCour-NoonGraphicDesign-300x218.jpg 300w, https:\/\/noongraphicdesign.com\/wp-content\/uploads\/2022\/09\/FestivalCoteCour-NoonGraphicDesign-768x559.jpg 768w, https:\/\/noongraphicdesign.com\/wp-content\/uploads\/2022\/09\/FestivalCoteCour-NoonGraphicDesign-1024x745.jpg 1024w\" sizes=\"(max-width: 3333px) 100vw, 3333px\" \/>                                <\/a>\r\n                            <\/div>\r\n                                                        \r\n                                                        <div class=\"col-md-3                             port-item ev-nementiel post-1858 portfolio type-portfolio status-publish has-post-thumbnail hentry portfolio_category-evenementiel \" id=\"post-1858\">\r\n                                <a class=\"port-box\" \r\n                                href=\"https:\/\/noongraphicdesign.com\/index.php\/portfolio\/salon-des-maires\/\" >\r\n                                    <div class=\"port-hover\">\r\n                                        <div class=\"port-inner\">\r\n                                            <h3>Salon des Maires<\/h3>\r\n                                             \r\n                                            <p>Ev\u00e9nementiel<\/p>\r\n                                        <\/div>\r\n                                        <i class=\"fa \"><\/i>\r\n                                    <\/div><!--\/.port-hover-->\r\n                                    <img loading=\"lazy\" decoding=\"async\" width=\"3333\" height=\"2425\" src=\"https:\/\/noongraphicdesign.com\/wp-content\/uploads\/2022\/09\/SalonDesMaires-NoonGraphicDesign.jpg\" class=\"attachment-post-thumbnail size-post-thumbnail wp-post-image\" alt=\"\" srcset=\"https:\/\/noongraphicdesign.com\/wp-content\/uploads\/2022\/09\/SalonDesMaires-NoonGraphicDesign.jpg 3333w, https:\/\/noongraphicdesign.com\/wp-content\/uploads\/2022\/09\/SalonDesMaires-NoonGraphicDesign-300x218.jpg 300w, https:\/\/noongraphicdesign.com\/wp-content\/uploads\/2022\/09\/SalonDesMaires-NoonGraphicDesign-768x559.jpg 768w, https:\/\/noongraphicdesign.com\/wp-content\/uploads\/2022\/09\/SalonDesMaires-NoonGraphicDesign-1024x745.jpg 1024w\" sizes=\"(max-width: 3333px) 100vw, 3333px\" \/>                                <\/a>\r\n                            <\/div>\r\n                                                        \r\n                                                        <div class=\"col-md-3                             port-item identit-visuelle post-1853 portfolio type-portfolio status-publish has-post-thumbnail hentry portfolio_category-identite-visuelle \" id=\"post-1853\">\r\n                                <a class=\"port-box\" \r\n                                href=\"https:\/\/noongraphicdesign.com\/index.php\/portfolio\/1853\/\" >\r\n                                    <div class=\"port-hover\">\r\n                                        <div class=\"port-inner\">\r\n                                            <h3>MANMat<\/h3>\r\n                                             \r\n                                            <p>Identit\u00e9 visuelle<\/p>\r\n                                        <\/div>\r\n                                        <i class=\"fa \"><\/i>\r\n                                    <\/div><!--\/.port-hover-->\r\n                                    <img loading=\"lazy\" decoding=\"async\" width=\"3333\" height=\"2425\" src=\"https:\/\/noongraphicdesign.com\/wp-content\/uploads\/2024\/06\/ManMat-NoonGraphicDesign.jpg.jpg\" class=\"attachment-post-thumbnail size-post-thumbnail wp-post-image\" alt=\"\" srcset=\"https:\/\/noongraphicdesign.com\/wp-content\/uploads\/2024\/06\/ManMat-NoonGraphicDesign.jpg.jpg 3333w, https:\/\/noongraphicdesign.com\/wp-content\/uploads\/2024\/06\/ManMat-NoonGraphicDesign.jpg-300x218.jpg 300w, https:\/\/noongraphicdesign.com\/wp-content\/uploads\/2024\/06\/ManMat-NoonGraphicDesign.jpg-768x559.jpg 768w, https:\/\/noongraphicdesign.com\/wp-content\/uploads\/2024\/06\/ManMat-NoonGraphicDesign.jpg-1024x745.jpg 1024w\" sizes=\"(max-width: 3333px) 100vw, 3333px\" \/>                                <\/a>\r\n                            <\/div>\r\n                                                        \r\n                                                        <div class=\"col-md-3                             port-item edition post-1848 portfolio type-portfolio status-publish has-post-thumbnail hentry portfolio_category-edition \" id=\"post-1848\">\r\n                                <a class=\"port-box\" \r\n                                href=\"https:\/\/noongraphicdesign.com\/index.php\/portfolio\/politique-et-engagement\/\" >\r\n                                    <div class=\"port-hover\">\r\n                                        <div class=\"port-inner\">\r\n                                            <h3>politique QSR3<\/h3>\r\n                                             \r\n                                            <p>Edition<\/p>\r\n                                        <\/div>\r\n                                        <i class=\"fa \"><\/i>\r\n                                    <\/div><!--\/.port-hover-->\r\n                                    <img loading=\"lazy\" decoding=\"async\" width=\"3333\" height=\"2425\" src=\"https:\/\/noongraphicdesign.com\/wp-content\/uploads\/2022\/09\/NuviaStructure-NoonGraphicDesign-1.jpg\" class=\"attachment-post-thumbnail size-post-thumbnail wp-post-image\" alt=\"\" srcset=\"https:\/\/noongraphicdesign.com\/wp-content\/uploads\/2022\/09\/NuviaStructure-NoonGraphicDesign-1.jpg 3333w, https:\/\/noongraphicdesign.com\/wp-content\/uploads\/2022\/09\/NuviaStructure-NoonGraphicDesign-1-300x218.jpg 300w, https:\/\/noongraphicdesign.com\/wp-content\/uploads\/2022\/09\/NuviaStructure-NoonGraphicDesign-1-768x559.jpg 768w, https:\/\/noongraphicdesign.com\/wp-content\/uploads\/2022\/09\/NuviaStructure-NoonGraphicDesign-1-1024x745.jpg 1024w\" sizes=\"(max-width: 3333px) 100vw, 3333px\" \/>                                <\/a>\r\n                            <\/div>\r\n                                                        \r\n                                                        <div class=\"col-md-3                             port-item cadre-de-vie post-1839 portfolio type-portfolio status-publish has-post-thumbnail hentry portfolio_category-cadre-de-vie \" id=\"post-1839\">\r\n                                <a class=\"port-box\" \r\n                                href=\"https:\/\/noongraphicdesign.com\/index.php\/portfolio\/le-clos-rapahel\/\" >\r\n                                    <div class=\"port-hover\">\r\n                                        <div class=\"port-inner\">\r\n                                            <h3>Le Clos Rapha\u00ebl<\/h3>\r\n                                             \r\n                                            <p>Cadre de Vie<\/p>\r\n                                        <\/div>\r\n                                        <i class=\"fa \"><\/i>\r\n                                    <\/div><!--\/.port-hover-->\r\n                                    <img loading=\"lazy\" decoding=\"async\" width=\"3333\" height=\"2425\" src=\"https:\/\/noongraphicdesign.com\/wp-content\/uploads\/2022\/09\/ClosRaphael-NoonGraphicDesign.jpg\" class=\"attachment-post-thumbnail size-post-thumbnail wp-post-image\" alt=\"\" srcset=\"https:\/\/noongraphicdesign.com\/wp-content\/uploads\/2022\/09\/ClosRaphael-NoonGraphicDesign.jpg 3333w, https:\/\/noongraphicdesign.com\/wp-content\/uploads\/2022\/09\/ClosRaphael-NoonGraphicDesign-300x218.jpg 300w, https:\/\/noongraphicdesign.com\/wp-content\/uploads\/2022\/09\/ClosRaphael-NoonGraphicDesign-768x559.jpg 768w, https:\/\/noongraphicdesign.com\/wp-content\/uploads\/2022\/09\/ClosRaphael-NoonGraphicDesign-1024x745.jpg 1024w\" sizes=\"(max-width: 3333px) 100vw, 3333px\" \/>                                <\/a>\r\n                            <\/div>\r\n                                                        \r\n                                                        <div class=\"col-md-3                             port-item com-publique post-1834 portfolio type-portfolio status-publish has-post-thumbnail hentry portfolio_category-compublique \" id=\"post-1834\">\r\n                                <a class=\"port-box\" \r\n                                href=\"https:\/\/noongraphicdesign.com\/index.php\/portfolio\/voeux-2021\/\" >\r\n                                    <div class=\"port-hover\">\r\n                                        <div class=\"port-inner\">\r\n                                            <h3>Voeux 2021<\/h3>\r\n                                             \r\n                                            <p>Com'Publique<\/p>\r\n                                        <\/div>\r\n                                        <i class=\"fa \"><\/i>\r\n                                    <\/div><!--\/.port-hover-->\r\n                                    <img loading=\"lazy\" decoding=\"async\" width=\"3333\" height=\"2425\" src=\"https:\/\/noongraphicdesign.com\/wp-content\/uploads\/2022\/09\/Gardanne-Voeux2022-NoonGraphicDesign.jpg\" class=\"attachment-post-thumbnail size-post-thumbnail wp-post-image\" alt=\"\" srcset=\"https:\/\/noongraphicdesign.com\/wp-content\/uploads\/2022\/09\/Gardanne-Voeux2022-NoonGraphicDesign.jpg 3333w, https:\/\/noongraphicdesign.com\/wp-content\/uploads\/2022\/09\/Gardanne-Voeux2022-NoonGraphicDesign-300x218.jpg 300w, https:\/\/noongraphicdesign.com\/wp-content\/uploads\/2022\/09\/Gardanne-Voeux2022-NoonGraphicDesign-768x559.jpg 768w, https:\/\/noongraphicdesign.com\/wp-content\/uploads\/2022\/09\/Gardanne-Voeux2022-NoonGraphicDesign-1024x745.jpg 1024w\" sizes=\"(max-width: 3333px) 100vw, 3333px\" \/>                                <\/a>\r\n                            <\/div>\r\n                                                        \r\n                                                        <div class=\"col-md-3                             port-item identit-visuelle post-1829 portfolio type-portfolio status-publish has-post-thumbnail hentry portfolio_category-identite-visuelle \" id=\"post-1829\">\r\n                                <a class=\"port-box\" \r\n                                href=\"https:\/\/noongraphicdesign.com\/index.php\/portfolio\/phenix-immobilier\/\" >\r\n                                    <div class=\"port-hover\">\r\n                                        <div class=\"port-inner\">\r\n                                            <h3>Phenix Immobilier<\/h3>\r\n                                             \r\n                                            <p>Identit\u00e9 visuelle<\/p>\r\n                                        <\/div>\r\n                                        <i class=\"fa \"><\/i>\r\n                                    <\/div><!--\/.port-hover-->\r\n                                    <img loading=\"lazy\" decoding=\"async\" width=\"3333\" height=\"2425\" src=\"https:\/\/noongraphicdesign.com\/wp-content\/uploads\/2022\/09\/PhenixImmobilier-NoonGraphicDesign-1.jpg\" class=\"attachment-post-thumbnail size-post-thumbnail wp-post-image\" alt=\"\" srcset=\"https:\/\/noongraphicdesign.com\/wp-content\/uploads\/2022\/09\/PhenixImmobilier-NoonGraphicDesign-1.jpg 3333w, https:\/\/noongraphicdesign.com\/wp-content\/uploads\/2022\/09\/PhenixImmobilier-NoonGraphicDesign-1-300x218.jpg 300w, https:\/\/noongraphicdesign.com\/wp-content\/uploads\/2022\/09\/PhenixImmobilier-NoonGraphicDesign-1-768x559.jpg 768w, https:\/\/noongraphicdesign.com\/wp-content\/uploads\/2022\/09\/PhenixImmobilier-NoonGraphicDesign-1-1024x745.jpg 1024w\" sizes=\"(max-width: 3333px) 100vw, 3333px\" \/>                                <\/a>\r\n                            <\/div>\r\n                                                        \r\n                                                        <div class=\"col-md-3                             port-item identit-visuelle post-1824 portfolio type-portfolio status-publish has-post-thumbnail hentry portfolio_category-identite-visuelle \" id=\"post-1824\">\r\n                                <a class=\"port-box\" \r\n                                href=\"https:\/\/noongraphicdesign.com\/index.php\/portfolio\/1824\/\" >\r\n                                    <div class=\"port-hover\">\r\n                                        <div class=\"port-inner\">\r\n                                            <h3>Concept Deco<\/h3>\r\n                                             \r\n                                            <p>Identit\u00e9 visuelle<\/p>\r\n                                        <\/div>\r\n                                        <i class=\"fa \"><\/i>\r\n                                    <\/div><!--\/.port-hover-->\r\n                                    <img loading=\"lazy\" decoding=\"async\" width=\"3333\" height=\"2425\" src=\"https:\/\/noongraphicdesign.com\/wp-content\/uploads\/2022\/09\/ClosRaphael-NoonGraphicDesign-1.jpg\" class=\"attachment-post-thumbnail size-post-thumbnail wp-post-image\" alt=\"\" srcset=\"https:\/\/noongraphicdesign.com\/wp-content\/uploads\/2022\/09\/ClosRaphael-NoonGraphicDesign-1.jpg 3333w, https:\/\/noongraphicdesign.com\/wp-content\/uploads\/2022\/09\/ClosRaphael-NoonGraphicDesign-1-300x218.jpg 300w, https:\/\/noongraphicdesign.com\/wp-content\/uploads\/2022\/09\/ClosRaphael-NoonGraphicDesign-1-768x559.jpg 768w, https:\/\/noongraphicdesign.com\/wp-content\/uploads\/2022\/09\/ClosRaphael-NoonGraphicDesign-1-1024x745.jpg 1024w\" sizes=\"(max-width: 3333px) 100vw, 3333px\" \/>                                <\/a>\r\n                            <\/div>\r\n                                                        \r\n                                                        <div class=\"col-md-3                             port-item ev-nementiel post-1803 portfolio type-portfolio status-publish has-post-thumbnail hentry portfolio_category-evenementiel \" id=\"post-1803\">\r\n                                <a class=\"port-box\" \r\n                                href=\"https:\/\/noongraphicdesign.com\/index.php\/portfolio\/salon-de-la-petite-enfance\/\" >\r\n                                    <div class=\"port-hover\">\r\n                                        <div class=\"port-inner\">\r\n                                            <h3>Salon de la Petite Enfance<\/h3>\r\n                                             \r\n                                            <p>Ev\u00e9nementiel<\/p>\r\n                                        <\/div>\r\n                                        <i class=\"fa \"><\/i>\r\n                                    <\/div><!--\/.port-hover-->\r\n                                    <img loading=\"lazy\" decoding=\"async\" width=\"3333\" height=\"2425\" src=\"https:\/\/noongraphicdesign.com\/wp-content\/uploads\/2020\/08\/SalonPetiteEnfance-NoonGraphicDesign.jpg\" class=\"attachment-post-thumbnail size-post-thumbnail wp-post-image\" alt=\"\" srcset=\"https:\/\/noongraphicdesign.com\/wp-content\/uploads\/2020\/08\/SalonPetiteEnfance-NoonGraphicDesign.jpg 3333w, https:\/\/noongraphicdesign.com\/wp-content\/uploads\/2020\/08\/SalonPetiteEnfance-NoonGraphicDesign-300x218.jpg 300w, https:\/\/noongraphicdesign.com\/wp-content\/uploads\/2020\/08\/SalonPetiteEnfance-NoonGraphicDesign-768x559.jpg 768w, https:\/\/noongraphicdesign.com\/wp-content\/uploads\/2020\/08\/SalonPetiteEnfance-NoonGraphicDesign-1024x745.jpg 1024w\" sizes=\"(max-width: 3333px) 100vw, 3333px\" \/>                                <\/a>\r\n                            <\/div>\r\n                                                        \r\n                                                        <div class=\"col-md-3                             port-item ev-nementiel post-1798 portfolio type-portfolio status-publish has-post-thumbnail hentry portfolio_category-evenementiel \" id=\"post-1798\">\r\n                                <a class=\"port-box\" \r\n                                href=\"https:\/\/noongraphicdesign.com\/index.php\/portfolio\/lete-a-pelissanne-2\/\" >\r\n                                    <div class=\"port-hover\">\r\n                                        <div class=\"port-inner\">\r\n                                            <h3>L&rsquo;\u00e9t\u00e9 \u00e0 P\u00e9lissanne<\/h3>\r\n                                             \r\n                                            <p>Ev\u00e9nementiel<\/p>\r\n                                        <\/div>\r\n                                        <i class=\"fa \"><\/i>\r\n                                    <\/div><!--\/.port-hover-->\r\n                                    <img loading=\"lazy\" decoding=\"async\" width=\"3333\" height=\"2425\" src=\"https:\/\/noongraphicdesign.com\/wp-content\/uploads\/2020\/08\/FetesEtePelissanne-NoonGraphicDesign.jpg\" class=\"attachment-post-thumbnail size-post-thumbnail wp-post-image\" alt=\"\" srcset=\"https:\/\/noongraphicdesign.com\/wp-content\/uploads\/2020\/08\/FetesEtePelissanne-NoonGraphicDesign.jpg 3333w, https:\/\/noongraphicdesign.com\/wp-content\/uploads\/2020\/08\/FetesEtePelissanne-NoonGraphicDesign-300x218.jpg 300w, https:\/\/noongraphicdesign.com\/wp-content\/uploads\/2020\/08\/FetesEtePelissanne-NoonGraphicDesign-768x559.jpg 768w, https:\/\/noongraphicdesign.com\/wp-content\/uploads\/2020\/08\/FetesEtePelissanne-NoonGraphicDesign-1024x745.jpg 1024w\" sizes=\"(max-width: 3333px) 100vw, 3333px\" \/>                                <\/a>\r\n                            <\/div>\r\n                                                        \r\n                                                        <div class=\"col-md-3                             port-item culture post-1794 portfolio type-portfolio status-publish has-post-thumbnail hentry portfolio_category-culture \" id=\"post-1794\">\r\n                                <a class=\"port-box\" \r\n                                href=\"https:\/\/noongraphicdesign.com\/index.php\/portfolio\/saison-culturelle-3\/\" >\r\n                                    <div class=\"port-hover\">\r\n                                        <div class=\"port-inner\">\r\n                                            <h3>Saison culturelle<\/h3>\r\n                                             \r\n                                            <p>Culture<\/p>\r\n                                        <\/div>\r\n                                        <i class=\"fa \"><\/i>\r\n                                    <\/div><!--\/.port-hover-->\r\n                                    <img loading=\"lazy\" decoding=\"async\" width=\"3333\" height=\"2425\" src=\"https:\/\/noongraphicdesign.com\/wp-content\/uploads\/2020\/08\/SaisonCulturelleRousset-NoonGraphicDesign.jpg\" class=\"attachment-post-thumbnail size-post-thumbnail wp-post-image\" alt=\"\" srcset=\"https:\/\/noongraphicdesign.com\/wp-content\/uploads\/2020\/08\/SaisonCulturelleRousset-NoonGraphicDesign.jpg 3333w, https:\/\/noongraphicdesign.com\/wp-content\/uploads\/2020\/08\/SaisonCulturelleRousset-NoonGraphicDesign-300x218.jpg 300w, https:\/\/noongraphicdesign.com\/wp-content\/uploads\/2020\/08\/SaisonCulturelleRousset-NoonGraphicDesign-768x559.jpg 768w, https:\/\/noongraphicdesign.com\/wp-content\/uploads\/2020\/08\/SaisonCulturelleRousset-NoonGraphicDesign-1024x745.jpg 1024w\" sizes=\"(max-width: 3333px) 100vw, 3333px\" \/>                                <\/a>\r\n                            <\/div>\r\n                                                        \r\n                                                        <div class=\"col-md-3                             port-item ev-nementiel post-1787 portfolio type-portfolio status-publish has-post-thumbnail hentry portfolio_category-evenementiel \" id=\"post-1787\">\r\n                                <a class=\"port-box\" \r\n                                href=\"https:\/\/noongraphicdesign.com\/index.php\/portfolio\/semaine-verte-2\/\" >\r\n                                    <div class=\"port-hover\">\r\n                                        <div class=\"port-inner\">\r\n                                            <h3>Semaine Verte<\/h3>\r\n                                             \r\n                                            <p>Ev\u00e9nementiel<\/p>\r\n                                        <\/div>\r\n                                        <i class=\"fa \"><\/i>\r\n                                    <\/div><!--\/.port-hover-->\r\n                                    <img loading=\"lazy\" decoding=\"async\" width=\"3333\" height=\"2425\" src=\"https:\/\/noongraphicdesign.com\/wp-content\/uploads\/2020\/08\/SemaineVertePelissanne-NoonGraphicDesign.jpg\" class=\"attachment-post-thumbnail size-post-thumbnail wp-post-image\" alt=\"\" srcset=\"https:\/\/noongraphicdesign.com\/wp-content\/uploads\/2020\/08\/SemaineVertePelissanne-NoonGraphicDesign.jpg 3333w, https:\/\/noongraphicdesign.com\/wp-content\/uploads\/2020\/08\/SemaineVertePelissanne-NoonGraphicDesign-300x218.jpg 300w, https:\/\/noongraphicdesign.com\/wp-content\/uploads\/2020\/08\/SemaineVertePelissanne-NoonGraphicDesign-768x559.jpg 768w, https:\/\/noongraphicdesign.com\/wp-content\/uploads\/2020\/08\/SemaineVertePelissanne-NoonGraphicDesign-1024x745.jpg 1024w\" sizes=\"(max-width: 3333px) 100vw, 3333px\" \/>                                <\/a>\r\n                            <\/div>\r\n                                                        \r\n                                                        <div class=\"col-md-3                             port-item identit-visuelle post-1781 portfolio type-portfolio status-publish has-post-thumbnail hentry portfolio_category-identite-visuelle \" id=\"post-1781\">\r\n                                <a class=\"port-box\" \r\n                                href=\"https:\/\/noongraphicdesign.com\/index.php\/portfolio\/les-mejanes\/\" >\r\n                                    <div class=\"port-hover\">\r\n                                        <div class=\"port-inner\">\r\n                                            <h3>Les M\u00e9janes<\/h3>\r\n                                             \r\n                                            <p>Identit\u00e9 visuelle<\/p>\r\n                                        <\/div>\r\n                                        <i class=\"fa \"><\/i>\r\n                                    <\/div><!--\/.port-hover-->\r\n                                    <img loading=\"lazy\" decoding=\"async\" width=\"3333\" height=\"2425\" src=\"https:\/\/noongraphicdesign.com\/wp-content\/uploads\/2020\/02\/LesMejanesAixEnProvence-NoonGraphicDesign.jpg\" class=\"attachment-post-thumbnail size-post-thumbnail wp-post-image\" alt=\"\" srcset=\"https:\/\/noongraphicdesign.com\/wp-content\/uploads\/2020\/02\/LesMejanesAixEnProvence-NoonGraphicDesign.jpg 3333w, https:\/\/noongraphicdesign.com\/wp-content\/uploads\/2020\/02\/LesMejanesAixEnProvence-NoonGraphicDesign-300x218.jpg 300w, https:\/\/noongraphicdesign.com\/wp-content\/uploads\/2020\/02\/LesMejanesAixEnProvence-NoonGraphicDesign-768x559.jpg 768w, https:\/\/noongraphicdesign.com\/wp-content\/uploads\/2020\/02\/LesMejanesAixEnProvence-NoonGraphicDesign-1024x745.jpg 1024w\" sizes=\"(max-width: 3333px) 100vw, 3333px\" \/>                                <\/a>\r\n                            <\/div>\r\n                                                        \r\n                                                        <div class=\"col-md-3                             port-item identit-visuelle post-1771 portfolio type-portfolio status-publish has-post-thumbnail hentry portfolio_category-identite-visuelle \" id=\"post-1771\">\r\n                                <a class=\"port-box\" \r\n                                href=\"https:\/\/noongraphicdesign.com\/index.php\/portfolio\/amuseti\/\" >\r\n                                    <div class=\"port-hover\">\r\n                                        <div class=\"port-inner\">\r\n                                            <h3>Amus\u00e8ti<\/h3>\r\n                                             \r\n                                            <p>Identit\u00e9 visuelle<\/p>\r\n                                        <\/div>\r\n                                        <i class=\"fa \"><\/i>\r\n                                    <\/div><!--\/.port-hover-->\r\n                                    <img loading=\"lazy\" decoding=\"async\" width=\"3333\" height=\"2425\" src=\"https:\/\/noongraphicdesign.com\/wp-content\/uploads\/2020\/01\/Amuseti-NoonGraphicDesign.jpg\" class=\"attachment-post-thumbnail size-post-thumbnail wp-post-image\" alt=\"\" srcset=\"https:\/\/noongraphicdesign.com\/wp-content\/uploads\/2020\/01\/Amuseti-NoonGraphicDesign.jpg 3333w, https:\/\/noongraphicdesign.com\/wp-content\/uploads\/2020\/01\/Amuseti-NoonGraphicDesign-300x218.jpg 300w, https:\/\/noongraphicdesign.com\/wp-content\/uploads\/2020\/01\/Amuseti-NoonGraphicDesign-768x559.jpg 768w, https:\/\/noongraphicdesign.com\/wp-content\/uploads\/2020\/01\/Amuseti-NoonGraphicDesign-1024x745.jpg 1024w\" sizes=\"(max-width: 3333px) 100vw, 3333px\" \/>                                <\/a>\r\n                            <\/div>\r\n                                                        \r\n                                                        <div class=\"col-md-3                             port-item com-publique post-1767 portfolio type-portfolio status-publish has-post-thumbnail hentry portfolio_category-compublique \" id=\"post-1767\">\r\n                                <a class=\"port-box\" \r\n                                href=\"https:\/\/noongraphicdesign.com\/index.php\/portfolio\/voeux-2020\/\" >\r\n                                    <div class=\"port-hover\">\r\n                                        <div class=\"port-inner\">\r\n                                            <h3>Voeux 2020<\/h3>\r\n                                             \r\n                                            <p>Com'Publique<\/p>\r\n                                        <\/div>\r\n                                        <i class=\"fa \"><\/i>\r\n                                    <\/div><!--\/.port-hover-->\r\n                                    <img loading=\"lazy\" decoding=\"async\" width=\"3333\" height=\"2425\" src=\"https:\/\/noongraphicdesign.com\/wp-content\/uploads\/2020\/01\/Voeux2020Pelissanne-NoonGraphicDesign.jpg\" class=\"attachment-post-thumbnail size-post-thumbnail wp-post-image\" alt=\"\" srcset=\"https:\/\/noongraphicdesign.com\/wp-content\/uploads\/2020\/01\/Voeux2020Pelissanne-NoonGraphicDesign.jpg 3333w, https:\/\/noongraphicdesign.com\/wp-content\/uploads\/2020\/01\/Voeux2020Pelissanne-NoonGraphicDesign-300x218.jpg 300w, https:\/\/noongraphicdesign.com\/wp-content\/uploads\/2020\/01\/Voeux2020Pelissanne-NoonGraphicDesign-768x559.jpg 768w, https:\/\/noongraphicdesign.com\/wp-content\/uploads\/2020\/01\/Voeux2020Pelissanne-NoonGraphicDesign-1024x745.jpg 1024w\" sizes=\"(max-width: 3333px) 100vw, 3333px\" \/>                                <\/a>\r\n                            <\/div>\r\n                                                        \r\n                                                        <div class=\"col-md-3                             port-item identit-visuelle post-1761 portfolio type-portfolio status-publish has-post-thumbnail hentry portfolio_category-identite-visuelle \" id=\"post-1761\">\r\n                                <a class=\"port-box\" \r\n                                href=\"https:\/\/noongraphicdesign.com\/index.php\/portfolio\/imagerie-medicale-rambot\/\" >\r\n                                    <div class=\"port-hover\">\r\n                                        <div class=\"port-inner\">\r\n                                            <h3>Imagerie M\u00e9dicale Rambot<\/h3>\r\n                                             \r\n                                            <p>Identit\u00e9 visuelle<\/p>\r\n                                        <\/div>\r\n                                        <i class=\"fa \"><\/i>\r\n                                    <\/div><!--\/.port-hover-->\r\n                                    <img loading=\"lazy\" decoding=\"async\" width=\"3333\" height=\"2425\" src=\"https:\/\/noongraphicdesign.com\/wp-content\/uploads\/2020\/01\/ImagerieMedicaleRambot-NoonGraphicDesign.jpg\" class=\"attachment-post-thumbnail size-post-thumbnail wp-post-image\" alt=\"\" srcset=\"https:\/\/noongraphicdesign.com\/wp-content\/uploads\/2020\/01\/ImagerieMedicaleRambot-NoonGraphicDesign.jpg 3333w, https:\/\/noongraphicdesign.com\/wp-content\/uploads\/2020\/01\/ImagerieMedicaleRambot-NoonGraphicDesign-300x218.jpg 300w, https:\/\/noongraphicdesign.com\/wp-content\/uploads\/2020\/01\/ImagerieMedicaleRambot-NoonGraphicDesign-768x559.jpg 768w, https:\/\/noongraphicdesign.com\/wp-content\/uploads\/2020\/01\/ImagerieMedicaleRambot-NoonGraphicDesign-1024x745.jpg 1024w\" sizes=\"(max-width: 3333px) 100vw, 3333px\" \/>                                <\/a>\r\n                            <\/div>\r\n                                                        \r\n                                                        <div class=\"col-md-3                             port-item ev-nementiel post-1757 portfolio type-portfolio status-publish has-post-thumbnail hentry portfolio_category-evenementiel \" id=\"post-1757\">\r\n                                <a class=\"port-box\" \r\n                                href=\"https:\/\/noongraphicdesign.com\/index.php\/portfolio\/marche-de-noel-3\/\" >\r\n                                    <div class=\"port-hover\">\r\n                                        <div class=\"port-inner\">\r\n                                            <h3>March\u00e9 de No\u00ebl<\/h3>\r\n                                             \r\n                                            <p>Ev\u00e9nementiel<\/p>\r\n                                        <\/div>\r\n                                        <i class=\"fa \"><\/i>\r\n                                    <\/div><!--\/.port-hover-->\r\n                                    <img loading=\"lazy\" decoding=\"async\" width=\"3333\" height=\"2425\" src=\"https:\/\/noongraphicdesign.com\/wp-content\/uploads\/2020\/01\/MarcheNoelPelissanne-NoonGraphicDesign.jpg\" class=\"attachment-post-thumbnail size-post-thumbnail wp-post-image\" alt=\"\" srcset=\"https:\/\/noongraphicdesign.com\/wp-content\/uploads\/2020\/01\/MarcheNoelPelissanne-NoonGraphicDesign.jpg 3333w, https:\/\/noongraphicdesign.com\/wp-content\/uploads\/2020\/01\/MarcheNoelPelissanne-NoonGraphicDesign-300x218.jpg 300w, https:\/\/noongraphicdesign.com\/wp-content\/uploads\/2020\/01\/MarcheNoelPelissanne-NoonGraphicDesign-768x559.jpg 768w, https:\/\/noongraphicdesign.com\/wp-content\/uploads\/2020\/01\/MarcheNoelPelissanne-NoonGraphicDesign-1024x745.jpg 1024w\" sizes=\"(max-width: 3333px) 100vw, 3333px\" \/>                                <\/a>\r\n                            <\/div>\r\n                                                        \r\n                                                        <div class=\"col-md-3                             port-item ev-nementiel post-1747 portfolio type-portfolio status-publish has-post-thumbnail hentry portfolio_category-evenementiel \" id=\"post-1747\">\r\n                                <a class=\"port-box\" \r\n                                href=\"https:\/\/noongraphicdesign.com\/index.php\/portfolio\/peli-games\/\" >\r\n                                    <div class=\"port-hover\">\r\n                                        <div class=\"port-inner\">\r\n                                            <h3>P\u00e9li Games<\/h3>\r\n                                             \r\n                                            <p>Ev\u00e9nementiel<\/p>\r\n                                        <\/div>\r\n                                        <i class=\"fa \"><\/i>\r\n                                    <\/div><!--\/.port-hover-->\r\n                                    <img loading=\"lazy\" decoding=\"async\" width=\"3333\" height=\"2425\" src=\"https:\/\/noongraphicdesign.com\/wp-content\/uploads\/2020\/01\/PeliGamesPelissanne-NoonGraphicDesign.jpg\" class=\"attachment-post-thumbnail size-post-thumbnail wp-post-image\" alt=\"\" srcset=\"https:\/\/noongraphicdesign.com\/wp-content\/uploads\/2020\/01\/PeliGamesPelissanne-NoonGraphicDesign.jpg 3333w, https:\/\/noongraphicdesign.com\/wp-content\/uploads\/2020\/01\/PeliGamesPelissanne-NoonGraphicDesign-300x218.jpg 300w, https:\/\/noongraphicdesign.com\/wp-content\/uploads\/2020\/01\/PeliGamesPelissanne-NoonGraphicDesign-768x559.jpg 768w, https:\/\/noongraphicdesign.com\/wp-content\/uploads\/2020\/01\/PeliGamesPelissanne-NoonGraphicDesign-1024x745.jpg 1024w\" sizes=\"(max-width: 3333px) 100vw, 3333px\" \/>                                <\/a>\r\n                            <\/div>\r\n                                                        \r\n                                                        <div class=\"col-md-3                             port-item ev-nementiel post-1739 portfolio type-portfolio status-publish has-post-thumbnail hentry portfolio_category-evenementiel \" id=\"post-1739\">\r\n                                <a class=\"port-box\" \r\n                                href=\"https:\/\/noongraphicdesign.com\/index.php\/portfolio\/fete-du-14-juillet\/\" >\r\n                                    <div class=\"port-hover\">\r\n                                        <div class=\"port-inner\">\r\n                                            <h3>F\u00eate du 14 juillet<\/h3>\r\n                                             \r\n                                            <p>Ev\u00e9nementiel<\/p>\r\n                                        <\/div>\r\n                                        <i class=\"fa \"><\/i>\r\n                                    <\/div><!--\/.port-hover-->\r\n                                    <img loading=\"lazy\" decoding=\"async\" width=\"3333\" height=\"2425\" src=\"https:\/\/noongraphicdesign.com\/wp-content\/uploads\/2019\/06\/14JuilletPelissanne-NoonGraphicDesign.jpg\" class=\"attachment-post-thumbnail size-post-thumbnail wp-post-image\" alt=\"\" srcset=\"https:\/\/noongraphicdesign.com\/wp-content\/uploads\/2019\/06\/14JuilletPelissanne-NoonGraphicDesign.jpg 3333w, https:\/\/noongraphicdesign.com\/wp-content\/uploads\/2019\/06\/14JuilletPelissanne-NoonGraphicDesign-300x218.jpg 300w, https:\/\/noongraphicdesign.com\/wp-content\/uploads\/2019\/06\/14JuilletPelissanne-NoonGraphicDesign-768x559.jpg 768w, https:\/\/noongraphicdesign.com\/wp-content\/uploads\/2019\/06\/14JuilletPelissanne-NoonGraphicDesign-1024x745.jpg 1024w\" sizes=\"(max-width: 3333px) 100vw, 3333px\" \/>                                <\/a>\r\n                            <\/div>\r\n                                                        \r\n                                                        <div class=\"col-md-3                             port-item ev-nementiel post-1729 portfolio type-portfolio status-publish has-post-thumbnail hentry portfolio_category-evenementiel \" id=\"post-1729\">\r\n                                <a class=\"port-box\" \r\n                                href=\"https:\/\/noongraphicdesign.com\/index.php\/portfolio\/la-grande-lessive\/\" >\r\n                                    <div class=\"port-hover\">\r\n                                        <div class=\"port-inner\">\r\n                                            <h3>La Grande Lessive<\/h3>\r\n                                             \r\n                                            <p>Ev\u00e9nementiel<\/p>\r\n                                        <\/div>\r\n                                        <i class=\"fa \"><\/i>\r\n                                    <\/div><!--\/.port-hover-->\r\n                                    <img loading=\"lazy\" decoding=\"async\" width=\"3333\" height=\"2425\" src=\"https:\/\/noongraphicdesign.com\/wp-content\/uploads\/2019\/06\/LaGrandeLessiveAixEnProvence-NoonGraphicDesign.jpg\" class=\"attachment-post-thumbnail size-post-thumbnail wp-post-image\" alt=\"\" srcset=\"https:\/\/noongraphicdesign.com\/wp-content\/uploads\/2019\/06\/LaGrandeLessiveAixEnProvence-NoonGraphicDesign.jpg 3333w, https:\/\/noongraphicdesign.com\/wp-content\/uploads\/2019\/06\/LaGrandeLessiveAixEnProvence-NoonGraphicDesign-300x218.jpg 300w, https:\/\/noongraphicdesign.com\/wp-content\/uploads\/2019\/06\/LaGrandeLessiveAixEnProvence-NoonGraphicDesign-768x559.jpg 768w, https:\/\/noongraphicdesign.com\/wp-content\/uploads\/2019\/06\/LaGrandeLessiveAixEnProvence-NoonGraphicDesign-1024x745.jpg 1024w\" sizes=\"(max-width: 3333px) 100vw, 3333px\" \/>                                <\/a>\r\n                            <\/div>\r\n                                                        \r\n                                                        <div class=\"col-md-3                             port-item ev-nementiel post-1723 portfolio type-portfolio status-publish has-post-thumbnail hentry portfolio_category-evenementiel \" id=\"post-1723\">\r\n                                <a class=\"port-box\" \r\n                                href=\"https:\/\/noongraphicdesign.com\/index.php\/portfolio\/annee-de-la-gastronomie-en-provence\/\" >\r\n                                    <div class=\"port-hover\">\r\n                                        <div class=\"port-inner\">\r\n                                            <h3>Ann\u00e9e de la gastronomie en Provence<\/h3>\r\n                                             \r\n                                            <p>Ev\u00e9nementiel<\/p>\r\n                                        <\/div>\r\n                                        <i class=\"fa fa-heart\"><\/i>\r\n                                    <\/div><!--\/.port-hover-->\r\n                                    <img loading=\"lazy\" decoding=\"async\" width=\"800\" height=\"582\" src=\"https:\/\/noongraphicdesign.com\/wp-content\/uploads\/2019\/06\/MPG2019-Pelissanne-NoonGraphicDesign3.jpg\" class=\"attachment-post-thumbnail size-post-thumbnail wp-post-image\" alt=\"\" srcset=\"https:\/\/noongraphicdesign.com\/wp-content\/uploads\/2019\/06\/MPG2019-Pelissanne-NoonGraphicDesign3.jpg 800w, https:\/\/noongraphicdesign.com\/wp-content\/uploads\/2019\/06\/MPG2019-Pelissanne-NoonGraphicDesign3-300x218.jpg 300w, https:\/\/noongraphicdesign.com\/wp-content\/uploads\/2019\/06\/MPG2019-Pelissanne-NoonGraphicDesign3-768x559.jpg 768w\" sizes=\"(max-width: 800px) 100vw, 800px\" \/>                                <\/a>\r\n                            <\/div>\r\n                                                        \r\n                                                        <div class=\"col-md-3                             port-item sport-bien-tre post-1716 portfolio type-portfolio status-publish has-post-thumbnail hentry portfolio_category-sport \" id=\"post-1716\">\r\n                                <a class=\"port-box\" \r\n                                href=\"https:\/\/noongraphicdesign.com\/index.php\/portfolio\/fete-du-passsport-club\/\" >\r\n                                    <div class=\"port-hover\">\r\n                                        <div class=\"port-inner\">\r\n                                            <h3>F\u00eate du Pass&rsquo;Sport Club<\/h3>\r\n                                             \r\n                                            <p>Sport\/Bien-\u00eatre<\/p>\r\n                                        <\/div>\r\n                                        <i class=\"fa fa-automobile\"><\/i>\r\n                                    <\/div><!--\/.port-hover-->\r\n                                    <img loading=\"lazy\" decoding=\"async\" width=\"800\" height=\"582\" src=\"https:\/\/noongraphicdesign.com\/wp-content\/uploads\/2019\/06\/PassSportClub2019-AixenProvence-NoonGraphicDesign.jpg\" class=\"attachment-post-thumbnail size-post-thumbnail wp-post-image\" alt=\"\" srcset=\"https:\/\/noongraphicdesign.com\/wp-content\/uploads\/2019\/06\/PassSportClub2019-AixenProvence-NoonGraphicDesign.jpg 800w, https:\/\/noongraphicdesign.com\/wp-content\/uploads\/2019\/06\/PassSportClub2019-AixenProvence-NoonGraphicDesign-300x218.jpg 300w, https:\/\/noongraphicdesign.com\/wp-content\/uploads\/2019\/06\/PassSportClub2019-AixenProvence-NoonGraphicDesign-768x559.jpg 768w\" sizes=\"(max-width: 800px) 100vw, 800px\" \/>                                <\/a>\r\n                            <\/div>\r\n                                                        \r\n                                                        <div class=\"col-md-3                             port-item culture post-1710 portfolio type-portfolio status-publish has-post-thumbnail hentry portfolio_category-culture \" id=\"post-1710\">\r\n                                <a class=\"port-box\" \r\n                                href=\"https:\/\/noongraphicdesign.com\/index.php\/portfolio\/exposition-dor-et-dargent\/\" >\r\n                                    <div class=\"port-hover\">\r\n                                        <div class=\"port-inner\">\r\n                                            <h3>Exposition D&rsquo;or et d&rsquo;argent<\/h3>\r\n                                             \r\n                                            <p>Culture<\/p>\r\n                                        <\/div>\r\n                                        <i class=\"fa \"><\/i>\r\n                                    <\/div><!--\/.port-hover-->\r\n                                    <img loading=\"lazy\" decoding=\"async\" width=\"3333\" height=\"2425\" src=\"https:\/\/noongraphicdesign.com\/wp-content\/uploads\/2019\/06\/ExpoDoretDargent-NoonGraphicDesign-2.jpg\" class=\"attachment-post-thumbnail size-post-thumbnail wp-post-image\" alt=\"\" srcset=\"https:\/\/noongraphicdesign.com\/wp-content\/uploads\/2019\/06\/ExpoDoretDargent-NoonGraphicDesign-2.jpg 3333w, https:\/\/noongraphicdesign.com\/wp-content\/uploads\/2019\/06\/ExpoDoretDargent-NoonGraphicDesign-2-300x218.jpg 300w, https:\/\/noongraphicdesign.com\/wp-content\/uploads\/2019\/06\/ExpoDoretDargent-NoonGraphicDesign-2-768x559.jpg 768w, https:\/\/noongraphicdesign.com\/wp-content\/uploads\/2019\/06\/ExpoDoretDargent-NoonGraphicDesign-2-1024x745.jpg 1024w\" sizes=\"(max-width: 3333px) 100vw, 3333px\" \/>                                <\/a>\r\n                            <\/div>\r\n                                                        \r\n                                                        <div class=\"col-md-3                             port-item edition post-1706 portfolio type-portfolio status-publish has-post-thumbnail hentry portfolio_category-edition \" id=\"post-1706\">\r\n                                <a class=\"port-box\" \r\n                                href=\"https:\/\/noongraphicdesign.com\/index.php\/portfolio\/ensemble-reussissons-la-creation-de-votre-entreprise\/\" >\r\n                                    <div class=\"port-hover\">\r\n                                        <div class=\"port-inner\">\r\n                                            <h3>Ensemble, r\u00e9ussissons la cr\u00e9ation&#8230;<\/h3>\r\n                                             \r\n                                            <p>Edition<\/p>\r\n                                        <\/div>\r\n                                        <i class=\"fa fa-file\"><\/i>\r\n                                    <\/div><!--\/.port-hover-->\r\n                                    <img loading=\"lazy\" decoding=\"async\" width=\"800\" height=\"582\" src=\"https:\/\/noongraphicdesign.com\/wp-content\/uploads\/2019\/06\/URSSAF-NoonGraphicDesign.jpg\" class=\"attachment-post-thumbnail size-post-thumbnail wp-post-image\" alt=\"\" srcset=\"https:\/\/noongraphicdesign.com\/wp-content\/uploads\/2019\/06\/URSSAF-NoonGraphicDesign.jpg 800w, https:\/\/noongraphicdesign.com\/wp-content\/uploads\/2019\/06\/URSSAF-NoonGraphicDesign-300x218.jpg 300w, https:\/\/noongraphicdesign.com\/wp-content\/uploads\/2019\/06\/URSSAF-NoonGraphicDesign-768x559.jpg 768w\" sizes=\"(max-width: 800px) 100vw, 800px\" \/>                                <\/a>\r\n                            <\/div>\r\n                                                        \r\n                                                        <div class=\"col-md-3                             port-item ev-nementiel post-1701 portfolio type-portfolio status-publish has-post-thumbnail hentry portfolio_category-evenementiel \" id=\"post-1701\">\r\n                                <a class=\"port-box\" \r\n                                href=\"https:\/\/noongraphicdesign.com\/index.php\/portfolio\/fete-de-lolivier-et-de-lhuile-dolive\/\" >\r\n                                    <div class=\"port-hover\">\r\n                                        <div class=\"port-inner\">\r\n                                            <h3>F\u00eate de l&rsquo;Olivier et de l&rsquo;huile d&rsquo;olive<\/h3>\r\n                                             \r\n                                            <p>Ev\u00e9nementiel<\/p>\r\n                                        <\/div>\r\n                                        <i class=\"fa fa-heart\"><\/i>\r\n                                    <\/div><!--\/.port-hover-->\r\n                                    <img loading=\"lazy\" decoding=\"async\" width=\"800\" height=\"582\" src=\"https:\/\/noongraphicdesign.com\/wp-content\/uploads\/2019\/06\/FeteOlivier2019-Pelissanne-NoonGraphicDesign3.jpg\" class=\"attachment-post-thumbnail size-post-thumbnail wp-post-image\" alt=\"\" srcset=\"https:\/\/noongraphicdesign.com\/wp-content\/uploads\/2019\/06\/FeteOlivier2019-Pelissanne-NoonGraphicDesign3.jpg 800w, https:\/\/noongraphicdesign.com\/wp-content\/uploads\/2019\/06\/FeteOlivier2019-Pelissanne-NoonGraphicDesign3-300x218.jpg 300w, https:\/\/noongraphicdesign.com\/wp-content\/uploads\/2019\/06\/FeteOlivier2019-Pelissanne-NoonGraphicDesign3-768x559.jpg 768w\" sizes=\"(max-width: 800px) 100vw, 800px\" \/>                                <\/a>\r\n                            <\/div>\r\n                                                        \r\n                                                        <div class=\"col-md-3                             port-item culture post-1696 portfolio type-portfolio status-publish has-post-thumbnail hentry portfolio_category-culture \" id=\"post-1696\">\r\n                                <a class=\"port-box\" \r\n                                href=\"https:\/\/noongraphicdesign.com\/index.php\/portfolio\/saison-culturelle-2\/\" >\r\n                                    <div class=\"port-hover\">\r\n                                        <div class=\"port-inner\">\r\n                                            <h3>Saison culturelle<\/h3>\r\n                                             \r\n                                            <p>Culture<\/p>\r\n                                        <\/div>\r\n                                        <i class=\"fa \"><\/i>\r\n                                    <\/div><!--\/.port-hover-->\r\n                                    <img loading=\"lazy\" decoding=\"async\" width=\"3333\" height=\"2425\" src=\"https:\/\/noongraphicdesign.com\/wp-content\/uploads\/2019\/06\/SaisonCulturelleRousset-NoonGraphicDesign-22.jpg\" class=\"attachment-post-thumbnail size-post-thumbnail wp-post-image\" alt=\"\" srcset=\"https:\/\/noongraphicdesign.com\/wp-content\/uploads\/2019\/06\/SaisonCulturelleRousset-NoonGraphicDesign-22.jpg 3333w, https:\/\/noongraphicdesign.com\/wp-content\/uploads\/2019\/06\/SaisonCulturelleRousset-NoonGraphicDesign-22-300x218.jpg 300w, https:\/\/noongraphicdesign.com\/wp-content\/uploads\/2019\/06\/SaisonCulturelleRousset-NoonGraphicDesign-22-768x559.jpg 768w, https:\/\/noongraphicdesign.com\/wp-content\/uploads\/2019\/06\/SaisonCulturelleRousset-NoonGraphicDesign-22-1024x745.jpg 1024w\" sizes=\"(max-width: 3333px) 100vw, 3333px\" \/>                                <\/a>\r\n                            <\/div>\r\n                                                        \r\n                                                        <div class=\"col-md-3                             port-item ev-nementiel post-1691 portfolio type-portfolio status-publish has-post-thumbnail hentry portfolio_category-evenementiel \" id=\"post-1691\">\r\n                                <a class=\"port-box\" \r\n                                href=\"https:\/\/noongraphicdesign.com\/index.php\/portfolio\/semaine-verte\/\" >\r\n                                    <div class=\"port-hover\">\r\n                                        <div class=\"port-inner\">\r\n                                            <h3>Semaine Verte<\/h3>\r\n                                             \r\n                                            <p>Ev\u00e9nementiel<\/p>\r\n                                        <\/div>\r\n                                        <i class=\"fa fa-heart\"><\/i>\r\n                                    <\/div><!--\/.port-hover-->\r\n                                    <img loading=\"lazy\" decoding=\"async\" width=\"800\" height=\"582\" src=\"https:\/\/noongraphicdesign.com\/wp-content\/uploads\/2019\/06\/SemaineVerte2019-Pelissanne-NoonGraphicDesign.jpg\" class=\"attachment-post-thumbnail size-post-thumbnail wp-post-image\" alt=\"\" srcset=\"https:\/\/noongraphicdesign.com\/wp-content\/uploads\/2019\/06\/SemaineVerte2019-Pelissanne-NoonGraphicDesign.jpg 800w, https:\/\/noongraphicdesign.com\/wp-content\/uploads\/2019\/06\/SemaineVerte2019-Pelissanne-NoonGraphicDesign-300x218.jpg 300w, https:\/\/noongraphicdesign.com\/wp-content\/uploads\/2019\/06\/SemaineVerte2019-Pelissanne-NoonGraphicDesign-768x559.jpg 768w\" sizes=\"(max-width: 800px) 100vw, 800px\" \/>                                <\/a>\r\n                            <\/div>\r\n                                                        \r\n                                                        <div class=\"col-md-3                             port-item ev-nementiel post-1683 portfolio type-portfolio status-publish has-post-thumbnail hentry portfolio_category-evenementiel \" id=\"post-1683\">\r\n                                <a class=\"port-box\" \r\n                                href=\"https:\/\/noongraphicdesign.com\/index.php\/portfolio\/ap2e\/\" >\r\n                                    <div class=\"port-hover\">\r\n                                        <div class=\"port-inner\">\r\n                                            <h3>AP2E<\/h3>\r\n                                             \r\n                                            <p>Ev\u00e9nementiel<\/p>\r\n                                        <\/div>\r\n                                        <i class=\"fa fa-eye\"><\/i>\r\n                                    <\/div><!--\/.port-hover-->\r\n                                    <img loading=\"lazy\" decoding=\"async\" width=\"800\" height=\"582\" src=\"https:\/\/noongraphicdesign.com\/wp-content\/uploads\/2019\/04\/AP2E-Roll-Up-Salon-NoonGraphicDesign.jpg\" class=\"attachment-post-thumbnail size-post-thumbnail wp-post-image\" alt=\"AP2E Roll-Up Salon by Noon Graphic Design\" srcset=\"https:\/\/noongraphicdesign.com\/wp-content\/uploads\/2019\/04\/AP2E-Roll-Up-Salon-NoonGraphicDesign.jpg 800w, https:\/\/noongraphicdesign.com\/wp-content\/uploads\/2019\/04\/AP2E-Roll-Up-Salon-NoonGraphicDesign-300x218.jpg 300w, https:\/\/noongraphicdesign.com\/wp-content\/uploads\/2019\/04\/AP2E-Roll-Up-Salon-NoonGraphicDesign-768x559.jpg 768w\" sizes=\"(max-width: 800px) 100vw, 800px\" \/>                                <\/a>\r\n                            <\/div>\r\n                                                        \r\n                                                        <div class=\"col-md-3                             port-item sport-bien-tre post-1676 portfolio type-portfolio status-publish has-post-thumbnail hentry portfolio_category-sport \" id=\"post-1676\">\r\n                                <a class=\"port-box\" \r\n                                href=\"https:\/\/noongraphicdesign.com\/index.php\/portfolio\/shiatshu-florence-dolorian\/\" >\r\n                                    <div class=\"port-hover\">\r\n                                        <div class=\"port-inner\">\r\n                                            <h3>Shiatshu \/ Florence Dolorian<\/h3>\r\n                                             \r\n                                            <p>Sport\/Bien-\u00eatre<\/p>\r\n                                        <\/div>\r\n                                        <i class=\"fa fa-heart\"><\/i>\r\n                                    <\/div><!--\/.port-hover-->\r\n                                    <img loading=\"lazy\" decoding=\"async\" width=\"800\" height=\"582\" src=\"https:\/\/noongraphicdesign.com\/wp-content\/uploads\/2019\/01\/Shiatsu-NoonGraphicDesign.jpg\" class=\"attachment-post-thumbnail size-post-thumbnail wp-post-image\" alt=\"Shiatsu by Noon Graphic Design\" srcset=\"https:\/\/noongraphicdesign.com\/wp-content\/uploads\/2019\/01\/Shiatsu-NoonGraphicDesign.jpg 800w, https:\/\/noongraphicdesign.com\/wp-content\/uploads\/2019\/01\/Shiatsu-NoonGraphicDesign-300x218.jpg 300w, https:\/\/noongraphicdesign.com\/wp-content\/uploads\/2019\/01\/Shiatsu-NoonGraphicDesign-768x559.jpg 768w\" sizes=\"(max-width: 800px) 100vw, 800px\" \/>                                <\/a>\r\n                            <\/div>\r\n                                                        \r\n                                                        <div class=\"col-md-3                             port-item sport-bien-tre post-1672 portfolio type-portfolio status-publish has-post-thumbnail hentry portfolio_category-sport \" id=\"post-1672\">\r\n                                <a class=\"port-box\" \r\n                                href=\"https:\/\/noongraphicdesign.com\/index.php\/portfolio\/vo-vietnam\/\" >\r\n                                    <div class=\"port-hover\">\r\n                                        <div class=\"port-inner\">\r\n                                            <h3>Vo Vietnam<\/h3>\r\n                                             \r\n                                            <p>Sport\/Bien-\u00eatre<\/p>\r\n                                        <\/div>\r\n                                        <i class=\"fa fa-heart\"><\/i>\r\n                                    <\/div><!--\/.port-hover-->\r\n                                    <img loading=\"lazy\" decoding=\"async\" width=\"800\" height=\"582\" src=\"https:\/\/noongraphicdesign.com\/wp-content\/uploads\/2019\/01\/VoVietnam-NoonGraphicDesign.jpg\" class=\"attachment-post-thumbnail size-post-thumbnail wp-post-image\" alt=\"Vo Vietnam by Noon Graphic Design\" srcset=\"https:\/\/noongraphicdesign.com\/wp-content\/uploads\/2019\/01\/VoVietnam-NoonGraphicDesign.jpg 800w, https:\/\/noongraphicdesign.com\/wp-content\/uploads\/2019\/01\/VoVietnam-NoonGraphicDesign-300x218.jpg 300w, https:\/\/noongraphicdesign.com\/wp-content\/uploads\/2019\/01\/VoVietnam-NoonGraphicDesign-768x559.jpg 768w\" sizes=\"(max-width: 800px) 100vw, 800px\" \/>                                <\/a>\r\n                            <\/div>\r\n                                                        \r\n                                                        <div class=\"col-md-3                             port-item sport-bien-tre post-1662 portfolio type-portfolio status-publish has-post-thumbnail hentry portfolio_category-sport \" id=\"post-1662\">\r\n                                <a class=\"port-box\" \r\n                                href=\"https:\/\/noongraphicdesign.com\/index.php\/portfolio\/1662\/\" >\r\n                                    <div class=\"port-hover\">\r\n                                        <div class=\"port-inner\">\r\n                                            <h3>Provence Rugby<\/h3>\r\n                                             \r\n                                            <p>Sport\/Bien-\u00eatre<\/p>\r\n                                        <\/div>\r\n                                        <i class=\"fa fa-star\"><\/i>\r\n                                    <\/div><!--\/.port-hover-->\r\n                                    <img loading=\"lazy\" decoding=\"async\" width=\"800\" height=\"582\" src=\"https:\/\/noongraphicdesign.com\/wp-content\/uploads\/2019\/01\/AbonnementRugby-NoonGraphicDesign.jpg\" class=\"attachment-post-thumbnail size-post-thumbnail wp-post-image\" alt=\"Abonnement Rugby by Noon Graphic Design\" srcset=\"https:\/\/noongraphicdesign.com\/wp-content\/uploads\/2019\/01\/AbonnementRugby-NoonGraphicDesign.jpg 800w, https:\/\/noongraphicdesign.com\/wp-content\/uploads\/2019\/01\/AbonnementRugby-NoonGraphicDesign-300x218.jpg 300w, https:\/\/noongraphicdesign.com\/wp-content\/uploads\/2019\/01\/AbonnementRugby-NoonGraphicDesign-768x559.jpg 768w\" sizes=\"(max-width: 800px) 100vw, 800px\" \/>                                <\/a>\r\n                            <\/div>\r\n                                                        \r\n                                                        <div class=\"col-md-3                             port-item ev-nementiel post-1653 portfolio type-portfolio status-publish has-post-thumbnail hentry portfolio_category-evenementiel \" id=\"post-1653\">\r\n                                <a class=\"port-box\" \r\n                                href=\"https:\/\/noongraphicdesign.com\/index.php\/portfolio\/centenaire-14-18-2\/\" >\r\n                                    <div class=\"port-hover\">\r\n                                        <div class=\"port-inner\">\r\n                                            <h3>Centenaire 14\/18<\/h3>\r\n                                             \r\n                                            <p>Ev\u00e9nementiel<\/p>\r\n                                        <\/div>\r\n                                        <i class=\"fa fa-eye\"><\/i>\r\n                                    <\/div><!--\/.port-hover-->\r\n                                    <img loading=\"lazy\" decoding=\"async\" width=\"800\" height=\"582\" src=\"https:\/\/noongraphicdesign.com\/wp-content\/uploads\/2019\/01\/Centenaire14-18-Pelissanne-NoonGraphicDesign.jpg\" class=\"attachment-post-thumbnail size-post-thumbnail wp-post-image\" alt=\"Centenaire 14-18 \u00e0 P\u00e9lissanne by Noon Graphic Design\" srcset=\"https:\/\/noongraphicdesign.com\/wp-content\/uploads\/2019\/01\/Centenaire14-18-Pelissanne-NoonGraphicDesign.jpg 800w, https:\/\/noongraphicdesign.com\/wp-content\/uploads\/2019\/01\/Centenaire14-18-Pelissanne-NoonGraphicDesign-300x218.jpg 300w, https:\/\/noongraphicdesign.com\/wp-content\/uploads\/2019\/01\/Centenaire14-18-Pelissanne-NoonGraphicDesign-768x559.jpg 768w\" sizes=\"(max-width: 800px) 100vw, 800px\" \/>                                <\/a>\r\n                            <\/div>\r\n                                                        \r\n                                                        <div class=\"col-md-3                             port-item ev-nementiel post-1648 portfolio type-portfolio status-publish has-post-thumbnail hentry portfolio_category-evenementiel \" id=\"post-1648\">\r\n                                <a class=\"port-box\" \r\n                                href=\"https:\/\/noongraphicdesign.com\/index.php\/portfolio\/centenaire-14-18\/\" >\r\n                                    <div class=\"port-hover\">\r\n                                        <div class=\"port-inner\">\r\n                                            <h3>Centenaire 14\/18<\/h3>\r\n                                             \r\n                                            <p>Ev\u00e9nementiel<\/p>\r\n                                        <\/div>\r\n                                        <i class=\"fa fa-heart\"><\/i>\r\n                                    <\/div><!--\/.port-hover-->\r\n                                    <img loading=\"lazy\" decoding=\"async\" width=\"800\" height=\"582\" src=\"https:\/\/noongraphicdesign.com\/wp-content\/uploads\/2019\/01\/Commemoration14-18-Rousset-NoonGraphicDesign.jpg\" class=\"attachment-post-thumbnail size-post-thumbnail wp-post-image\" alt=\"Comm\u00e9moration Centenaire 14\/18 \u00e0 Rousset by Noon Graphic Design\" srcset=\"https:\/\/noongraphicdesign.com\/wp-content\/uploads\/2019\/01\/Commemoration14-18-Rousset-NoonGraphicDesign.jpg 800w, https:\/\/noongraphicdesign.com\/wp-content\/uploads\/2019\/01\/Commemoration14-18-Rousset-NoonGraphicDesign-300x218.jpg 300w, https:\/\/noongraphicdesign.com\/wp-content\/uploads\/2019\/01\/Commemoration14-18-Rousset-NoonGraphicDesign-768x559.jpg 768w\" sizes=\"(max-width: 800px) 100vw, 800px\" \/>                                <\/a>\r\n                            <\/div>\r\n                                                        \r\n                                                        <div class=\"col-md-3                             port-item ev-nementiel post-1644 portfolio type-portfolio status-publish has-post-thumbnail hentry portfolio_category-evenementiel \" id=\"post-1644\">\r\n                                <a class=\"port-box\" \r\n                                href=\"https:\/\/noongraphicdesign.com\/index.php\/portfolio\/marche-de-noel-2\/\" >\r\n                                    <div class=\"port-hover\">\r\n                                        <div class=\"port-inner\">\r\n                                            <h3>March\u00e9 de No\u00ebl<\/h3>\r\n                                             \r\n                                            <p>Ev\u00e9nementiel<\/p>\r\n                                        <\/div>\r\n                                        <i class=\"fa fa-eye\"><\/i>\r\n                                    <\/div><!--\/.port-hover-->\r\n                                    <img loading=\"lazy\" decoding=\"async\" width=\"800\" height=\"582\" src=\"https:\/\/noongraphicdesign.com\/wp-content\/uploads\/2019\/01\/MarcheNoel2018-Pelissanne-NoonGraphicDesign.jpg\" class=\"attachment-post-thumbnail size-post-thumbnail wp-post-image\" alt=\"March\u00e9 de Noel 2018 \u00e0 P\u00e9lissanne by Noon Graphic Design\" srcset=\"https:\/\/noongraphicdesign.com\/wp-content\/uploads\/2019\/01\/MarcheNoel2018-Pelissanne-NoonGraphicDesign.jpg 800w, https:\/\/noongraphicdesign.com\/wp-content\/uploads\/2019\/01\/MarcheNoel2018-Pelissanne-NoonGraphicDesign-300x218.jpg 300w, https:\/\/noongraphicdesign.com\/wp-content\/uploads\/2019\/01\/MarcheNoel2018-Pelissanne-NoonGraphicDesign-768x559.jpg 768w\" sizes=\"(max-width: 800px) 100vw, 800px\" \/>                                <\/a>\r\n                            <\/div>\r\n                                                        \r\n                                                        <div class=\"col-md-3                             port-item ev-nementiel post-1640 portfolio type-portfolio status-publish has-post-thumbnail hentry portfolio_category-evenementiel \" id=\"post-1640\">\r\n                                <a class=\"port-box\" \r\n                                href=\"https:\/\/noongraphicdesign.com\/index.php\/portfolio\/repas-republicain-centenaire-14-18\/\" >\r\n                                    <div class=\"port-hover\">\r\n                                        <div class=\"port-inner\">\r\n                                            <h3>Repas R\u00e9publicain &#8211; Centenaire 14-18<\/h3>\r\n                                             \r\n                                            <p>Ev\u00e9nementiel<\/p>\r\n                                        <\/div>\r\n                                        <i class=\"fa fa-star\"><\/i>\r\n                                    <\/div><!--\/.port-hover-->\r\n                                    <img loading=\"lazy\" decoding=\"async\" width=\"800\" height=\"582\" src=\"https:\/\/noongraphicdesign.com\/wp-content\/uploads\/2019\/01\/RepasRepublicain-Pelissanne-Centenaire14-18-NoonGraphicDesign6.jpg\" class=\"attachment-post-thumbnail size-post-thumbnail wp-post-image\" alt=\"Repas Republicain \u00e0 P\u00e9lissanne by Noon Graphic Design\" srcset=\"https:\/\/noongraphicdesign.com\/wp-content\/uploads\/2019\/01\/RepasRepublicain-Pelissanne-Centenaire14-18-NoonGraphicDesign6.jpg 800w, https:\/\/noongraphicdesign.com\/wp-content\/uploads\/2019\/01\/RepasRepublicain-Pelissanne-Centenaire14-18-NoonGraphicDesign6-300x218.jpg 300w, https:\/\/noongraphicdesign.com\/wp-content\/uploads\/2019\/01\/RepasRepublicain-Pelissanne-Centenaire14-18-NoonGraphicDesign6-768x559.jpg 768w\" sizes=\"(max-width: 800px) 100vw, 800px\" \/>                                <\/a>\r\n                            <\/div>\r\n                                                        \r\n                                                        <div class=\"col-md-3                             port-item com-publique post-1632 portfolio type-portfolio status-publish has-post-thumbnail hentry portfolio_category-compublique \" id=\"post-1632\">\r\n                                <a class=\"port-box\" \r\n                                href=\"https:\/\/noongraphicdesign.com\/index.php\/portfolio\/campagne-incivilites\/\" >\r\n                                    <div class=\"port-hover\">\r\n                                        <div class=\"port-inner\">\r\n                                            <h3>Campagne Incivilit\u00e9s<\/h3>\r\n                                             \r\n                                            <p>Com'Publique<\/p>\r\n                                        <\/div>\r\n                                        <i class=\"fa \"><\/i>\r\n                                    <\/div><!--\/.port-hover-->\r\n                                    <img loading=\"lazy\" decoding=\"async\" width=\"3333\" height=\"2425\" src=\"https:\/\/noongraphicdesign.com\/wp-content\/uploads\/2019\/01\/IncivilitesAixEnProvence-NoonGraphicDesign-2.jpg\" class=\"attachment-post-thumbnail size-post-thumbnail wp-post-image\" alt=\"\" srcset=\"https:\/\/noongraphicdesign.com\/wp-content\/uploads\/2019\/01\/IncivilitesAixEnProvence-NoonGraphicDesign-2.jpg 3333w, https:\/\/noongraphicdesign.com\/wp-content\/uploads\/2019\/01\/IncivilitesAixEnProvence-NoonGraphicDesign-2-300x218.jpg 300w, https:\/\/noongraphicdesign.com\/wp-content\/uploads\/2019\/01\/IncivilitesAixEnProvence-NoonGraphicDesign-2-768x559.jpg 768w, https:\/\/noongraphicdesign.com\/wp-content\/uploads\/2019\/01\/IncivilitesAixEnProvence-NoonGraphicDesign-2-1024x745.jpg 1024w\" sizes=\"(max-width: 3333px) 100vw, 3333px\" \/>                                <\/a>\r\n                            <\/div>\r\n                                                        \r\n                                                        <div class=\"col-md-3                             port-item com-publique post-1626 portfolio type-portfolio status-publish has-post-thumbnail hentry portfolio_category-compublique \" id=\"post-1626\">\r\n                                <a class=\"port-box\" \r\n                                href=\"https:\/\/noongraphicdesign.com\/index.php\/portfolio\/voeux-2019\/\" >\r\n                                    <div class=\"port-hover\">\r\n                                        <div class=\"port-inner\">\r\n                                            <h3>Voeux 2019<\/h3>\r\n                                             \r\n                                            <p>Com'Publique<\/p>\r\n                                        <\/div>\r\n                                        <i class=\"fa \"><\/i>\r\n                                    <\/div><!--\/.port-hover-->\r\n                                    <img loading=\"lazy\" decoding=\"async\" width=\"3333\" height=\"2425\" src=\"https:\/\/noongraphicdesign.com\/wp-content\/uploads\/2019\/01\/Voeux2019Pelissanne-NoonGraphicDesign-2.jpg\" class=\"attachment-post-thumbnail size-post-thumbnail wp-post-image\" alt=\"\" srcset=\"https:\/\/noongraphicdesign.com\/wp-content\/uploads\/2019\/01\/Voeux2019Pelissanne-NoonGraphicDesign-2.jpg 3333w, https:\/\/noongraphicdesign.com\/wp-content\/uploads\/2019\/01\/Voeux2019Pelissanne-NoonGraphicDesign-2-300x218.jpg 300w, https:\/\/noongraphicdesign.com\/wp-content\/uploads\/2019\/01\/Voeux2019Pelissanne-NoonGraphicDesign-2-768x559.jpg 768w, https:\/\/noongraphicdesign.com\/wp-content\/uploads\/2019\/01\/Voeux2019Pelissanne-NoonGraphicDesign-2-1024x745.jpg 1024w\" sizes=\"(max-width: 3333px) 100vw, 3333px\" \/>                                <\/a>\r\n                            <\/div>\r\n                                                        \r\n                                                        <div class=\"col-md-3                             port-item identit-visuelle post-1614 portfolio type-portfolio status-publish has-post-thumbnail hentry portfolio_category-identite-visuelle \" id=\"post-1614\">\r\n                                <a class=\"port-box\" \r\n                                href=\"https:\/\/noongraphicdesign.com\/index.php\/portfolio\/le-moulin-de-varrians\/\" >\r\n                                    <div class=\"port-hover\">\r\n                                        <div class=\"port-inner\">\r\n                                            <h3>Le Moulin de Varrians<\/h3>\r\n                                             \r\n                                            <p>Identit\u00e9 visuelle<\/p>\r\n                                        <\/div>\r\n                                        <i class=\"fa fa-star\"><\/i>\r\n                                    <\/div><!--\/.port-hover-->\r\n                                    <img loading=\"lazy\" decoding=\"async\" width=\"1067\" height=\"776\" src=\"https:\/\/noongraphicdesign.com\/wp-content\/uploads\/2018\/08\/MoulinDeVarrians-NoonGraphicDesign.jpg\" class=\"attachment-post-thumbnail size-post-thumbnail wp-post-image\" alt=\"Moulin De Varrians by Noon Graphic Design\" srcset=\"https:\/\/noongraphicdesign.com\/wp-content\/uploads\/2018\/08\/MoulinDeVarrians-NoonGraphicDesign.jpg 1067w, https:\/\/noongraphicdesign.com\/wp-content\/uploads\/2018\/08\/MoulinDeVarrians-NoonGraphicDesign-300x218.jpg 300w, https:\/\/noongraphicdesign.com\/wp-content\/uploads\/2018\/08\/MoulinDeVarrians-NoonGraphicDesign-768x559.jpg 768w, https:\/\/noongraphicdesign.com\/wp-content\/uploads\/2018\/08\/MoulinDeVarrians-NoonGraphicDesign-1024x745.jpg 1024w\" sizes=\"(max-width: 1067px) 100vw, 1067px\" \/>                                <\/a>\r\n                            <\/div>\r\n                                                        \r\n                                                        <div class=\"col-md-3                             port-item identit-visuelle post-1606 portfolio type-portfolio status-publish has-post-thumbnail hentry portfolio_category-identite-visuelle \" id=\"post-1606\">\r\n                                <a class=\"port-box\" \r\n                                href=\"https:\/\/noongraphicdesign.com\/index.php\/portfolio\/authentic-escape-2\/\" >\r\n                                    <div class=\"port-hover\">\r\n                                        <div class=\"port-inner\">\r\n                                            <h3>Authentic Escape<\/h3>\r\n                                             \r\n                                            <p>Identit\u00e9 visuelle<\/p>\r\n                                        <\/div>\r\n                                        <i class=\"fa fa-star\"><\/i>\r\n                                    <\/div><!--\/.port-hover-->\r\n                                    <img loading=\"lazy\" decoding=\"async\" width=\"1067\" height=\"776\" src=\"https:\/\/noongraphicdesign.com\/wp-content\/uploads\/2018\/08\/AuthenticEscape-Logo-NoonGraphicDesign.jpg\" class=\"attachment-post-thumbnail size-post-thumbnail wp-post-image\" alt=\"Authentic Escape by Noon Graphic Design\" srcset=\"https:\/\/noongraphicdesign.com\/wp-content\/uploads\/2018\/08\/AuthenticEscape-Logo-NoonGraphicDesign.jpg 1067w, https:\/\/noongraphicdesign.com\/wp-content\/uploads\/2018\/08\/AuthenticEscape-Logo-NoonGraphicDesign-300x218.jpg 300w, https:\/\/noongraphicdesign.com\/wp-content\/uploads\/2018\/08\/AuthenticEscape-Logo-NoonGraphicDesign-768x559.jpg 768w, https:\/\/noongraphicdesign.com\/wp-content\/uploads\/2018\/08\/AuthenticEscape-Logo-NoonGraphicDesign-1024x745.jpg 1024w\" sizes=\"(max-width: 1067px) 100vw, 1067px\" \/>                                <\/a>\r\n                            <\/div>\r\n                                                        \r\n                                                        <div class=\"col-md-3                             port-item com-publique edition post-1600 portfolio type-portfolio status-publish has-post-thumbnail hentry portfolio_category-compublique portfolio_category-edition \" id=\"post-1600\">\r\n                                <a class=\"port-box\" \r\n                                href=\"https:\/\/noongraphicdesign.com\/index.php\/portfolio\/plaquette-des-services-2\/\" >\r\n                                    <div class=\"port-hover\">\r\n                                        <div class=\"port-inner\">\r\n                                            <h3>Plaquette des services<\/h3>\r\n                                             \r\n                                            <p>Com'Publique<\/p>\r\n                                        <\/div>\r\n                                        <i class=\"fa \"><\/i>\r\n                                    <\/div><!--\/.port-hover-->\r\n                                    <img loading=\"lazy\" decoding=\"async\" width=\"3333\" height=\"2425\" src=\"https:\/\/noongraphicdesign.com\/wp-content\/uploads\/2018\/08\/ServicesMunicipauxPelissanne-NoonGraphicDesign-2.jpg\" class=\"attachment-post-thumbnail size-post-thumbnail wp-post-image\" alt=\"\" srcset=\"https:\/\/noongraphicdesign.com\/wp-content\/uploads\/2018\/08\/ServicesMunicipauxPelissanne-NoonGraphicDesign-2.jpg 3333w, https:\/\/noongraphicdesign.com\/wp-content\/uploads\/2018\/08\/ServicesMunicipauxPelissanne-NoonGraphicDesign-2-300x218.jpg 300w, https:\/\/noongraphicdesign.com\/wp-content\/uploads\/2018\/08\/ServicesMunicipauxPelissanne-NoonGraphicDesign-2-768x559.jpg 768w, https:\/\/noongraphicdesign.com\/wp-content\/uploads\/2018\/08\/ServicesMunicipauxPelissanne-NoonGraphicDesign-2-1024x745.jpg 1024w\" sizes=\"(max-width: 3333px) 100vw, 3333px\" \/>                                <\/a>\r\n                            <\/div>\r\n                                                        \r\n                                                        <div class=\"col-md-3                             port-item culture post-1593 portfolio type-portfolio status-publish has-post-thumbnail hentry portfolio_category-culture \" id=\"post-1593\">\r\n                                <a class=\"port-box\" \r\n                                href=\"https:\/\/noongraphicdesign.com\/index.php\/portfolio\/musee-granet-2\/\" >\r\n                                    <div class=\"port-hover\">\r\n                                        <div class=\"port-inner\">\r\n                                            <h3>Picasso-Picabia<\/h3>\r\n                                             \r\n                                            <p>Culture<\/p>\r\n                                        <\/div>\r\n                                        <i class=\"fa \"><\/i>\r\n                                    <\/div><!--\/.port-hover-->\r\n                                    <img loading=\"lazy\" decoding=\"async\" width=\"3333\" height=\"2425\" src=\"https:\/\/noongraphicdesign.com\/wp-content\/uploads\/2018\/08\/Picasso-Picabia-MuseeGranetAixEnProvence-NoonGraphicDesign-2.jpg\" class=\"attachment-post-thumbnail size-post-thumbnail wp-post-image\" alt=\"\" srcset=\"https:\/\/noongraphicdesign.com\/wp-content\/uploads\/2018\/08\/Picasso-Picabia-MuseeGranetAixEnProvence-NoonGraphicDesign-2.jpg 3333w, https:\/\/noongraphicdesign.com\/wp-content\/uploads\/2018\/08\/Picasso-Picabia-MuseeGranetAixEnProvence-NoonGraphicDesign-2-300x218.jpg 300w, https:\/\/noongraphicdesign.com\/wp-content\/uploads\/2018\/08\/Picasso-Picabia-MuseeGranetAixEnProvence-NoonGraphicDesign-2-768x559.jpg 768w, https:\/\/noongraphicdesign.com\/wp-content\/uploads\/2018\/08\/Picasso-Picabia-MuseeGranetAixEnProvence-NoonGraphicDesign-2-1024x745.jpg 1024w\" sizes=\"(max-width: 3333px) 100vw, 3333px\" \/>                                <\/a>\r\n                            <\/div>\r\n                                                        \r\n                                                        <div class=\"col-md-3                             port-item com-publique identit-visuelle post-1583 portfolio type-portfolio status-publish has-post-thumbnail hentry portfolio_category-compublique portfolio_category-identite-visuelle \" id=\"post-1583\">\r\n                                <a class=\"port-box\" \r\n                                href=\"https:\/\/noongraphicdesign.com\/index.php\/portfolio\/voeux-2018\/\" >\r\n                                    <div class=\"port-hover\">\r\n                                        <div class=\"port-inner\">\r\n                                            <h3>V\u0153ux 2018<\/h3>\r\n                                             \r\n                                            <p>Com'Publique<\/p>\r\n                                        <\/div>\r\n                                        <i class=\"fa \"><\/i>\r\n                                    <\/div><!--\/.port-hover-->\r\n                                    <img loading=\"lazy\" decoding=\"async\" width=\"3333\" height=\"2425\" src=\"https:\/\/noongraphicdesign.com\/wp-content\/uploads\/2018\/08\/Voeux2018Pelissanne-NoonGraphicDesign-2.jpg\" class=\"attachment-post-thumbnail size-post-thumbnail wp-post-image\" alt=\"\" srcset=\"https:\/\/noongraphicdesign.com\/wp-content\/uploads\/2018\/08\/Voeux2018Pelissanne-NoonGraphicDesign-2.jpg 3333w, https:\/\/noongraphicdesign.com\/wp-content\/uploads\/2018\/08\/Voeux2018Pelissanne-NoonGraphicDesign-2-300x218.jpg 300w, https:\/\/noongraphicdesign.com\/wp-content\/uploads\/2018\/08\/Voeux2018Pelissanne-NoonGraphicDesign-2-768x559.jpg 768w, https:\/\/noongraphicdesign.com\/wp-content\/uploads\/2018\/08\/Voeux2018Pelissanne-NoonGraphicDesign-2-1024x745.jpg 1024w\" sizes=\"(max-width: 3333px) 100vw, 3333px\" \/>                                <\/a>\r\n                            <\/div>\r\n                                                        \r\n                                                        <div class=\"col-md-3                             port-item sport-bien-tre post-1576 portfolio type-portfolio status-publish has-post-thumbnail hentry portfolio_category-sport \" id=\"post-1576\">\r\n                                <a class=\"port-box\" \r\n                                href=\"https:\/\/noongraphicdesign.com\/index.php\/portfolio\/le-parc\/\" >\r\n                                    <div class=\"port-hover\">\r\n                                        <div class=\"port-inner\">\r\n                                            <h3>Le PARC<\/h3>\r\n                                             \r\n                                            <p>Sport\/Bien-\u00eatre<\/p>\r\n                                        <\/div>\r\n                                        <i class=\"fa fa-edit\"><\/i>\r\n                                    <\/div><!--\/.port-hover-->\r\n                                    <img loading=\"lazy\" decoding=\"async\" width=\"1067\" height=\"776\" src=\"https:\/\/noongraphicdesign.com\/wp-content\/uploads\/2018\/08\/LePARC-Mag-NoonGraphicDesign.jpg\" class=\"attachment-post-thumbnail size-post-thumbnail wp-post-image\" alt=\"Le PARC by Noon Graphic Design\" srcset=\"https:\/\/noongraphicdesign.com\/wp-content\/uploads\/2018\/08\/LePARC-Mag-NoonGraphicDesign.jpg 1067w, https:\/\/noongraphicdesign.com\/wp-content\/uploads\/2018\/08\/LePARC-Mag-NoonGraphicDesign-300x218.jpg 300w, https:\/\/noongraphicdesign.com\/wp-content\/uploads\/2018\/08\/LePARC-Mag-NoonGraphicDesign-768x559.jpg 768w, https:\/\/noongraphicdesign.com\/wp-content\/uploads\/2018\/08\/LePARC-Mag-NoonGraphicDesign-1024x745.jpg 1024w\" sizes=\"(max-width: 1067px) 100vw, 1067px\" \/>                                <\/a>\r\n                            <\/div>\r\n                                                        \r\n                                                        <div class=\"col-md-3                             port-item edition post-1571 portfolio type-portfolio status-publish has-post-thumbnail hentry portfolio_category-edition \" id=\"post-1571\">\r\n                                <a class=\"port-box\" \r\n                                href=\"https:\/\/noongraphicdesign.com\/index.php\/portfolio\/cinemas-aixois\/\" >\r\n                                    <div class=\"port-hover\">\r\n                                        <div class=\"port-inner\">\r\n                                            <h3>Cin\u00e9mas aixois<\/h3>\r\n                                             \r\n                                            <p>Edition<\/p>\r\n                                        <\/div>\r\n                                        <i class=\"fa fa-edit\"><\/i>\r\n                                    <\/div><!--\/.port-hover-->\r\n                                    <img loading=\"lazy\" decoding=\"async\" width=\"1067\" height=\"776\" src=\"https:\/\/noongraphicdesign.com\/wp-content\/uploads\/2018\/08\/CinemasAixois-NoonGraphicDesign.jpg\" class=\"attachment-post-thumbnail size-post-thumbnail wp-post-image\" alt=\"Cinemas Aixois by Noon Graphic Design\" srcset=\"https:\/\/noongraphicdesign.com\/wp-content\/uploads\/2018\/08\/CinemasAixois-NoonGraphicDesign.jpg 1067w, https:\/\/noongraphicdesign.com\/wp-content\/uploads\/2018\/08\/CinemasAixois-NoonGraphicDesign-300x218.jpg 300w, https:\/\/noongraphicdesign.com\/wp-content\/uploads\/2018\/08\/CinemasAixois-NoonGraphicDesign-768x559.jpg 768w, https:\/\/noongraphicdesign.com\/wp-content\/uploads\/2018\/08\/CinemasAixois-NoonGraphicDesign-1024x745.jpg 1024w\" sizes=\"(max-width: 1067px) 100vw, 1067px\" \/>                                <\/a>\r\n                            <\/div>\r\n                                                        \r\n                                                        <div class=\"col-md-3                             port-item edition post-1566 portfolio type-portfolio status-publish has-post-thumbnail hentry portfolio_category-edition \" id=\"post-1566\">\r\n                                <a class=\"port-box\" \r\n                                href=\"https:\/\/noongraphicdesign.com\/index.php\/portfolio\/cfd\/\" >\r\n                                    <div class=\"port-hover\">\r\n                                        <div class=\"port-inner\">\r\n                                            <h3>CFD<\/h3>\r\n                                             \r\n                                            <p>Edition<\/p>\r\n                                        <\/div>\r\n                                        <i class=\"fa fa-file\"><\/i>\r\n                                    <\/div><!--\/.port-hover-->\r\n                                    <img loading=\"lazy\" decoding=\"async\" width=\"1067\" height=\"776\" src=\"https:\/\/noongraphicdesign.com\/wp-content\/uploads\/2018\/08\/CFD-NoonGraphicDesign.jpg\" class=\"attachment-post-thumbnail size-post-thumbnail wp-post-image\" alt=\"CFD by Noon Graphic Design\" srcset=\"https:\/\/noongraphicdesign.com\/wp-content\/uploads\/2018\/08\/CFD-NoonGraphicDesign.jpg 1067w, https:\/\/noongraphicdesign.com\/wp-content\/uploads\/2018\/08\/CFD-NoonGraphicDesign-300x218.jpg 300w, https:\/\/noongraphicdesign.com\/wp-content\/uploads\/2018\/08\/CFD-NoonGraphicDesign-768x559.jpg 768w, https:\/\/noongraphicdesign.com\/wp-content\/uploads\/2018\/08\/CFD-NoonGraphicDesign-1024x745.jpg 1024w\" sizes=\"(max-width: 1067px) 100vw, 1067px\" \/>                                <\/a>\r\n                            <\/div>\r\n                                                        \r\n                                                        <div class=\"col-md-3                             port-item com-publique edition post-1561 portfolio type-portfolio status-publish has-post-thumbnail hentry portfolio_category-compublique portfolio_category-edition \" id=\"post-1561\">\r\n                                <a class=\"port-box\" \r\n                                href=\"https:\/\/noongraphicdesign.com\/index.php\/portfolio\/lettre-du-maire\/\" >\r\n                                    <div class=\"port-hover\">\r\n                                        <div class=\"port-inner\">\r\n                                            <h3>Lettre du Maire<\/h3>\r\n                                             \r\n                                            <p>Com'Publique<\/p>\r\n                                        <\/div>\r\n                                        <i class=\"fa \"><\/i>\r\n                                    <\/div><!--\/.port-hover-->\r\n                                    <img loading=\"lazy\" decoding=\"async\" width=\"3333\" height=\"2425\" src=\"https:\/\/noongraphicdesign.com\/wp-content\/uploads\/2018\/08\/LettreDuMairePelissanne-NoonGraphicDesign-2.jpg\" class=\"attachment-post-thumbnail size-post-thumbnail wp-post-image\" alt=\"\" srcset=\"https:\/\/noongraphicdesign.com\/wp-content\/uploads\/2018\/08\/LettreDuMairePelissanne-NoonGraphicDesign-2.jpg 3333w, https:\/\/noongraphicdesign.com\/wp-content\/uploads\/2018\/08\/LettreDuMairePelissanne-NoonGraphicDesign-2-300x218.jpg 300w, https:\/\/noongraphicdesign.com\/wp-content\/uploads\/2018\/08\/LettreDuMairePelissanne-NoonGraphicDesign-2-768x559.jpg 768w, https:\/\/noongraphicdesign.com\/wp-content\/uploads\/2018\/08\/LettreDuMairePelissanne-NoonGraphicDesign-2-1024x745.jpg 1024w\" sizes=\"(max-width: 3333px) 100vw, 3333px\" \/>                                <\/a>\r\n                            <\/div>\r\n                                                        \r\n                                                        <div class=\"col-md-3                             port-item sport-bien-tre post-1555 portfolio type-portfolio status-publish has-post-thumbnail hentry portfolio_category-sport \" id=\"post-1555\">\r\n                                <a class=\"port-box\" \r\n                                href=\"https:\/\/noongraphicdesign.com\/index.php\/portfolio\/journal-des-sports\/\" >\r\n                                    <div class=\"port-hover\">\r\n                                        <div class=\"port-inner\">\r\n                                            <h3>Journal des Sports<\/h3>\r\n                                             \r\n                                            <p>Sport\/Bien-\u00eatre<\/p>\r\n                                        <\/div>\r\n                                        <i class=\"fa fa-bicycle\"><\/i>\r\n                                    <\/div><!--\/.port-hover-->\r\n                                    <img loading=\"lazy\" decoding=\"async\" width=\"1067\" height=\"776\" src=\"https:\/\/noongraphicdesign.com\/wp-content\/uploads\/2018\/08\/JournalDesSports-NoonGraphicDesign.jpg\" class=\"attachment-post-thumbnail size-post-thumbnail wp-post-image\" alt=\"Journal Des Sports by Noon Graphic Design\" srcset=\"https:\/\/noongraphicdesign.com\/wp-content\/uploads\/2018\/08\/JournalDesSports-NoonGraphicDesign.jpg 1067w, https:\/\/noongraphicdesign.com\/wp-content\/uploads\/2018\/08\/JournalDesSports-NoonGraphicDesign-300x218.jpg 300w, https:\/\/noongraphicdesign.com\/wp-content\/uploads\/2018\/08\/JournalDesSports-NoonGraphicDesign-768x559.jpg 768w, https:\/\/noongraphicdesign.com\/wp-content\/uploads\/2018\/08\/JournalDesSports-NoonGraphicDesign-1024x745.jpg 1024w\" sizes=\"(max-width: 1067px) 100vw, 1067px\" \/>                                <\/a>\r\n                            <\/div>\r\n                                                        \r\n                                                        <div class=\"col-md-3                             port-item identit-visuelle post-1550 portfolio type-portfolio status-publish has-post-thumbnail hentry portfolio_category-identite-visuelle \" id=\"post-1550\">\r\n                                <a class=\"port-box\" \r\n                                href=\"https:\/\/noongraphicdesign.com\/index.php\/portfolio\/nous-les-gourmets\/\" >\r\n                                    <div class=\"port-hover\">\r\n                                        <div class=\"port-inner\">\r\n                                            <h3>Nous les Gourmets<\/h3>\r\n                                             \r\n                                            <p>Identit\u00e9 visuelle<\/p>\r\n                                        <\/div>\r\n                                        <i class=\"fa fa-star\"><\/i>\r\n                                    <\/div><!--\/.port-hover-->\r\n                                    <img loading=\"lazy\" decoding=\"async\" width=\"1067\" height=\"776\" src=\"https:\/\/noongraphicdesign.com\/wp-content\/uploads\/2018\/08\/NousLesGourmets-NoonGraphicDesign.jpg\" class=\"attachment-post-thumbnail size-post-thumbnail wp-post-image\" alt=\"Nous Les Gourmets by Noon Graphic Design\" srcset=\"https:\/\/noongraphicdesign.com\/wp-content\/uploads\/2018\/08\/NousLesGourmets-NoonGraphicDesign.jpg 1067w, https:\/\/noongraphicdesign.com\/wp-content\/uploads\/2018\/08\/NousLesGourmets-NoonGraphicDesign-300x218.jpg 300w, https:\/\/noongraphicdesign.com\/wp-content\/uploads\/2018\/08\/NousLesGourmets-NoonGraphicDesign-768x559.jpg 768w, https:\/\/noongraphicdesign.com\/wp-content\/uploads\/2018\/08\/NousLesGourmets-NoonGraphicDesign-1024x745.jpg 1024w\" sizes=\"(max-width: 1067px) 100vw, 1067px\" \/>                                <\/a>\r\n                            <\/div>\r\n                                                        \r\n                                                        <div class=\"col-md-3                             port-item ev-nementiel post-1546 portfolio type-portfolio status-publish has-post-thumbnail hentry portfolio_category-evenementiel \" id=\"post-1546\">\r\n                                <a class=\"port-box\" \r\n                                href=\"https:\/\/noongraphicdesign.com\/index.php\/portfolio\/bactech-2\/\" >\r\n                                    <div class=\"port-hover\">\r\n                                        <div class=\"port-inner\">\r\n                                            <h3>Bactech<\/h3>\r\n                                             \r\n                                            <p>Ev\u00e9nementiel<\/p>\r\n                                        <\/div>\r\n                                        <i class=\"fa fa-eye\"><\/i>\r\n                                    <\/div><!--\/.port-hover-->\r\n                                    <img loading=\"lazy\" decoding=\"async\" width=\"1067\" height=\"776\" src=\"https:\/\/noongraphicdesign.com\/wp-content\/uploads\/2018\/08\/Bactehc-NoonGraphicDesign.jpg\" class=\"attachment-post-thumbnail size-post-thumbnail wp-post-image\" alt=\"Bactech by Noon Graphic Design\" srcset=\"https:\/\/noongraphicdesign.com\/wp-content\/uploads\/2018\/08\/Bactehc-NoonGraphicDesign.jpg 1067w, https:\/\/noongraphicdesign.com\/wp-content\/uploads\/2018\/08\/Bactehc-NoonGraphicDesign-300x218.jpg 300w, https:\/\/noongraphicdesign.com\/wp-content\/uploads\/2018\/08\/Bactehc-NoonGraphicDesign-768x559.jpg 768w, https:\/\/noongraphicdesign.com\/wp-content\/uploads\/2018\/08\/Bactehc-NoonGraphicDesign-1024x745.jpg 1024w\" sizes=\"(max-width: 1067px) 100vw, 1067px\" \/>                                <\/a>\r\n                            <\/div>\r\n                                                        \r\n                                                        <div class=\"col-md-3                             port-item edition post-1542 portfolio type-portfolio status-publish has-post-thumbnail hentry portfolio_category-edition \" id=\"post-1542\">\r\n                                <a class=\"port-box\" \r\n                                href=\"https:\/\/noongraphicdesign.com\/index.php\/portfolio\/cmt\/\" >\r\n                                    <div class=\"port-hover\">\r\n                                        <div class=\"port-inner\">\r\n                                            <h3>CMT<\/h3>\r\n                                             \r\n                                            <p>Edition<\/p>\r\n                                        <\/div>\r\n                                        <i class=\"fa fa-file\"><\/i>\r\n                                    <\/div><!--\/.port-hover-->\r\n                                    <img loading=\"lazy\" decoding=\"async\" width=\"1067\" height=\"776\" src=\"https:\/\/noongraphicdesign.com\/wp-content\/uploads\/2018\/08\/CMT-NoonGraphicDesign.jpg\" class=\"attachment-post-thumbnail size-post-thumbnail wp-post-image\" alt=\"CMT by Noon Graphic Design\" srcset=\"https:\/\/noongraphicdesign.com\/wp-content\/uploads\/2018\/08\/CMT-NoonGraphicDesign.jpg 1067w, https:\/\/noongraphicdesign.com\/wp-content\/uploads\/2018\/08\/CMT-NoonGraphicDesign-300x218.jpg 300w, https:\/\/noongraphicdesign.com\/wp-content\/uploads\/2018\/08\/CMT-NoonGraphicDesign-768x559.jpg 768w, https:\/\/noongraphicdesign.com\/wp-content\/uploads\/2018\/08\/CMT-NoonGraphicDesign-1024x745.jpg 1024w\" sizes=\"(max-width: 1067px) 100vw, 1067px\" \/>                                <\/a>\r\n                            <\/div>\r\n                                                        \r\n                                                        <div class=\"col-md-3                             port-item com-publique post-1536 portfolio type-portfolio status-publish has-post-thumbnail hentry portfolio_category-compublique \" id=\"post-1536\">\r\n                                <a class=\"port-box\" \r\n                                href=\"https:\/\/noongraphicdesign.com\/index.php\/portfolio\/simianoscope\/\" >\r\n                                    <div class=\"port-hover\">\r\n                                        <div class=\"port-inner\">\r\n                                            <h3>Simian&rsquo;Oscope<\/h3>\r\n                                             \r\n                                            <p>Com'Publique<\/p>\r\n                                        <\/div>\r\n                                        <i class=\"fa \"><\/i>\r\n                                    <\/div><!--\/.port-hover-->\r\n                                    <img loading=\"lazy\" decoding=\"async\" width=\"3333\" height=\"2425\" src=\"https:\/\/noongraphicdesign.com\/wp-content\/uploads\/2018\/08\/SimianOscopeSimianeCollongue-NoonGraphicDesign-2.jpg\" class=\"attachment-post-thumbnail size-post-thumbnail wp-post-image\" alt=\"\" srcset=\"https:\/\/noongraphicdesign.com\/wp-content\/uploads\/2018\/08\/SimianOscopeSimianeCollongue-NoonGraphicDesign-2.jpg 3333w, https:\/\/noongraphicdesign.com\/wp-content\/uploads\/2018\/08\/SimianOscopeSimianeCollongue-NoonGraphicDesign-2-300x218.jpg 300w, https:\/\/noongraphicdesign.com\/wp-content\/uploads\/2018\/08\/SimianOscopeSimianeCollongue-NoonGraphicDesign-2-768x559.jpg 768w, https:\/\/noongraphicdesign.com\/wp-content\/uploads\/2018\/08\/SimianOscopeSimianeCollongue-NoonGraphicDesign-2-1024x745.jpg 1024w\" sizes=\"(max-width: 3333px) 100vw, 3333px\" \/>                                <\/a>\r\n                            <\/div>\r\n                                                        \r\n                                                        <div class=\"col-md-3                             port-item com-publique post-1530 portfolio type-portfolio status-publish has-post-thumbnail hentry portfolio_category-compublique \" id=\"post-1530\">\r\n                                <a class=\"port-box\" \r\n                                href=\"https:\/\/noongraphicdesign.com\/index.php\/portfolio\/journee-de-la-prevention\/\" >\r\n                                    <div class=\"port-hover\">\r\n                                        <div class=\"port-inner\">\r\n                                            <h3>Journ\u00e9e de la pr\u00e9vention<\/h3>\r\n                                             \r\n                                            <p>Com'Publique<\/p>\r\n                                        <\/div>\r\n                                        <i class=\"fa \"><\/i>\r\n                                    <\/div><!--\/.port-hover-->\r\n                                    <img loading=\"lazy\" decoding=\"async\" width=\"3333\" height=\"2425\" src=\"https:\/\/noongraphicdesign.com\/wp-content\/uploads\/2018\/08\/JourneeDeLaPreventionPelissanne-NoonGraphicDesign-2.jpg\" class=\"attachment-post-thumbnail size-post-thumbnail wp-post-image\" alt=\"\" srcset=\"https:\/\/noongraphicdesign.com\/wp-content\/uploads\/2018\/08\/JourneeDeLaPreventionPelissanne-NoonGraphicDesign-2.jpg 3333w, https:\/\/noongraphicdesign.com\/wp-content\/uploads\/2018\/08\/JourneeDeLaPreventionPelissanne-NoonGraphicDesign-2-300x218.jpg 300w, https:\/\/noongraphicdesign.com\/wp-content\/uploads\/2018\/08\/JourneeDeLaPreventionPelissanne-NoonGraphicDesign-2-768x559.jpg 768w, https:\/\/noongraphicdesign.com\/wp-content\/uploads\/2018\/08\/JourneeDeLaPreventionPelissanne-NoonGraphicDesign-2-1024x745.jpg 1024w\" sizes=\"(max-width: 3333px) 100vw, 3333px\" \/>                                <\/a>\r\n                            <\/div>\r\n                                                        \r\n                                                        <div class=\"col-md-3                             port-item com-publique post-1525 portfolio type-portfolio status-publish has-post-thumbnail hentry portfolio_category-compublique \" id=\"post-1525\">\r\n                                <a class=\"port-box\" \r\n                                href=\"https:\/\/noongraphicdesign.com\/index.php\/portfolio\/voeux-2017\/\" >\r\n                                    <div class=\"port-hover\">\r\n                                        <div class=\"port-inner\">\r\n                                            <h3>Voeux 2017<\/h3>\r\n                                             \r\n                                            <p>Com'Publique<\/p>\r\n                                        <\/div>\r\n                                        <i class=\"fa \"><\/i>\r\n                                    <\/div><!--\/.port-hover-->\r\n                                    <img loading=\"lazy\" decoding=\"async\" width=\"3333\" height=\"2425\" src=\"https:\/\/noongraphicdesign.com\/wp-content\/uploads\/2018\/08\/Voeux2017Pelissanne-NoonGraphicDesign-2.jpg\" class=\"attachment-post-thumbnail size-post-thumbnail wp-post-image\" alt=\"\" srcset=\"https:\/\/noongraphicdesign.com\/wp-content\/uploads\/2018\/08\/Voeux2017Pelissanne-NoonGraphicDesign-2.jpg 3333w, https:\/\/noongraphicdesign.com\/wp-content\/uploads\/2018\/08\/Voeux2017Pelissanne-NoonGraphicDesign-2-300x218.jpg 300w, https:\/\/noongraphicdesign.com\/wp-content\/uploads\/2018\/08\/Voeux2017Pelissanne-NoonGraphicDesign-2-768x559.jpg 768w, https:\/\/noongraphicdesign.com\/wp-content\/uploads\/2018\/08\/Voeux2017Pelissanne-NoonGraphicDesign-2-1024x745.jpg 1024w\" sizes=\"(max-width: 3333px) 100vw, 3333px\" \/>                                <\/a>\r\n                            <\/div>\r\n                                                        \r\n                                                        <div class=\"col-md-3                             port-item cadre-de-vie edition post-1520 portfolio type-portfolio status-publish has-post-thumbnail hentry portfolio_category-cadre-de-vie portfolio_category-edition \" id=\"post-1520\">\r\n                                <a class=\"port-box\" \r\n                                href=\"https:\/\/noongraphicdesign.com\/index.php\/portfolio\/gestion-des-rejets-deaux-et-dechets\/\" >\r\n                                    <div class=\"port-hover\">\r\n                                        <div class=\"port-inner\">\r\n                                            <h3>Gestion des rejets d&rsquo;eaux et d\u00e9chets<\/h3>\r\n                                             \r\n                                            <p>Cadre de Vie<\/p>\r\n                                        <\/div>\r\n                                        <i class=\"fa \"><\/i>\r\n                                    <\/div><!--\/.port-hover-->\r\n                                    <img loading=\"lazy\" decoding=\"async\" width=\"3333\" height=\"2425\" src=\"https:\/\/noongraphicdesign.com\/wp-content\/uploads\/2018\/08\/RejetsEauxEtDechets-NoonGraphicDesign-NoonGraphicDesign-2.jpg\" class=\"attachment-post-thumbnail size-post-thumbnail wp-post-image\" alt=\"\" srcset=\"https:\/\/noongraphicdesign.com\/wp-content\/uploads\/2018\/08\/RejetsEauxEtDechets-NoonGraphicDesign-NoonGraphicDesign-2.jpg 3333w, https:\/\/noongraphicdesign.com\/wp-content\/uploads\/2018\/08\/RejetsEauxEtDechets-NoonGraphicDesign-NoonGraphicDesign-2-300x218.jpg 300w, https:\/\/noongraphicdesign.com\/wp-content\/uploads\/2018\/08\/RejetsEauxEtDechets-NoonGraphicDesign-NoonGraphicDesign-2-768x559.jpg 768w, https:\/\/noongraphicdesign.com\/wp-content\/uploads\/2018\/08\/RejetsEauxEtDechets-NoonGraphicDesign-NoonGraphicDesign-2-1024x745.jpg 1024w\" sizes=\"(max-width: 3333px) 100vw, 3333px\" \/>                                <\/a>\r\n                            <\/div>\r\n                                                        \r\n                                                        <div class=\"col-md-3                             port-item ev-nementiel post-1514 portfolio type-portfolio status-publish has-post-thumbnail hentry portfolio_category-evenementiel \" id=\"post-1514\">\r\n                                <a class=\"port-box\" \r\n                                href=\"https:\/\/noongraphicdesign.com\/index.php\/portfolio\/illuminations-facades\/\" >\r\n                                    <div class=\"port-hover\">\r\n                                        <div class=\"port-inner\">\r\n                                            <h3>Illuminations fa\u00e7ades<\/h3>\r\n                                             \r\n                                            <p>Ev\u00e9nementiel<\/p>\r\n                                        <\/div>\r\n                                        <i class=\"fa fa-eye\"><\/i>\r\n                                    <\/div><!--\/.port-hover-->\r\n                                    <img loading=\"lazy\" decoding=\"async\" width=\"1067\" height=\"776\" src=\"https:\/\/noongraphicdesign.com\/wp-content\/uploads\/2018\/08\/IlluminationsNoe\u0308l-NoonGraphicDesign.jpg\" class=\"attachment-post-thumbnail size-post-thumbnail wp-post-image\" alt=\"Illuminations fa\u00e7ades by Noon Graphic Design\" srcset=\"https:\/\/noongraphicdesign.com\/wp-content\/uploads\/2018\/08\/IlluminationsNoe\u0308l-NoonGraphicDesign.jpg 1067w, https:\/\/noongraphicdesign.com\/wp-content\/uploads\/2018\/08\/IlluminationsNoe\u0308l-NoonGraphicDesign-300x218.jpg 300w, https:\/\/noongraphicdesign.com\/wp-content\/uploads\/2018\/08\/IlluminationsNoe\u0308l-NoonGraphicDesign-768x559.jpg 768w, https:\/\/noongraphicdesign.com\/wp-content\/uploads\/2018\/08\/IlluminationsNoe\u0308l-NoonGraphicDesign-1024x745.jpg 1024w\" sizes=\"(max-width: 1067px) 100vw, 1067px\" \/>                                <\/a>\r\n                            <\/div>\r\n                                                        \r\n                                                        <div class=\"col-md-3                             port-item identit-visuelle post-1504 portfolio type-portfolio status-publish has-post-thumbnail hentry portfolio_category-identite-visuelle \" id=\"post-1504\">\r\n                                <a class=\"port-box\" \r\n                                href=\"https:\/\/noongraphicdesign.com\/index.php\/portfolio\/1504\/\" >\r\n                                    <div class=\"port-hover\">\r\n                                        <div class=\"port-inner\">\r\n                                            <h3>Culture Science PACA<\/h3>\r\n                                             \r\n                                            <p>Identit\u00e9 visuelle<\/p>\r\n                                        <\/div>\r\n                                        <i class=\"fa fa-star\"><\/i>\r\n                                    <\/div><!--\/.port-hover-->\r\n                                    <img loading=\"lazy\" decoding=\"async\" width=\"1067\" height=\"776\" src=\"https:\/\/noongraphicdesign.com\/wp-content\/uploads\/2018\/08\/CultureScience-NoonGraphicDesign.jpg\" class=\"attachment-post-thumbnail size-post-thumbnail wp-post-image\" alt=\"Culture Science PACA by NoonGraphicDesign\" srcset=\"https:\/\/noongraphicdesign.com\/wp-content\/uploads\/2018\/08\/CultureScience-NoonGraphicDesign.jpg 1067w, https:\/\/noongraphicdesign.com\/wp-content\/uploads\/2018\/08\/CultureScience-NoonGraphicDesign-300x218.jpg 300w, https:\/\/noongraphicdesign.com\/wp-content\/uploads\/2018\/08\/CultureScience-NoonGraphicDesign-768x559.jpg 768w, https:\/\/noongraphicdesign.com\/wp-content\/uploads\/2018\/08\/CultureScience-NoonGraphicDesign-1024x745.jpg 1024w\" sizes=\"(max-width: 1067px) 100vw, 1067px\" \/>                                <\/a>\r\n                            <\/div>\r\n                                                        \r\n                                                        <div class=\"col-md-3                             port-item identit-visuelle post-1493 portfolio type-portfolio status-publish has-post-thumbnail hentry portfolio_category-identite-visuelle \" id=\"post-1493\">\r\n                                <a class=\"port-box\" \r\n                                href=\"https:\/\/noongraphicdesign.com\/index.php\/portfolio\/opticbien-etre\/\" >\r\n                                    <div class=\"port-hover\">\r\n                                        <div class=\"port-inner\">\r\n                                            <h3>Optic&rsquo;Bien-\u00eatre<\/h3>\r\n                                             \r\n                                            <p>Identit\u00e9 visuelle<\/p>\r\n                                        <\/div>\r\n                                        <i class=\"fa fa-star\"><\/i>\r\n                                    <\/div><!--\/.port-hover-->\r\n                                    <img loading=\"lazy\" decoding=\"async\" width=\"1067\" height=\"776\" src=\"https:\/\/noongraphicdesign.com\/wp-content\/uploads\/2018\/08\/OpticBienEtre-NoonGraphicDesign.jpg\" class=\"attachment-post-thumbnail size-post-thumbnail wp-post-image\" alt=\"OpticBienEtre by Noon Graphic Design\" srcset=\"https:\/\/noongraphicdesign.com\/wp-content\/uploads\/2018\/08\/OpticBienEtre-NoonGraphicDesign.jpg 1067w, https:\/\/noongraphicdesign.com\/wp-content\/uploads\/2018\/08\/OpticBienEtre-NoonGraphicDesign-300x218.jpg 300w, https:\/\/noongraphicdesign.com\/wp-content\/uploads\/2018\/08\/OpticBienEtre-NoonGraphicDesign-768x559.jpg 768w, https:\/\/noongraphicdesign.com\/wp-content\/uploads\/2018\/08\/OpticBienEtre-NoonGraphicDesign-1024x745.jpg 1024w\" sizes=\"(max-width: 1067px) 100vw, 1067px\" \/>                                <\/a>\r\n                            <\/div>\r\n                                                        \r\n                                                        <div class=\"col-md-3                             port-item identit-visuelle post-1487 portfolio type-portfolio status-publish has-post-thumbnail hentry portfolio_category-identite-visuelle \" id=\"post-1487\">\r\n                                <a class=\"port-box\" \r\n                                href=\"https:\/\/noongraphicdesign.com\/index.php\/portfolio\/es-pr-i-t\/\" >\r\n                                    <div class=\"port-hover\">\r\n                                        <div class=\"port-inner\">\r\n                                            <h3>ES.PR.I.T<\/h3>\r\n                                             \r\n                                            <p>Identit\u00e9 visuelle<\/p>\r\n                                        <\/div>\r\n                                        <i class=\"fa fa-star\"><\/i>\r\n                                    <\/div><!--\/.port-hover-->\r\n                                    <img loading=\"lazy\" decoding=\"async\" width=\"1067\" height=\"776\" src=\"https:\/\/noongraphicdesign.com\/wp-content\/uploads\/2018\/08\/ESPRIT-NoonGraphicDesign1.jpg\" class=\"attachment-post-thumbnail size-post-thumbnail wp-post-image\" alt=\"ESPRIT, identit\u00e9 visuelle by Noon Graphic Design\" srcset=\"https:\/\/noongraphicdesign.com\/wp-content\/uploads\/2018\/08\/ESPRIT-NoonGraphicDesign1.jpg 1067w, https:\/\/noongraphicdesign.com\/wp-content\/uploads\/2018\/08\/ESPRIT-NoonGraphicDesign1-300x218.jpg 300w, https:\/\/noongraphicdesign.com\/wp-content\/uploads\/2018\/08\/ESPRIT-NoonGraphicDesign1-768x559.jpg 768w, https:\/\/noongraphicdesign.com\/wp-content\/uploads\/2018\/08\/ESPRIT-NoonGraphicDesign1-1024x745.jpg 1024w\" sizes=\"(max-width: 1067px) 100vw, 1067px\" \/>                                <\/a>\r\n                            <\/div>\r\n                                                        \r\n                                                        <div class=\"col-md-3                             port-item com-publique post-1476 portfolio type-portfolio status-publish has-post-thumbnail hentry portfolio_category-compublique \" id=\"post-1476\">\r\n                                <a class=\"port-box\" \r\n                                href=\"https:\/\/noongraphicdesign.com\/index.php\/portfolio\/rousset-infos\/\" >\r\n                                    <div class=\"port-hover\">\r\n                                        <div class=\"port-inner\">\r\n                                            <h3>Rousset Infos<\/h3>\r\n                                             \r\n                                            <p>Com'Publique<\/p>\r\n                                        <\/div>\r\n                                        <i class=\"fa \"><\/i>\r\n                                    <\/div><!--\/.port-hover-->\r\n                                    <img loading=\"lazy\" decoding=\"async\" width=\"3333\" height=\"2425\" src=\"https:\/\/noongraphicdesign.com\/wp-content\/uploads\/2018\/08\/MagazineMunicipalRousset-NoonGraphicDesign-2.jpg\" class=\"attachment-post-thumbnail size-post-thumbnail wp-post-image\" alt=\"\" srcset=\"https:\/\/noongraphicdesign.com\/wp-content\/uploads\/2018\/08\/MagazineMunicipalRousset-NoonGraphicDesign-2.jpg 3333w, https:\/\/noongraphicdesign.com\/wp-content\/uploads\/2018\/08\/MagazineMunicipalRousset-NoonGraphicDesign-2-300x218.jpg 300w, https:\/\/noongraphicdesign.com\/wp-content\/uploads\/2018\/08\/MagazineMunicipalRousset-NoonGraphicDesign-2-768x559.jpg 768w, https:\/\/noongraphicdesign.com\/wp-content\/uploads\/2018\/08\/MagazineMunicipalRousset-NoonGraphicDesign-2-1024x745.jpg 1024w\" sizes=\"(max-width: 3333px) 100vw, 3333px\" \/>                                <\/a>\r\n                            <\/div>\r\n                                                        \r\n                                                        <div class=\"col-md-3                             port-item ev-nementiel post-1471 portfolio type-portfolio status-publish has-post-thumbnail hentry portfolio_category-evenementiel \" id=\"post-1471\">\r\n                                <a class=\"port-box\" \r\n                                href=\"https:\/\/noongraphicdesign.com\/index.php\/portfolio\/pelissanne-en-fete-2\/\" >\r\n                                    <div class=\"port-hover\">\r\n                                        <div class=\"port-inner\">\r\n                                            <h3>P\u00e9lissanne En F\u00eate<\/h3>\r\n                                             \r\n                                            <p>Ev\u00e9nementiel<\/p>\r\n                                        <\/div>\r\n                                        <i class=\"fa fa-eye\"><\/i>\r\n                                    <\/div><!--\/.port-hover-->\r\n                                    <img loading=\"lazy\" decoding=\"async\" width=\"1067\" height=\"776\" src=\"https:\/\/noongraphicdesign.com\/wp-content\/uploads\/2018\/08\/PelissanneEnFete-NoonGraphicDesign1.jpg\" class=\"attachment-post-thumbnail size-post-thumbnail wp-post-image\" alt=\"Pelissanne En Fete by Noon Graphic Design\" srcset=\"https:\/\/noongraphicdesign.com\/wp-content\/uploads\/2018\/08\/PelissanneEnFete-NoonGraphicDesign1.jpg 1067w, https:\/\/noongraphicdesign.com\/wp-content\/uploads\/2018\/08\/PelissanneEnFete-NoonGraphicDesign1-300x218.jpg 300w, https:\/\/noongraphicdesign.com\/wp-content\/uploads\/2018\/08\/PelissanneEnFete-NoonGraphicDesign1-768x559.jpg 768w, https:\/\/noongraphicdesign.com\/wp-content\/uploads\/2018\/08\/PelissanneEnFete-NoonGraphicDesign1-1024x745.jpg 1024w\" sizes=\"(max-width: 1067px) 100vw, 1067px\" \/>                                <\/a>\r\n                            <\/div>\r\n                                                        \r\n                                                        <div class=\"col-md-3                             port-item ev-nementiel post-1465 portfolio type-portfolio status-publish has-post-thumbnail hentry portfolio_category-evenementiel \" id=\"post-1465\">\r\n                                <a class=\"port-box\" \r\n                                href=\"https:\/\/noongraphicdesign.com\/index.php\/portfolio\/lete-a-pelissanne\/\" >\r\n                                    <div class=\"port-hover\">\r\n                                        <div class=\"port-inner\">\r\n                                            <h3>L&rsquo;\u00e9t\u00e9 \u00e0 P\u00e9lissanne<\/h3>\r\n                                             \r\n                                            <p>Ev\u00e9nementiel<\/p>\r\n                                        <\/div>\r\n                                        <i class=\"fa fa-eye\"><\/i>\r\n                                    <\/div><!--\/.port-hover-->\r\n                                    <img loading=\"lazy\" decoding=\"async\" width=\"1067\" height=\"776\" src=\"https:\/\/noongraphicdesign.com\/wp-content\/uploads\/2018\/08\/LeteAPelissanne-NoonGraphicDesign1.jpg\" class=\"attachment-post-thumbnail size-post-thumbnail wp-post-image\" alt=\"L \u00e9te \u00e0 Pelissanne by Noon Graphic Design\" srcset=\"https:\/\/noongraphicdesign.com\/wp-content\/uploads\/2018\/08\/LeteAPelissanne-NoonGraphicDesign1.jpg 1067w, https:\/\/noongraphicdesign.com\/wp-content\/uploads\/2018\/08\/LeteAPelissanne-NoonGraphicDesign1-300x218.jpg 300w, https:\/\/noongraphicdesign.com\/wp-content\/uploads\/2018\/08\/LeteAPelissanne-NoonGraphicDesign1-768x559.jpg 768w, https:\/\/noongraphicdesign.com\/wp-content\/uploads\/2018\/08\/LeteAPelissanne-NoonGraphicDesign1-1024x745.jpg 1024w\" sizes=\"(max-width: 1067px) 100vw, 1067px\" \/>                                <\/a>\r\n                            <\/div>\r\n                                                        \r\n                                                        <div class=\"col-md-3                             port-item sport-bien-tre post-1460 portfolio type-portfolio status-publish has-post-thumbnail hentry portfolio_category-sport \" id=\"post-1460\">\r\n                                <a class=\"port-box\" \r\n                                href=\"https:\/\/noongraphicdesign.com\/index.php\/portfolio\/guide-des-sports\/\" >\r\n                                    <div class=\"port-hover\">\r\n                                        <div class=\"port-inner\">\r\n                                            <h3>Guide des Sports<\/h3>\r\n                                             \r\n                                            <p>Sport\/Bien-\u00eatre<\/p>\r\n                                        <\/div>\r\n                                        <i class=\"fa fa-bicycle\"><\/i>\r\n                                    <\/div><!--\/.port-hover-->\r\n                                    <img loading=\"lazy\" decoding=\"async\" width=\"1067\" height=\"776\" src=\"https:\/\/noongraphicdesign.com\/wp-content\/uploads\/2018\/08\/GuideDesSports-AixEnProvence-NoonGraphicDesign1.jpg\" class=\"attachment-post-thumbnail size-post-thumbnail wp-post-image\" alt=\"Guide Des Sports Aix En Provence by Noon Graphic Design1\" srcset=\"https:\/\/noongraphicdesign.com\/wp-content\/uploads\/2018\/08\/GuideDesSports-AixEnProvence-NoonGraphicDesign1.jpg 1067w, https:\/\/noongraphicdesign.com\/wp-content\/uploads\/2018\/08\/GuideDesSports-AixEnProvence-NoonGraphicDesign1-300x218.jpg 300w, https:\/\/noongraphicdesign.com\/wp-content\/uploads\/2018\/08\/GuideDesSports-AixEnProvence-NoonGraphicDesign1-768x559.jpg 768w, https:\/\/noongraphicdesign.com\/wp-content\/uploads\/2018\/08\/GuideDesSports-AixEnProvence-NoonGraphicDesign1-1024x745.jpg 1024w\" sizes=\"(max-width: 1067px) 100vw, 1067px\" \/>                                <\/a>\r\n                            <\/div>\r\n                                                        \r\n                                                        <div class=\"col-md-3                             port-item com-publique post-1454 portfolio type-portfolio status-publish has-post-thumbnail hentry portfolio_category-compublique \" id=\"post-1454\">\r\n                                <a class=\"port-box\" \r\n                                href=\"https:\/\/noongraphicdesign.com\/index.php\/portfolio\/guide-du-bon-voisinage\/\" >\r\n                                    <div class=\"port-hover\">\r\n                                        <div class=\"port-inner\">\r\n                                            <h3>Guide du Bon Voisinage<\/h3>\r\n                                             \r\n                                            <p>Com'Publique<\/p>\r\n                                        <\/div>\r\n                                        <i class=\"fa \"><\/i>\r\n                                    <\/div><!--\/.port-hover-->\r\n                                    <img loading=\"lazy\" decoding=\"async\" width=\"3333\" height=\"2425\" src=\"https:\/\/noongraphicdesign.com\/wp-content\/uploads\/2018\/08\/GuideBonVoisinageRousset-NoonGraphicDesign-2.jpg\" class=\"attachment-post-thumbnail size-post-thumbnail wp-post-image\" alt=\"\" srcset=\"https:\/\/noongraphicdesign.com\/wp-content\/uploads\/2018\/08\/GuideBonVoisinageRousset-NoonGraphicDesign-2.jpg 3333w, https:\/\/noongraphicdesign.com\/wp-content\/uploads\/2018\/08\/GuideBonVoisinageRousset-NoonGraphicDesign-2-300x218.jpg 300w, https:\/\/noongraphicdesign.com\/wp-content\/uploads\/2018\/08\/GuideBonVoisinageRousset-NoonGraphicDesign-2-768x559.jpg 768w, https:\/\/noongraphicdesign.com\/wp-content\/uploads\/2018\/08\/GuideBonVoisinageRousset-NoonGraphicDesign-2-1024x745.jpg 1024w\" sizes=\"(max-width: 3333px) 100vw, 3333px\" \/>                                <\/a>\r\n                            <\/div>\r\n                                                        \r\n                                                        <div class=\"col-md-3                             port-item sport-bien-tre post-1443 portfolio type-portfolio status-publish has-post-thumbnail hentry portfolio_category-sport \" id=\"post-1443\">\r\n                                <a class=\"port-box\" \r\n                                href=\"https:\/\/noongraphicdesign.com\/index.php\/portfolio\/khote-kota\/\" >\r\n                                    <div class=\"port-hover\">\r\n                                        <div class=\"port-inner\">\r\n                                            <h3>Khote Kota<\/h3>\r\n                                             \r\n                                            <p>Sport\/Bien-\u00eatre<\/p>\r\n                                        <\/div>\r\n                                        <i class=\"fa fa-star\"><\/i>\r\n                                    <\/div><!--\/.port-hover-->\r\n                                    <img loading=\"lazy\" decoding=\"async\" width=\"800\" height=\"582\" src=\"https:\/\/noongraphicdesign.com\/wp-content\/uploads\/2018\/08\/Identite-KohteKota-NoonGraphicDesign.jpg\" class=\"attachment-post-thumbnail size-post-thumbnail wp-post-image\" alt=\"Identit\u00e9 visuelle KohteKota by Noon Graphic Design\" srcset=\"https:\/\/noongraphicdesign.com\/wp-content\/uploads\/2018\/08\/Identite-KohteKota-NoonGraphicDesign.jpg 800w, https:\/\/noongraphicdesign.com\/wp-content\/uploads\/2018\/08\/Identite-KohteKota-NoonGraphicDesign-300x218.jpg 300w, https:\/\/noongraphicdesign.com\/wp-content\/uploads\/2018\/08\/Identite-KohteKota-NoonGraphicDesign-768x559.jpg 768w\" sizes=\"(max-width: 800px) 100vw, 800px\" \/>                                <\/a>\r\n                            <\/div>\r\n                                                        \r\n                                                        <div class=\"col-md-3                             port-item identit-visuelle post-1432 portfolio type-portfolio status-publish has-post-thumbnail hentry portfolio_category-identite-visuelle \" id=\"post-1432\">\r\n                                <a class=\"port-box\" \r\n                                href=\"https:\/\/noongraphicdesign.com\/index.php\/portfolio\/rotisserie-montaigne\/\" >\r\n                                    <div class=\"port-hover\">\r\n                                        <div class=\"port-inner\">\r\n                                            <h3>R\u00f4tisserie Montaigne<\/h3>\r\n                                             \r\n                                            <p>Identit\u00e9 visuelle<\/p>\r\n                                        <\/div>\r\n                                        <i class=\"fa fa-star\"><\/i>\r\n                                    <\/div><!--\/.port-hover-->\r\n                                    <img loading=\"lazy\" decoding=\"async\" width=\"800\" height=\"582\" src=\"https:\/\/noongraphicdesign.com\/wp-content\/uploads\/2018\/05\/Identite-RotisserieMontaigne-NoonGraphicDesign.jpg\" class=\"attachment-post-thumbnail size-post-thumbnail wp-post-image\" alt=\"Identite visuelle Rotisserie Montaigne by Noon Graphic Design\" srcset=\"https:\/\/noongraphicdesign.com\/wp-content\/uploads\/2018\/05\/Identite-RotisserieMontaigne-NoonGraphicDesign.jpg 800w, https:\/\/noongraphicdesign.com\/wp-content\/uploads\/2018\/05\/Identite-RotisserieMontaigne-NoonGraphicDesign-300x218.jpg 300w, https:\/\/noongraphicdesign.com\/wp-content\/uploads\/2018\/05\/Identite-RotisserieMontaigne-NoonGraphicDesign-768x559.jpg 768w\" sizes=\"(max-width: 800px) 100vw, 800px\" \/>                                <\/a>\r\n                            <\/div>\r\n                                                        \r\n                                                        <div class=\"col-md-3                             port-item identit-visuelle post-1424 portfolio type-portfolio status-publish has-post-thumbnail hentry portfolio_category-identite-visuelle \" id=\"post-1424\">\r\n                                <a class=\"port-box\" \r\n                                href=\"https:\/\/noongraphicdesign.com\/index.php\/portfolio\/t2a\/\" >\r\n                                    <div class=\"port-hover\">\r\n                                        <div class=\"port-inner\">\r\n                                            <h3>T2A<\/h3>\r\n                                             \r\n                                            <p>Identit\u00e9 visuelle<\/p>\r\n                                        <\/div>\r\n                                        <i class=\"fa fa-star\"><\/i>\r\n                                    <\/div><!--\/.port-hover-->\r\n                                    <img loading=\"lazy\" decoding=\"async\" width=\"800\" height=\"582\" src=\"https:\/\/noongraphicdesign.com\/wp-content\/uploads\/2018\/05\/Identite-T2A-NoonGraphicDesign.jpg\" class=\"attachment-post-thumbnail size-post-thumbnail wp-post-image\" alt=\"Identite visuelle T2A by NoonGraphicDesign\" srcset=\"https:\/\/noongraphicdesign.com\/wp-content\/uploads\/2018\/05\/Identite-T2A-NoonGraphicDesign.jpg 800w, https:\/\/noongraphicdesign.com\/wp-content\/uploads\/2018\/05\/Identite-T2A-NoonGraphicDesign-300x218.jpg 300w, https:\/\/noongraphicdesign.com\/wp-content\/uploads\/2018\/05\/Identite-T2A-NoonGraphicDesign-768x559.jpg 768w\" sizes=\"(max-width: 800px) 100vw, 800px\" \/>                                <\/a>\r\n                            <\/div>\r\n                                                        \r\n                                                        <div class=\"col-md-3                             port-item com-publique post-1418 portfolio type-portfolio status-publish has-post-thumbnail hentry portfolio_category-compublique \" id=\"post-1418\">\r\n                                <a class=\"port-box\" \r\n                                href=\"https:\/\/noongraphicdesign.com\/index.php\/portfolio\/aix-le-mag\/\" >\r\n                                    <div class=\"port-hover\">\r\n                                        <div class=\"port-inner\">\r\n                                            <h3>Aix Le Mag<\/h3>\r\n                                             \r\n                                            <p>Com'Publique<\/p>\r\n                                        <\/div>\r\n                                        <i class=\"fa \"><\/i>\r\n                                    <\/div><!--\/.port-hover-->\r\n                                    <img loading=\"lazy\" decoding=\"async\" width=\"3333\" height=\"2425\" src=\"https:\/\/noongraphicdesign.com\/wp-content\/uploads\/2018\/05\/MagazineMunicipalAixEnProvence-NoonGraphicDesign-2.jpg\" class=\"attachment-post-thumbnail size-post-thumbnail wp-post-image\" alt=\"\" srcset=\"https:\/\/noongraphicdesign.com\/wp-content\/uploads\/2018\/05\/MagazineMunicipalAixEnProvence-NoonGraphicDesign-2.jpg 3333w, https:\/\/noongraphicdesign.com\/wp-content\/uploads\/2018\/05\/MagazineMunicipalAixEnProvence-NoonGraphicDesign-2-300x218.jpg 300w, https:\/\/noongraphicdesign.com\/wp-content\/uploads\/2018\/05\/MagazineMunicipalAixEnProvence-NoonGraphicDesign-2-768x559.jpg 768w, https:\/\/noongraphicdesign.com\/wp-content\/uploads\/2018\/05\/MagazineMunicipalAixEnProvence-NoonGraphicDesign-2-1024x745.jpg 1024w\" sizes=\"(max-width: 3333px) 100vw, 3333px\" \/>                                <\/a>\r\n                            <\/div>\r\n                                                        \r\n                                                        <div class=\"col-md-3                             port-item com-publique edition post-1412 portfolio type-portfolio status-publish has-post-thumbnail hentry portfolio_category-compublique portfolio_category-edition \" id=\"post-1412\">\r\n                                <a class=\"port-box\" \r\n                                href=\"https:\/\/noongraphicdesign.com\/index.php\/portfolio\/peli-info\/\" >\r\n                                    <div class=\"port-hover\">\r\n                                        <div class=\"port-inner\">\r\n                                            <h3>P\u00e9li Info<\/h3>\r\n                                             \r\n                                            <p>Com'Publique<\/p>\r\n                                        <\/div>\r\n                                        <i class=\"fa \"><\/i>\r\n                                    <\/div><!--\/.port-hover-->\r\n                                    <img loading=\"lazy\" decoding=\"async\" width=\"3333\" height=\"2425\" src=\"https:\/\/noongraphicdesign.com\/wp-content\/uploads\/2018\/05\/PeliInfoPelissanne-NoonGraphicDesign-2.jpg\" class=\"attachment-post-thumbnail size-post-thumbnail wp-post-image\" alt=\"\" srcset=\"https:\/\/noongraphicdesign.com\/wp-content\/uploads\/2018\/05\/PeliInfoPelissanne-NoonGraphicDesign-2.jpg 3333w, https:\/\/noongraphicdesign.com\/wp-content\/uploads\/2018\/05\/PeliInfoPelissanne-NoonGraphicDesign-2-300x218.jpg 300w, https:\/\/noongraphicdesign.com\/wp-content\/uploads\/2018\/05\/PeliInfoPelissanne-NoonGraphicDesign-2-768x559.jpg 768w, https:\/\/noongraphicdesign.com\/wp-content\/uploads\/2018\/05\/PeliInfoPelissanne-NoonGraphicDesign-2-1024x745.jpg 1024w\" sizes=\"(max-width: 3333px) 100vw, 3333px\" \/>                                <\/a>\r\n                            <\/div>\r\n                                                        \r\n                                                        <div class=\"col-md-3                             port-item culture post-1406 portfolio type-portfolio status-publish has-post-thumbnail hentry portfolio_category-culture \" id=\"post-1406\">\r\n                                <a class=\"port-box\" \r\n                                href=\"https:\/\/noongraphicdesign.com\/index.php\/portfolio\/catalogue-exposition-lahoz\/\" >\r\n                                    <div class=\"port-hover\">\r\n                                        <div class=\"port-inner\">\r\n                                            <h3>Catalogue Exposition Lahoz<\/h3>\r\n                                             \r\n                                            <p>Culture<\/p>\r\n                                        <\/div>\r\n                                        <i class=\"fa \"><\/i>\r\n                                    <\/div><!--\/.port-hover-->\r\n                                    <img loading=\"lazy\" decoding=\"async\" width=\"3333\" height=\"2425\" src=\"https:\/\/noongraphicdesign.com\/wp-content\/uploads\/2018\/05\/ExpoLahoz-Quilez-NoonGraphicDesign-2.jpg\" class=\"attachment-post-thumbnail size-post-thumbnail wp-post-image\" alt=\"\" srcset=\"https:\/\/noongraphicdesign.com\/wp-content\/uploads\/2018\/05\/ExpoLahoz-Quilez-NoonGraphicDesign-2.jpg 3333w, https:\/\/noongraphicdesign.com\/wp-content\/uploads\/2018\/05\/ExpoLahoz-Quilez-NoonGraphicDesign-2-300x218.jpg 300w, https:\/\/noongraphicdesign.com\/wp-content\/uploads\/2018\/05\/ExpoLahoz-Quilez-NoonGraphicDesign-2-768x559.jpg 768w, https:\/\/noongraphicdesign.com\/wp-content\/uploads\/2018\/05\/ExpoLahoz-Quilez-NoonGraphicDesign-2-1024x745.jpg 1024w\" sizes=\"(max-width: 3333px) 100vw, 3333px\" \/>                                <\/a>\r\n                            <\/div>\r\n                                                        \r\n                                                        <div class=\"col-md-3                             port-item cadre-de-vie com-publique post-1402 portfolio type-portfolio status-publish has-post-thumbnail hentry portfolio_category-cadre-de-vie portfolio_category-compublique \" id=\"post-1402\">\r\n                                <a class=\"port-box\" \r\n                                href=\"https:\/\/noongraphicdesign.com\/index.php\/portfolio\/plaquette-des-services\/\" >\r\n                                    <div class=\"port-hover\">\r\n                                        <div class=\"port-inner\">\r\n                                            <h3>Lancement de travaux<\/h3>\r\n                                             \r\n                                            <p>Cadre de Vie<\/p>\r\n                                        <\/div>\r\n                                        <i class=\"fa \"><\/i>\r\n                                    <\/div><!--\/.port-hover-->\r\n                                    <img loading=\"lazy\" decoding=\"async\" width=\"3333\" height=\"2425\" src=\"https:\/\/noongraphicdesign.com\/wp-content\/uploads\/2018\/05\/ChantierEnFete-NoonGraphicDesign-2.jpg\" class=\"attachment-post-thumbnail size-post-thumbnail wp-post-image\" alt=\"\" srcset=\"https:\/\/noongraphicdesign.com\/wp-content\/uploads\/2018\/05\/ChantierEnFete-NoonGraphicDesign-2.jpg 3333w, https:\/\/noongraphicdesign.com\/wp-content\/uploads\/2018\/05\/ChantierEnFete-NoonGraphicDesign-2-300x218.jpg 300w, https:\/\/noongraphicdesign.com\/wp-content\/uploads\/2018\/05\/ChantierEnFete-NoonGraphicDesign-2-768x559.jpg 768w, https:\/\/noongraphicdesign.com\/wp-content\/uploads\/2018\/05\/ChantierEnFete-NoonGraphicDesign-2-1024x745.jpg 1024w\" sizes=\"(max-width: 3333px) 100vw, 3333px\" \/>                                <\/a>\r\n                            <\/div>\r\n                                                        \r\n                                                        <div class=\"col-md-3                             port-item ev-nementiel post-1392 portfolio type-portfolio status-publish has-post-thumbnail hentry portfolio_category-evenementiel \" id=\"post-1392\">\r\n                                <a class=\"port-box\" \r\n                                href=\"https:\/\/noongraphicdesign.com\/index.php\/portfolio\/ma-ville-regards-meles\/\" >\r\n                                    <div class=\"port-hover\">\r\n                                        <div class=\"port-inner\">\r\n                                            <h3>Ma Ville, Regards M\u00eal\u00e9s<\/h3>\r\n                                             \r\n                                            <p>Ev\u00e9nementiel<\/p>\r\n                                        <\/div>\r\n                                        <i class=\"fa fa-eye\"><\/i>\r\n                                    <\/div><!--\/.port-hover-->\r\n                                    <img loading=\"lazy\" decoding=\"async\" width=\"800\" height=\"582\" src=\"https:\/\/noongraphicdesign.com\/wp-content\/uploads\/2018\/03\/RegardsMeles-2017-NoonGraphicDesign.jpg\" class=\"attachment-post-thumbnail size-post-thumbnail wp-post-image\" alt=\"Regards M\u00eal\u00e9s 2017 P\u00e9lissanne by Noon Graphic Design\" srcset=\"https:\/\/noongraphicdesign.com\/wp-content\/uploads\/2018\/03\/RegardsMeles-2017-NoonGraphicDesign.jpg 800w, https:\/\/noongraphicdesign.com\/wp-content\/uploads\/2018\/03\/RegardsMeles-2017-NoonGraphicDesign-300x218.jpg 300w, https:\/\/noongraphicdesign.com\/wp-content\/uploads\/2018\/03\/RegardsMeles-2017-NoonGraphicDesign-768x559.jpg 768w\" sizes=\"(max-width: 800px) 100vw, 800px\" \/>                                <\/a>\r\n                            <\/div>\r\n                                                        \r\n                                                        <div class=\"col-md-3                             port-item com-publique post-1152 portfolio type-portfolio status-publish has-post-thumbnail hentry portfolio_category-compublique \" id=\"post-1152\">\r\n                                <a class=\"port-box\" \r\n                                href=\"https:\/\/noongraphicdesign.com\/index.php\/portfolio\/simiane-infos\/\" >\r\n                                    <div class=\"port-hover\">\r\n                                        <div class=\"port-inner\">\r\n                                            <h3>Simiane Infos<\/h3>\r\n                                             \r\n                                            <p>Com'Publique<\/p>\r\n                                        <\/div>\r\n                                        <i class=\"fa \"><\/i>\r\n                                    <\/div><!--\/.port-hover-->\r\n                                    <img loading=\"lazy\" decoding=\"async\" width=\"3333\" height=\"2425\" src=\"https:\/\/noongraphicdesign.com\/wp-content\/uploads\/2018\/03\/MagazineMunicipalSimianeCollongue-NoonGraphicDesign-2.jpg\" class=\"attachment-post-thumbnail size-post-thumbnail wp-post-image\" alt=\"\" srcset=\"https:\/\/noongraphicdesign.com\/wp-content\/uploads\/2018\/03\/MagazineMunicipalSimianeCollongue-NoonGraphicDesign-2.jpg 3333w, https:\/\/noongraphicdesign.com\/wp-content\/uploads\/2018\/03\/MagazineMunicipalSimianeCollongue-NoonGraphicDesign-2-300x218.jpg 300w, https:\/\/noongraphicdesign.com\/wp-content\/uploads\/2018\/03\/MagazineMunicipalSimianeCollongue-NoonGraphicDesign-2-768x559.jpg 768w, https:\/\/noongraphicdesign.com\/wp-content\/uploads\/2018\/03\/MagazineMunicipalSimianeCollongue-NoonGraphicDesign-2-1024x745.jpg 1024w\" sizes=\"(max-width: 3333px) 100vw, 3333px\" \/>                                <\/a>\r\n                            <\/div>\r\n                                                        \r\n                                                        <div class=\"col-md-3                             port-item identit-visuelle post-1146 portfolio type-portfolio status-publish has-post-thumbnail hentry portfolio_category-identite-visuelle \" id=\"post-1146\">\r\n                                <a class=\"port-box\" \r\n                                href=\"https:\/\/noongraphicdesign.com\/index.php\/portfolio\/sequence-parquets\/\" >\r\n                                    <div class=\"port-hover\">\r\n                                        <div class=\"port-inner\">\r\n                                            <h3>S\u00e9quence Parquets<\/h3>\r\n                                             \r\n                                            <p>Identit\u00e9 visuelle<\/p>\r\n                                        <\/div>\r\n                                        <i class=\"fa fa-star\"><\/i>\r\n                                    <\/div><!--\/.port-hover-->\r\n                                    <img loading=\"lazy\" decoding=\"async\" width=\"800\" height=\"582\" src=\"https:\/\/noongraphicdesign.com\/wp-content\/uploads\/2018\/03\/LogoSequenceParquet-NoonGraphicDesign.jpg\" class=\"attachment-post-thumbnail size-post-thumbnail wp-post-image\" alt=\"Logo\/Charte graphique S\u00e9quence Parquets by Noon Graphic Design\" srcset=\"https:\/\/noongraphicdesign.com\/wp-content\/uploads\/2018\/03\/LogoSequenceParquet-NoonGraphicDesign.jpg 800w, https:\/\/noongraphicdesign.com\/wp-content\/uploads\/2018\/03\/LogoSequenceParquet-NoonGraphicDesign-300x218.jpg 300w, https:\/\/noongraphicdesign.com\/wp-content\/uploads\/2018\/03\/LogoSequenceParquet-NoonGraphicDesign-768x559.jpg 768w\" sizes=\"(max-width: 800px) 100vw, 800px\" \/>                                <\/a>\r\n                            <\/div>\r\n                                                        \r\n                                                        <div class=\"col-md-3                             port-item edition post-1140 portfolio type-portfolio status-publish has-post-thumbnail hentry portfolio_category-edition \" id=\"post-1140\">\r\n                                <a class=\"port-box\" \r\n                                href=\"https:\/\/noongraphicdesign.com\/index.php\/portfolio\/immo-michigan\/\" >\r\n                                    <div class=\"port-hover\">\r\n                                        <div class=\"port-inner\">\r\n                                            <h3>Immo Michigan<\/h3>\r\n                                             \r\n                                            <p>Edition<\/p>\r\n                                        <\/div>\r\n                                        <i class=\"fa fa-file\"><\/i>\r\n                                    <\/div><!--\/.port-hover-->\r\n                                    <img loading=\"lazy\" decoding=\"async\" width=\"800\" height=\"582\" src=\"https:\/\/noongraphicdesign.com\/wp-content\/uploads\/2018\/03\/Plaquette-ImmoMichigan-NoonGraphicDesign.jpg\" class=\"attachment-post-thumbnail size-post-thumbnail wp-post-image\" alt=\"Plaquette Immo Michigan by NoonGraphicDesign\" srcset=\"https:\/\/noongraphicdesign.com\/wp-content\/uploads\/2018\/03\/Plaquette-ImmoMichigan-NoonGraphicDesign.jpg 800w, https:\/\/noongraphicdesign.com\/wp-content\/uploads\/2018\/03\/Plaquette-ImmoMichigan-NoonGraphicDesign-300x218.jpg 300w, https:\/\/noongraphicdesign.com\/wp-content\/uploads\/2018\/03\/Plaquette-ImmoMichigan-NoonGraphicDesign-768x559.jpg 768w\" sizes=\"(max-width: 800px) 100vw, 800px\" \/>                                <\/a>\r\n                            <\/div>\r\n                                                        \r\n                                                        <div class=\"col-md-3                             port-item edition post-1102 portfolio type-portfolio status-publish has-post-thumbnail hentry portfolio_category-edition \" id=\"post-1102\">\r\n                                <a class=\"port-box\" \r\n                                href=\"https:\/\/noongraphicdesign.com\/index.php\/portfolio\/comite-dentreprise\/\" >\r\n                                    <div class=\"port-hover\">\r\n                                        <div class=\"port-inner\">\r\n                                            <h3>Comit\u00e9 d&rsquo;entreprise<\/h3>\r\n                                             \r\n                                            <p>Edition<\/p>\r\n                                        <\/div>\r\n                                        <i class=\"fa fa-file\"><\/i>\r\n                                    <\/div><!--\/.port-hover-->\r\n                                    <img loading=\"lazy\" decoding=\"async\" width=\"800\" height=\"582\" src=\"https:\/\/noongraphicdesign.com\/wp-content\/uploads\/2018\/03\/Plaquette-CE-CinemaLeCezanne-NoonGraphicDesign.jpg\" class=\"attachment-post-thumbnail size-post-thumbnail wp-post-image\" alt=\"Plaquette Comit\u00e9 d&#039;entreprise Cin\u00e9ma Le C\u00e9zanne by Noon Graphic Design\" srcset=\"https:\/\/noongraphicdesign.com\/wp-content\/uploads\/2018\/03\/Plaquette-CE-CinemaLeCezanne-NoonGraphicDesign.jpg 800w, https:\/\/noongraphicdesign.com\/wp-content\/uploads\/2018\/03\/Plaquette-CE-CinemaLeCezanne-NoonGraphicDesign-300x218.jpg 300w, https:\/\/noongraphicdesign.com\/wp-content\/uploads\/2018\/03\/Plaquette-CE-CinemaLeCezanne-NoonGraphicDesign-768x559.jpg 768w\" sizes=\"(max-width: 800px) 100vw, 800px\" \/>                                <\/a>\r\n                            <\/div>\r\n                                                        \r\n                                                        <div class=\"col-md-3                             port-item identit-visuelle post-1096 portfolio type-portfolio status-publish has-post-thumbnail hentry portfolio_category-identite-visuelle \" id=\"post-1096\">\r\n                                <a class=\"port-box\" \r\n                                href=\"https:\/\/noongraphicdesign.com\/index.php\/portfolio\/so-good-buy\/\" >\r\n                                    <div class=\"port-hover\">\r\n                                        <div class=\"port-inner\">\r\n                                            <h3>So Good Buy<\/h3>\r\n                                             \r\n                                            <p>Identit\u00e9 visuelle<\/p>\r\n                                        <\/div>\r\n                                        <i class=\"fa fa-star\"><\/i>\r\n                                    <\/div><!--\/.port-hover-->\r\n                                    <img loading=\"lazy\" decoding=\"async\" width=\"800\" height=\"582\" src=\"https:\/\/noongraphicdesign.com\/wp-content\/uploads\/2018\/03\/Identite-SoGoodBuy-NoonGraphicDesign.jpg\" class=\"attachment-post-thumbnail size-post-thumbnail wp-post-image\" alt=\"Logo et charte graphique So Good Buy by Noon Graphic Design\" srcset=\"https:\/\/noongraphicdesign.com\/wp-content\/uploads\/2018\/03\/Identite-SoGoodBuy-NoonGraphicDesign.jpg 800w, https:\/\/noongraphicdesign.com\/wp-content\/uploads\/2018\/03\/Identite-SoGoodBuy-NoonGraphicDesign-300x218.jpg 300w, https:\/\/noongraphicdesign.com\/wp-content\/uploads\/2018\/03\/Identite-SoGoodBuy-NoonGraphicDesign-768x559.jpg 768w\" sizes=\"(max-width: 800px) 100vw, 800px\" \/>                                <\/a>\r\n                            <\/div>\r\n                                                        \r\n                                                        <div class=\"col-md-3                             port-item edition post-1085 portfolio type-portfolio status-publish has-post-thumbnail hentry portfolio_category-edition \" id=\"post-1085\">\r\n                                <a class=\"port-box\" \r\n                                href=\"https:\/\/noongraphicdesign.com\/index.php\/portfolio\/novaedia-ingenierie\/\" >\r\n                                    <div class=\"port-hover\">\r\n                                        <div class=\"port-inner\">\r\n                                            <h3>Novaedia Ing\u00e9nierie<\/h3>\r\n                                             \r\n                                            <p>Edition<\/p>\r\n                                        <\/div>\r\n                                        <i class=\"fa fa-file\"><\/i>\r\n                                    <\/div><!--\/.port-hover-->\r\n                                    <img loading=\"lazy\" decoding=\"async\" width=\"800\" height=\"582\" src=\"https:\/\/noongraphicdesign.com\/wp-content\/uploads\/2018\/03\/Novaedia-NoonGraphicDesign.jpg\" class=\"attachment-post-thumbnail size-post-thumbnail wp-post-image\" alt=\"Plaquette Novaedia Ing\u00e9nierie by Noon Graphic Design\" srcset=\"https:\/\/noongraphicdesign.com\/wp-content\/uploads\/2018\/03\/Novaedia-NoonGraphicDesign.jpg 800w, https:\/\/noongraphicdesign.com\/wp-content\/uploads\/2018\/03\/Novaedia-NoonGraphicDesign-300x218.jpg 300w, https:\/\/noongraphicdesign.com\/wp-content\/uploads\/2018\/03\/Novaedia-NoonGraphicDesign-768x559.jpg 768w\" sizes=\"(max-width: 800px) 100vw, 800px\" \/>                                <\/a>\r\n                            <\/div>\r\n                                                        \r\n                                                        <div class=\"col-md-3                             port-item edition post-1079 portfolio type-portfolio status-publish has-post-thumbnail hentry portfolio_category-edition \" id=\"post-1079\">\r\n                                <a class=\"port-box\" \r\n                                href=\"https:\/\/noongraphicdesign.com\/index.php\/portfolio\/gazon-synthetique\/\" >\r\n                                    <div class=\"port-hover\">\r\n                                        <div class=\"port-inner\">\r\n                                            <h3>Univers Gazon<\/h3>\r\n                                             \r\n                                            <p>Edition<\/p>\r\n                                        <\/div>\r\n                                        <i class=\"fa fa-file\"><\/i>\r\n                                    <\/div><!--\/.port-hover-->\r\n                                    <img loading=\"lazy\" decoding=\"async\" width=\"800\" height=\"582\" src=\"https:\/\/noongraphicdesign.com\/wp-content\/uploads\/2018\/03\/UniversGazon-NoonGraphicDesign102.jpg\" class=\"attachment-post-thumbnail size-post-thumbnail wp-post-image\" alt=\"Catalogue Univers Gazon\/Golf Green City by Noon Graphic Design\" srcset=\"https:\/\/noongraphicdesign.com\/wp-content\/uploads\/2018\/03\/UniversGazon-NoonGraphicDesign102.jpg 800w, https:\/\/noongraphicdesign.com\/wp-content\/uploads\/2018\/03\/UniversGazon-NoonGraphicDesign102-300x218.jpg 300w, https:\/\/noongraphicdesign.com\/wp-content\/uploads\/2018\/03\/UniversGazon-NoonGraphicDesign102-768x559.jpg 768w\" sizes=\"(max-width: 800px) 100vw, 800px\" \/>                                <\/a>\r\n                            <\/div>\r\n                                                        \r\n                                                        <div class=\"col-md-3                             port-item identit-visuelle post-1068 portfolio type-portfolio status-publish has-post-thumbnail hentry portfolio_category-identite-visuelle \" id=\"post-1068\">\r\n                                <a class=\"port-box\" \r\n                                href=\"https:\/\/noongraphicdesign.com\/index.php\/portfolio\/bactech\/\" >\r\n                                    <div class=\"port-hover\">\r\n                                        <div class=\"port-inner\">\r\n                                            <h3>Bactech<\/h3>\r\n                                             \r\n                                            <p>Identit\u00e9 visuelle<\/p>\r\n                                        <\/div>\r\n                                        <i class=\"fa fa-star\"><\/i>\r\n                                    <\/div><!--\/.port-hover-->\r\n                                    <img loading=\"lazy\" decoding=\"async\" width=\"800\" height=\"582\" src=\"https:\/\/noongraphicdesign.com\/wp-content\/uploads\/2018\/03\/Identite-Bactech-NoonGraphicDesign.jpg\" class=\"attachment-post-thumbnail size-post-thumbnail wp-post-image\" alt=\"Logo \/ Identit\u00e9 Visuelle Bactech by NoonGraphicDesign\" srcset=\"https:\/\/noongraphicdesign.com\/wp-content\/uploads\/2018\/03\/Identite-Bactech-NoonGraphicDesign.jpg 800w, https:\/\/noongraphicdesign.com\/wp-content\/uploads\/2018\/03\/Identite-Bactech-NoonGraphicDesign-300x218.jpg 300w, https:\/\/noongraphicdesign.com\/wp-content\/uploads\/2018\/03\/Identite-Bactech-NoonGraphicDesign-768x559.jpg 768w\" sizes=\"(max-width: 800px) 100vw, 800px\" \/>                                <\/a>\r\n                            <\/div>\r\n                                                        \r\n                                                        <div class=\"col-md-3                             port-item edition post-1064 portfolio type-portfolio status-publish has-post-thumbnail hentry portfolio_category-edition \" id=\"post-1064\">\r\n                                <a class=\"port-box\" \r\n                                href=\"https:\/\/noongraphicdesign.com\/index.php\/portfolio\/authentic-escape\/\" >\r\n                                    <div class=\"port-hover\">\r\n                                        <div class=\"port-inner\">\r\n                                            <h3>Authentic Escape<\/h3>\r\n                                             \r\n                                            <p>Edition<\/p>\r\n                                        <\/div>\r\n                                        <i class=\"fa fa-file\"><\/i>\r\n                                    <\/div><!--\/.port-hover-->\r\n                                    <img loading=\"lazy\" decoding=\"async\" width=\"800\" height=\"582\" src=\"https:\/\/noongraphicdesign.com\/wp-content\/uploads\/2018\/03\/AuthenticEscape-NoonGraphicDesign.jpg\" class=\"attachment-post-thumbnail size-post-thumbnail wp-post-image\" alt=\"Plaquette Authentic Escape by Noon Graphic Design\" srcset=\"https:\/\/noongraphicdesign.com\/wp-content\/uploads\/2018\/03\/AuthenticEscape-NoonGraphicDesign.jpg 800w, https:\/\/noongraphicdesign.com\/wp-content\/uploads\/2018\/03\/AuthenticEscape-NoonGraphicDesign-300x218.jpg 300w, https:\/\/noongraphicdesign.com\/wp-content\/uploads\/2018\/03\/AuthenticEscape-NoonGraphicDesign-768x559.jpg 768w\" sizes=\"(max-width: 800px) 100vw, 800px\" \/>                                <\/a>\r\n                            <\/div>\r\n                                                        \r\n                                                        <div class=\"col-md-3                             port-item edition post-1059 portfolio type-portfolio status-publish has-post-thumbnail hentry portfolio_category-edition \" id=\"post-1059\">\r\n                                <a class=\"port-box\" \r\n                                href=\"https:\/\/noongraphicdesign.com\/index.php\/portfolio\/vegemedica\/\" >\r\n                                    <div class=\"port-hover\">\r\n                                        <div class=\"port-inner\">\r\n                                            <h3>V\u00e9g\u00e9m\u00e9dica<\/h3>\r\n                                             \r\n                                            <p>Edition<\/p>\r\n                                        <\/div>\r\n                                        <i class=\"fa fa-heart\"><\/i>\r\n                                    <\/div><!--\/.port-hover-->\r\n                                    <img loading=\"lazy\" decoding=\"async\" width=\"800\" height=\"582\" src=\"https:\/\/noongraphicdesign.com\/wp-content\/uploads\/2018\/03\/Voeux-Vegemedica-2017-NoonGraphicDesign.jpg\" class=\"attachment-post-thumbnail size-post-thumbnail wp-post-image\" alt=\"Voeux Vegemedica 2017 by NoonGraphicDesign\" srcset=\"https:\/\/noongraphicdesign.com\/wp-content\/uploads\/2018\/03\/Voeux-Vegemedica-2017-NoonGraphicDesign.jpg 800w, https:\/\/noongraphicdesign.com\/wp-content\/uploads\/2018\/03\/Voeux-Vegemedica-2017-NoonGraphicDesign-300x218.jpg 300w, https:\/\/noongraphicdesign.com\/wp-content\/uploads\/2018\/03\/Voeux-Vegemedica-2017-NoonGraphicDesign-768x559.jpg 768w\" sizes=\"(max-width: 800px) 100vw, 800px\" \/>                                <\/a>\r\n                            <\/div>\r\n                                                        \r\n                                                        <div class=\"col-md-3                             port-item edition post-1053 portfolio type-portfolio status-publish has-post-thumbnail hentry portfolio_category-edition \" id=\"post-1053\">\r\n                                <a class=\"port-box\" \r\n                                href=\"https:\/\/noongraphicdesign.com\/index.php\/portfolio\/bilan-mi-mandat\/\" >\r\n                                    <div class=\"port-hover\">\r\n                                        <div class=\"port-inner\">\r\n                                            <h3>Bilan Mi-mandat<\/h3>\r\n                                             \r\n                                            <p>Edition<\/p>\r\n                                        <\/div>\r\n                                        <i class=\"fa \"><\/i>\r\n                                    <\/div><!--\/.port-hover-->\r\n                                    <img loading=\"lazy\" decoding=\"async\" width=\"3333\" height=\"2425\" src=\"https:\/\/noongraphicdesign.com\/wp-content\/uploads\/2018\/03\/BilanMiMandat-NoonGraphicDesign-2.jpg\" class=\"attachment-post-thumbnail size-post-thumbnail wp-post-image\" alt=\"\" srcset=\"https:\/\/noongraphicdesign.com\/wp-content\/uploads\/2018\/03\/BilanMiMandat-NoonGraphicDesign-2.jpg 3333w, https:\/\/noongraphicdesign.com\/wp-content\/uploads\/2018\/03\/BilanMiMandat-NoonGraphicDesign-2-300x218.jpg 300w, https:\/\/noongraphicdesign.com\/wp-content\/uploads\/2018\/03\/BilanMiMandat-NoonGraphicDesign-2-768x559.jpg 768w, https:\/\/noongraphicdesign.com\/wp-content\/uploads\/2018\/03\/BilanMiMandat-NoonGraphicDesign-2-1024x745.jpg 1024w\" sizes=\"(max-width: 3333px) 100vw, 3333px\" \/>                                <\/a>\r\n                            <\/div>\r\n                                                        \r\n                                                        <div class=\"col-md-3                             port-item ev-nementiel post-1049 portfolio type-portfolio status-publish has-post-thumbnail hentry portfolio_category-evenementiel \" id=\"post-1049\">\r\n                                <a class=\"port-box\" \r\n                                href=\"https:\/\/noongraphicdesign.com\/index.php\/portfolio\/saint-patrick\/\" >\r\n                                    <div class=\"port-hover\">\r\n                                        <div class=\"port-inner\">\r\n                                            <h3>Saint-Patrick<\/h3>\r\n                                             \r\n                                            <p>Ev\u00e9nementiel<\/p>\r\n                                        <\/div>\r\n                                        <i class=\"fa fa-eye\"><\/i>\r\n                                    <\/div><!--\/.port-hover-->\r\n                                    <img loading=\"lazy\" decoding=\"async\" width=\"800\" height=\"582\" src=\"https:\/\/noongraphicdesign.com\/wp-content\/uploads\/2018\/03\/SaintPatrick-Pelissanne-NoonGraphicDesign.jpg\" class=\"attachment-post-thumbnail size-post-thumbnail wp-post-image\" alt=\"F\u00eate de la Saint Patrick P\u00e9lissanne by Noon Graphic Design\" srcset=\"https:\/\/noongraphicdesign.com\/wp-content\/uploads\/2018\/03\/SaintPatrick-Pelissanne-NoonGraphicDesign.jpg 800w, https:\/\/noongraphicdesign.com\/wp-content\/uploads\/2018\/03\/SaintPatrick-Pelissanne-NoonGraphicDesign-300x218.jpg 300w, https:\/\/noongraphicdesign.com\/wp-content\/uploads\/2018\/03\/SaintPatrick-Pelissanne-NoonGraphicDesign-768x559.jpg 768w\" sizes=\"(max-width: 800px) 100vw, 800px\" \/>                                <\/a>\r\n                            <\/div>\r\n                                                        \r\n                                                        <div class=\"col-md-3                             port-item ev-nementiel post-1044 portfolio type-portfolio status-publish has-post-thumbnail hentry portfolio_category-evenementiel \" id=\"post-1044\">\r\n                                <a class=\"port-box\" \r\n                                href=\"https:\/\/noongraphicdesign.com\/index.php\/portfolio\/transhumance-et-floralies\/\" >\r\n                                    <div class=\"port-hover\">\r\n                                        <div class=\"port-inner\">\r\n                                            <h3>Transhumance et Floralies<\/h3>\r\n                                             \r\n                                            <p>Ev\u00e9nementiel<\/p>\r\n                                        <\/div>\r\n                                        <i class=\"fa fa-eye\"><\/i>\r\n                                    <\/div><!--\/.port-hover-->\r\n                                    <img loading=\"lazy\" decoding=\"async\" width=\"800\" height=\"582\" src=\"https:\/\/noongraphicdesign.com\/wp-content\/uploads\/2018\/03\/Transhumance-Pelissanne-NoonGraphicDesign.jpg\" class=\"attachment-post-thumbnail size-post-thumbnail wp-post-image\" alt=\"Transhumance et Floralies Pelissanne by Noon Graphic Design\" srcset=\"https:\/\/noongraphicdesign.com\/wp-content\/uploads\/2018\/03\/Transhumance-Pelissanne-NoonGraphicDesign.jpg 800w, https:\/\/noongraphicdesign.com\/wp-content\/uploads\/2018\/03\/Transhumance-Pelissanne-NoonGraphicDesign-300x218.jpg 300w, https:\/\/noongraphicdesign.com\/wp-content\/uploads\/2018\/03\/Transhumance-Pelissanne-NoonGraphicDesign-768x559.jpg 768w\" sizes=\"(max-width: 800px) 100vw, 800px\" \/>                                <\/a>\r\n                            <\/div>\r\n                                                        \r\n                                                        <div class=\"col-md-3                             port-item edition post-1031 portfolio type-portfolio status-publish has-post-thumbnail hentry portfolio_category-edition \" id=\"post-1031\">\r\n                                <a class=\"port-box\" \r\n                                href=\"https:\/\/noongraphicdesign.com\/index.php\/portfolio\/regie-de-leau\/\" >\r\n                                    <div class=\"port-hover\">\r\n                                        <div class=\"port-inner\">\r\n                                            <h3>R\u00e9gie de l&rsquo;eau<\/h3>\r\n                                             \r\n                                            <p>Edition<\/p>\r\n                                        <\/div>\r\n                                        <i class=\"fa fa-edit\"><\/i>\r\n                                    <\/div><!--\/.port-hover-->\r\n                                    <img loading=\"lazy\" decoding=\"async\" width=\"800\" height=\"582\" src=\"https:\/\/noongraphicdesign.com\/wp-content\/uploads\/2018\/03\/RegieDeLeau-Synthese2016-NoonGraphicDesign.jpg\" class=\"attachment-post-thumbnail size-post-thumbnail wp-post-image\" alt=\"R\u00e9gie De L&#039;eau Synth\u00e8se 2016 by Noon Graphic Design\" srcset=\"https:\/\/noongraphicdesign.com\/wp-content\/uploads\/2018\/03\/RegieDeLeau-Synthese2016-NoonGraphicDesign.jpg 800w, https:\/\/noongraphicdesign.com\/wp-content\/uploads\/2018\/03\/RegieDeLeau-Synthese2016-NoonGraphicDesign-300x218.jpg 300w, https:\/\/noongraphicdesign.com\/wp-content\/uploads\/2018\/03\/RegieDeLeau-Synthese2016-NoonGraphicDesign-768x559.jpg 768w\" sizes=\"(max-width: 800px) 100vw, 800px\" \/>                                <\/a>\r\n                            <\/div>\r\n                                                        \r\n                                                        <div class=\"col-md-3                             port-item cadre-de-vie com-publique post-1025 portfolio type-portfolio status-publish has-post-thumbnail hentry portfolio_category-cadre-de-vie portfolio_category-compublique \" id=\"post-1025\">\r\n                                <a class=\"port-box\" \r\n                                href=\"https:\/\/noongraphicdesign.com\/index.php\/portfolio\/concertation-bhns\/\" >\r\n                                    <div class=\"port-hover\">\r\n                                        <div class=\"port-inner\">\r\n                                            <h3>Concertation BHNS<\/h3>\r\n                                             \r\n                                            <p>Cadre de Vie<\/p>\r\n                                        <\/div>\r\n                                        <i class=\"fa \"><\/i>\r\n                                    <\/div><!--\/.port-hover-->\r\n                                    <img loading=\"lazy\" decoding=\"async\" width=\"3333\" height=\"2425\" src=\"https:\/\/noongraphicdesign.com\/wp-content\/uploads\/2018\/03\/ConcertationBHNSAixEnProvence-NoonGraphicDesign-2.jpg\" class=\"attachment-post-thumbnail size-post-thumbnail wp-post-image\" alt=\"\" srcset=\"https:\/\/noongraphicdesign.com\/wp-content\/uploads\/2018\/03\/ConcertationBHNSAixEnProvence-NoonGraphicDesign-2.jpg 3333w, https:\/\/noongraphicdesign.com\/wp-content\/uploads\/2018\/03\/ConcertationBHNSAixEnProvence-NoonGraphicDesign-2-300x218.jpg 300w, https:\/\/noongraphicdesign.com\/wp-content\/uploads\/2018\/03\/ConcertationBHNSAixEnProvence-NoonGraphicDesign-2-768x559.jpg 768w, https:\/\/noongraphicdesign.com\/wp-content\/uploads\/2018\/03\/ConcertationBHNSAixEnProvence-NoonGraphicDesign-2-1024x745.jpg 1024w\" sizes=\"(max-width: 3333px) 100vw, 3333px\" \/>                                <\/a>\r\n                            <\/div>\r\n                                                        \r\n                                                        <div class=\"col-md-3                             port-item ev-nementiel post-1020 portfolio type-portfolio status-publish has-post-thumbnail hentry portfolio_category-evenementiel \" id=\"post-1020\">\r\n                                <a class=\"port-box\" \r\n                                href=\"https:\/\/noongraphicdesign.com\/index.php\/portfolio\/marche-de-noel\/\" >\r\n                                    <div class=\"port-hover\">\r\n                                        <div class=\"port-inner\">\r\n                                            <h3>March\u00e9 de No\u00ebl<\/h3>\r\n                                             \r\n                                            <p>Ev\u00e9nementiel<\/p>\r\n                                        <\/div>\r\n                                        <i class=\"fa fa-eye\"><\/i>\r\n                                    <\/div><!--\/.port-hover-->\r\n                                    <img loading=\"lazy\" decoding=\"async\" width=\"800\" height=\"582\" src=\"https:\/\/noongraphicdesign.com\/wp-content\/uploads\/2018\/03\/MarcheDeNoel-Pelissanne-2015-NoonGraphicDesign.jpg\" class=\"attachment-post-thumbnail size-post-thumbnail wp-post-image\" alt=\"March\u00e9 De No\u00ebl P\u00e9lissanne 2015 by Noon Graphic Design\" srcset=\"https:\/\/noongraphicdesign.com\/wp-content\/uploads\/2018\/03\/MarcheDeNoel-Pelissanne-2015-NoonGraphicDesign.jpg 800w, https:\/\/noongraphicdesign.com\/wp-content\/uploads\/2018\/03\/MarcheDeNoel-Pelissanne-2015-NoonGraphicDesign-300x218.jpg 300w, https:\/\/noongraphicdesign.com\/wp-content\/uploads\/2018\/03\/MarcheDeNoel-Pelissanne-2015-NoonGraphicDesign-768x559.jpg 768w\" sizes=\"(max-width: 800px) 100vw, 800px\" \/>                                <\/a>\r\n                            <\/div>\r\n                                                        \r\n                                                        <div class=\"col-md-3                             port-item sport-bien-tre post-1010 portfolio type-portfolio status-publish has-post-thumbnail hentry portfolio_category-sport \" id=\"post-1010\">\r\n                                <a class=\"port-box\" \r\n                                href=\"https:\/\/noongraphicdesign.com\/index.php\/portfolio\/des-sports-passsport-club\/\" >\r\n                                    <div class=\"port-hover\">\r\n                                        <div class=\"port-inner\">\r\n                                            <h3>Pass&rsquo;Sport Club<\/h3>\r\n                                             \r\n                                            <p>Sport\/Bien-\u00eatre<\/p>\r\n                                        <\/div>\r\n                                        <i class=\"fa fa-bicycle\"><\/i>\r\n                                    <\/div><!--\/.port-hover-->\r\n                                    <img loading=\"lazy\" decoding=\"async\" width=\"1067\" height=\"776\" src=\"https:\/\/noongraphicdesign.com\/wp-content\/uploads\/2018\/03\/PassSportClubByNoonGraphicDesign1.jpg\" class=\"attachment-post-thumbnail size-post-thumbnail wp-post-image\" alt=\"Pass Sport Club By Noon Graphic Design\" srcset=\"https:\/\/noongraphicdesign.com\/wp-content\/uploads\/2018\/03\/PassSportClubByNoonGraphicDesign1.jpg 1067w, https:\/\/noongraphicdesign.com\/wp-content\/uploads\/2018\/03\/PassSportClubByNoonGraphicDesign1-300x218.jpg 300w, https:\/\/noongraphicdesign.com\/wp-content\/uploads\/2018\/03\/PassSportClubByNoonGraphicDesign1-768x559.jpg 768w, https:\/\/noongraphicdesign.com\/wp-content\/uploads\/2018\/03\/PassSportClubByNoonGraphicDesign1-1024x745.jpg 1024w\" sizes=\"(max-width: 1067px) 100vw, 1067px\" \/>                                <\/a>\r\n                            <\/div>\r\n                                                        \r\n                                                        <div class=\"col-md-3                             port-item culture post-986 portfolio type-portfolio status-publish has-post-thumbnail hentry portfolio_category-culture \" id=\"post-986\">\r\n                                <a class=\"port-box\" \r\n                                href=\"https:\/\/noongraphicdesign.com\/index.php\/portfolio\/theatre-du-bois-de-laune\/\" >\r\n                                    <div class=\"port-hover\">\r\n                                        <div class=\"port-inner\">\r\n                                            <h3>Th\u00e9\u00e2tre du Bois de l&rsquo;Aune<\/h3>\r\n                                             \r\n                                            <p>Culture<\/p>\r\n                                        <\/div>\r\n                                        <i class=\"fa \"><\/i>\r\n                                    <\/div><!--\/.port-hover-->\r\n                                    <img loading=\"lazy\" decoding=\"async\" width=\"3333\" height=\"2425\" src=\"https:\/\/noongraphicdesign.com\/wp-content\/uploads\/2018\/03\/ProgrammeAVenir-NoonGraphicDesign-2.jpg\" class=\"attachment-post-thumbnail size-post-thumbnail wp-post-image\" alt=\"\" srcset=\"https:\/\/noongraphicdesign.com\/wp-content\/uploads\/2018\/03\/ProgrammeAVenir-NoonGraphicDesign-2.jpg 3333w, https:\/\/noongraphicdesign.com\/wp-content\/uploads\/2018\/03\/ProgrammeAVenir-NoonGraphicDesign-2-300x218.jpg 300w, https:\/\/noongraphicdesign.com\/wp-content\/uploads\/2018\/03\/ProgrammeAVenir-NoonGraphicDesign-2-768x559.jpg 768w, https:\/\/noongraphicdesign.com\/wp-content\/uploads\/2018\/03\/ProgrammeAVenir-NoonGraphicDesign-2-1024x745.jpg 1024w\" sizes=\"(max-width: 3333px) 100vw, 3333px\" \/>                                <\/a>\r\n                            <\/div>\r\n                                                        \r\n                                                        <div class=\"col-md-3                             port-item cadre-de-vie com-publique post-985 portfolio type-portfolio status-publish has-post-thumbnail hentry portfolio_category-cadre-de-vie portfolio_category-compublique \" id=\"post-985\">\r\n                                <a class=\"port-box\" \r\n                                href=\"https:\/\/noongraphicdesign.com\/index.php\/portfolio\/campagne-2018\/\" >\r\n                                    <div class=\"port-hover\">\r\n                                        <div class=\"port-inner\">\r\n                                            <h3>R\u00e9novation urbaine<\/h3>\r\n                                             \r\n                                            <p>Cadre de Vie<\/p>\r\n                                        <\/div>\r\n                                        <i class=\"fa \"><\/i>\r\n                                    <\/div><!--\/.port-hover-->\r\n                                    <img loading=\"lazy\" decoding=\"async\" width=\"3333\" height=\"2425\" src=\"https:\/\/noongraphicdesign.com\/wp-content\/uploads\/2018\/03\/RenovationUrbaineAixEnProvence-NoonGraphicDesign-2.jpg\" class=\"attachment-post-thumbnail size-post-thumbnail wp-post-image\" alt=\"\" srcset=\"https:\/\/noongraphicdesign.com\/wp-content\/uploads\/2018\/03\/RenovationUrbaineAixEnProvence-NoonGraphicDesign-2.jpg 3333w, https:\/\/noongraphicdesign.com\/wp-content\/uploads\/2018\/03\/RenovationUrbaineAixEnProvence-NoonGraphicDesign-2-300x218.jpg 300w, https:\/\/noongraphicdesign.com\/wp-content\/uploads\/2018\/03\/RenovationUrbaineAixEnProvence-NoonGraphicDesign-2-768x559.jpg 768w, https:\/\/noongraphicdesign.com\/wp-content\/uploads\/2018\/03\/RenovationUrbaineAixEnProvence-NoonGraphicDesign-2-1024x745.jpg 1024w\" sizes=\"(max-width: 3333px) 100vw, 3333px\" \/>                                <\/a>\r\n                            <\/div>\r\n                                                        \r\n                                                        <div class=\"col-md-3                             port-item culture post-980 portfolio type-portfolio status-publish has-post-thumbnail hentry portfolio_category-culture \" id=\"post-980\">\r\n                                <a class=\"port-box\" \r\n                                href=\"https:\/\/noongraphicdesign.com\/index.php\/portfolio\/journees-du-patrimoine\/\" >\r\n                                    <div class=\"port-hover\">\r\n                                        <div class=\"port-inner\">\r\n                                            <h3>Journ\u00e9es du Patrimoine<\/h3>\r\n                                             \r\n                                            <p>Culture<\/p>\r\n                                        <\/div>\r\n                                        <i class=\"fa \"><\/i>\r\n                                    <\/div><!--\/.port-hover-->\r\n                                    <img loading=\"lazy\" decoding=\"async\" width=\"3333\" height=\"2425\" src=\"https:\/\/noongraphicdesign.com\/wp-content\/uploads\/2017\/09\/JourneesDuPatrimoineAixEnProvence-NoonGraphicDesign-22.jpg\" class=\"attachment-post-thumbnail size-post-thumbnail wp-post-image\" alt=\"\" srcset=\"https:\/\/noongraphicdesign.com\/wp-content\/uploads\/2017\/09\/JourneesDuPatrimoineAixEnProvence-NoonGraphicDesign-22.jpg 3333w, https:\/\/noongraphicdesign.com\/wp-content\/uploads\/2017\/09\/JourneesDuPatrimoineAixEnProvence-NoonGraphicDesign-22-300x218.jpg 300w, https:\/\/noongraphicdesign.com\/wp-content\/uploads\/2017\/09\/JourneesDuPatrimoineAixEnProvence-NoonGraphicDesign-22-768x559.jpg 768w, https:\/\/noongraphicdesign.com\/wp-content\/uploads\/2017\/09\/JourneesDuPatrimoineAixEnProvence-NoonGraphicDesign-22-1024x745.jpg 1024w\" sizes=\"(max-width: 3333px) 100vw, 3333px\" \/>                                <\/a>\r\n                            <\/div>\r\n                                                        \r\n                                                        <div class=\"col-md-3                             port-item ev-nementiel post-967 portfolio type-portfolio status-publish has-post-thumbnail hentry portfolio_category-evenementiel \" id=\"post-967\">\r\n                                <a class=\"port-box\" \r\n                                href=\"https:\/\/noongraphicdesign.com\/index.php\/portfolio\/au-rythme-de-ma-rue\/\" >\r\n                                    <div class=\"port-hover\">\r\n                                        <div class=\"port-inner\">\r\n                                            <h3>Au Rythme de ma rue<\/h3>\r\n                                             \r\n                                            <p>Ev\u00e9nementiel<\/p>\r\n                                        <\/div>\r\n                                        <i class=\"fa fa-eye\"><\/i>\r\n                                    <\/div><!--\/.port-hover-->\r\n                                    <img loading=\"lazy\" decoding=\"async\" width=\"800\" height=\"582\" src=\"https:\/\/noongraphicdesign.com\/wp-content\/uploads\/2018\/03\/AuRythmeDeMaRue-Pelissanne-2017-NoonGraphicDesign.jpg\" class=\"attachment-post-thumbnail size-post-thumbnail wp-post-image\" alt=\"Au Rythme De Ma Rue P\u00e9lissanne 2017 by NoonGraphicDesign\" srcset=\"https:\/\/noongraphicdesign.com\/wp-content\/uploads\/2018\/03\/AuRythmeDeMaRue-Pelissanne-2017-NoonGraphicDesign.jpg 800w, https:\/\/noongraphicdesign.com\/wp-content\/uploads\/2018\/03\/AuRythmeDeMaRue-Pelissanne-2017-NoonGraphicDesign-300x218.jpg 300w, https:\/\/noongraphicdesign.com\/wp-content\/uploads\/2018\/03\/AuRythmeDeMaRue-Pelissanne-2017-NoonGraphicDesign-768x559.jpg 768w\" sizes=\"(max-width: 800px) 100vw, 800px\" \/>                                <\/a>\r\n                            <\/div>\r\n                                                        \r\n                                                        <div class=\"col-md-3                             port-item ev-nementiel post-962 portfolio type-portfolio status-publish has-post-thumbnail hentry portfolio_category-evenementiel \" id=\"post-962\">\r\n                                <a class=\"port-box\" \r\n                                href=\"https:\/\/noongraphicdesign.com\/index.php\/portfolio\/festival-des-ecrivains-du-sud\/\" >\r\n                                    <div class=\"port-hover\">\r\n                                        <div class=\"port-inner\">\r\n                                            <h3>Festival des \u00e9crivains du sud<\/h3>\r\n                                             \r\n                                            <p>Ev\u00e9nementiel<\/p>\r\n                                        <\/div>\r\n                                        <i class=\"fa fa-eye\"><\/i>\r\n                                    <\/div><!--\/.port-hover-->\r\n                                    <img loading=\"lazy\" decoding=\"async\" width=\"800\" height=\"582\" src=\"https:\/\/noongraphicdesign.com\/wp-content\/uploads\/2018\/03\/FestivalDesEcrivainsDuSud-2015-NoonGraphicDesign.jpg\" class=\"attachment-post-thumbnail size-post-thumbnail wp-post-image\" alt=\"Festival des Ecrivains du Sud 2015 Aix en Provence by Noon Graphic Design\" srcset=\"https:\/\/noongraphicdesign.com\/wp-content\/uploads\/2018\/03\/FestivalDesEcrivainsDuSud-2015-NoonGraphicDesign.jpg 800w, https:\/\/noongraphicdesign.com\/wp-content\/uploads\/2018\/03\/FestivalDesEcrivainsDuSud-2015-NoonGraphicDesign-300x218.jpg 300w, https:\/\/noongraphicdesign.com\/wp-content\/uploads\/2018\/03\/FestivalDesEcrivainsDuSud-2015-NoonGraphicDesign-768x559.jpg 768w\" sizes=\"(max-width: 800px) 100vw, 800px\" \/>                                <\/a>\r\n                            <\/div>\r\n                                                        \r\n                                                        <div class=\"col-md-3                             port-item ev-nementiel post-940 portfolio type-portfolio status-publish has-post-thumbnail hentry portfolio_category-evenementiel \" id=\"post-940\">\r\n                                <a class=\"port-box\" \r\n                                href=\"https:\/\/noongraphicdesign.com\/index.php\/portfolio\/capitale-provencale-de-la-culture\/\" >\r\n                                    <div class=\"port-hover\">\r\n                                        <div class=\"port-inner\">\r\n                                            <h3>Capitale Proven\u00e7ale de la Culture<\/h3>\r\n                                             \r\n                                            <p>Ev\u00e9nementiel<\/p>\r\n                                        <\/div>\r\n                                        <i class=\"fa fa-copyright\"><\/i>\r\n                                    <\/div><!--\/.port-hover-->\r\n                                    <img loading=\"lazy\" decoding=\"async\" width=\"800\" height=\"582\" src=\"https:\/\/noongraphicdesign.com\/wp-content\/uploads\/2018\/03\/CapitaleProvencale-Pelissanne-2018-NoonGraphicDesign.jpg\" class=\"attachment-post-thumbnail size-post-thumbnail wp-post-image\" alt=\"P\u00e9lissanne Capitale Proven\u00e7ale de la Culture 2018 by Noon Graphic Design\" srcset=\"https:\/\/noongraphicdesign.com\/wp-content\/uploads\/2018\/03\/CapitaleProvencale-Pelissanne-2018-NoonGraphicDesign.jpg 800w, https:\/\/noongraphicdesign.com\/wp-content\/uploads\/2018\/03\/CapitaleProvencale-Pelissanne-2018-NoonGraphicDesign-300x218.jpg 300w, https:\/\/noongraphicdesign.com\/wp-content\/uploads\/2018\/03\/CapitaleProvencale-Pelissanne-2018-NoonGraphicDesign-768x559.jpg 768w\" sizes=\"(max-width: 800px) 100vw, 800px\" \/>                                <\/a>\r\n                            <\/div>\r\n                                                        \r\n                                                        <div class=\"col-md-3                             port-item culture post-895 portfolio type-portfolio status-publish has-post-thumbnail hentry portfolio_category-culture \" id=\"post-895\">\r\n                                <a class=\"port-box\" \r\n                                href=\"https:\/\/noongraphicdesign.com\/index.php\/portfolio\/musee-granet\/\" >\r\n                                    <div class=\"port-hover\">\r\n                                        <div class=\"port-inner\">\r\n                                            <h3>Mus\u00e9e Granet<\/h3>\r\n                                             \r\n                                            <p>Culture<\/p>\r\n                                        <\/div>\r\n                                        <i class=\"fa \"><\/i>\r\n                                    <\/div><!--\/.port-hover-->\r\n                                    <img loading=\"lazy\" decoding=\"async\" width=\"3333\" height=\"2425\" src=\"https:\/\/noongraphicdesign.com\/wp-content\/uploads\/2018\/03\/ProgrammeMuseeGrantAixEnProvence-NoonGraphicDesign-22.jpg\" class=\"attachment-post-thumbnail size-post-thumbnail wp-post-image\" alt=\"\" srcset=\"https:\/\/noongraphicdesign.com\/wp-content\/uploads\/2018\/03\/ProgrammeMuseeGrantAixEnProvence-NoonGraphicDesign-22.jpg 3333w, https:\/\/noongraphicdesign.com\/wp-content\/uploads\/2018\/03\/ProgrammeMuseeGrantAixEnProvence-NoonGraphicDesign-22-300x218.jpg 300w, https:\/\/noongraphicdesign.com\/wp-content\/uploads\/2018\/03\/ProgrammeMuseeGrantAixEnProvence-NoonGraphicDesign-22-768x559.jpg 768w, https:\/\/noongraphicdesign.com\/wp-content\/uploads\/2018\/03\/ProgrammeMuseeGrantAixEnProvence-NoonGraphicDesign-22-1024x745.jpg 1024w\" sizes=\"(max-width: 3333px) 100vw, 3333px\" \/>                                <\/a>\r\n                            <\/div>\r\n                                                        \r\n                                                        <div class=\"col-md-3                             port-item culture post-880 portfolio type-portfolio status-publish has-post-thumbnail hentry portfolio_category-culture \" id=\"post-880\">\r\n                                <a class=\"port-box\" \r\n                                href=\"https:\/\/noongraphicdesign.com\/index.php\/portfolio\/dominique-castell\/\" >\r\n                                    <div class=\"port-hover\">\r\n                                        <div class=\"port-inner\">\r\n                                            <h3>Dominique Castell<\/h3>\r\n                                             \r\n                                            <p>Culture<\/p>\r\n                                        <\/div>\r\n                                        <i class=\"fa \"><\/i>\r\n                                    <\/div><!--\/.port-hover-->\r\n                                    <img loading=\"lazy\" decoding=\"async\" width=\"3333\" height=\"2425\" src=\"https:\/\/noongraphicdesign.com\/wp-content\/uploads\/2018\/03\/CarteBlancheADominiqueCastellAixEnProvence-NoonGraphicDesign-2.jpg\" class=\"attachment-post-thumbnail size-post-thumbnail wp-post-image\" alt=\"\" srcset=\"https:\/\/noongraphicdesign.com\/wp-content\/uploads\/2018\/03\/CarteBlancheADominiqueCastellAixEnProvence-NoonGraphicDesign-2.jpg 3333w, https:\/\/noongraphicdesign.com\/wp-content\/uploads\/2018\/03\/CarteBlancheADominiqueCastellAixEnProvence-NoonGraphicDesign-2-300x218.jpg 300w, https:\/\/noongraphicdesign.com\/wp-content\/uploads\/2018\/03\/CarteBlancheADominiqueCastellAixEnProvence-NoonGraphicDesign-2-768x559.jpg 768w, https:\/\/noongraphicdesign.com\/wp-content\/uploads\/2018\/03\/CarteBlancheADominiqueCastellAixEnProvence-NoonGraphicDesign-2-1024x745.jpg 1024w\" sizes=\"(max-width: 3333px) 100vw, 3333px\" \/>                                <\/a>\r\n                            <\/div>\r\n                                                        \r\n                                                        <div class=\"col-md-3                             port-item ev-nementiel post-881 portfolio type-portfolio status-publish has-post-thumbnail hentry portfolio_category-evenementiel \" id=\"post-881\">\r\n                                <a class=\"port-box\" \r\n                                href=\"https:\/\/noongraphicdesign.com\/index.php\/portfolio\/fetes-de-pelissanne\/\" >\r\n                                    <div class=\"port-hover\">\r\n                                        <div class=\"port-inner\">\r\n                                            <h3>F\u00eates de P\u00e9lissanne<\/h3>\r\n                                             \r\n                                            <p>Ev\u00e9nementiel<\/p>\r\n                                        <\/div>\r\n                                        <i class=\"fa fa-eye\"><\/i>\r\n                                    <\/div><!--\/.port-hover-->\r\n                                    <img loading=\"lazy\" decoding=\"async\" width=\"800\" height=\"582\" src=\"https:\/\/noongraphicdesign.com\/wp-content\/uploads\/2018\/03\/FetesDePelissanne-2017-NoonGraphicDesign.jpg\" class=\"attachment-post-thumbnail size-post-thumbnail wp-post-image\" alt=\"F\u00eates de Pelissanne 2017 by NoonGraphicDesign\" srcset=\"https:\/\/noongraphicdesign.com\/wp-content\/uploads\/2018\/03\/FetesDePelissanne-2017-NoonGraphicDesign.jpg 800w, https:\/\/noongraphicdesign.com\/wp-content\/uploads\/2018\/03\/FetesDePelissanne-2017-NoonGraphicDesign-300x218.jpg 300w, https:\/\/noongraphicdesign.com\/wp-content\/uploads\/2018\/03\/FetesDePelissanne-2017-NoonGraphicDesign-768x559.jpg 768w\" sizes=\"(max-width: 800px) 100vw, 800px\" \/>                                <\/a>\r\n                            <\/div>\r\n                                                        \r\n                                                        <div class=\"col-md-3                             port-item culture post-872 portfolio type-portfolio status-publish has-post-thumbnail hentry portfolio_category-culture \" id=\"post-872\">\r\n                                <a class=\"port-box\" \r\n                                href=\"https:\/\/noongraphicdesign.com\/index.php\/portfolio\/saison-culturelle\/\" >\r\n                                    <div class=\"port-hover\">\r\n                                        <div class=\"port-inner\">\r\n                                            <h3>Saison Culturelle<\/h3>\r\n                                             \r\n                                            <p>Culture<\/p>\r\n                                        <\/div>\r\n                                        <i class=\"fa \"><\/i>\r\n                                    <\/div><!--\/.port-hover-->\r\n                                    <img loading=\"lazy\" decoding=\"async\" width=\"3333\" height=\"2425\" src=\"https:\/\/noongraphicdesign.com\/wp-content\/uploads\/2018\/03\/SaisonCulturelleSimianeCollongue-NoonGraphicDesign-22.jpg\" class=\"attachment-post-thumbnail size-post-thumbnail wp-post-image\" alt=\"\" srcset=\"https:\/\/noongraphicdesign.com\/wp-content\/uploads\/2018\/03\/SaisonCulturelleSimianeCollongue-NoonGraphicDesign-22.jpg 3333w, https:\/\/noongraphicdesign.com\/wp-content\/uploads\/2018\/03\/SaisonCulturelleSimianeCollongue-NoonGraphicDesign-22-300x218.jpg 300w, https:\/\/noongraphicdesign.com\/wp-content\/uploads\/2018\/03\/SaisonCulturelleSimianeCollongue-NoonGraphicDesign-22-768x559.jpg 768w, https:\/\/noongraphicdesign.com\/wp-content\/uploads\/2018\/03\/SaisonCulturelleSimianeCollongue-NoonGraphicDesign-22-1024x745.jpg 1024w\" sizes=\"(max-width: 3333px) 100vw, 3333px\" \/>                                <\/a>\r\n                            <\/div>\r\n                                                        \r\n                                                        <div class=\"col-md-3                             port-item com-publique post-682 portfolio type-portfolio status-publish has-post-thumbnail hentry portfolio_category-compublique \" id=\"post-682\">\r\n                                <a class=\"port-box\" \r\n                                href=\"https:\/\/noongraphicdesign.com\/index.php\/portfolio\/pelissanne2017\/\" >\r\n                                    <div class=\"port-hover\">\r\n                                        <div class=\"port-inner\">\r\n                                            <h3>V\u0153ux 2014<\/h3>\r\n                                             \r\n                                            <p>Com'Publique<\/p>\r\n                                        <\/div>\r\n                                        <i class=\"fa \"><\/i>\r\n                                    <\/div><!--\/.port-hover-->\r\n                                    <img loading=\"lazy\" decoding=\"async\" width=\"3333\" height=\"2425\" src=\"https:\/\/noongraphicdesign.com\/wp-content\/uploads\/2017\/09\/Voeux2014Pelissanne-NoonGraphicDesign-2.jpg\" class=\"attachment-post-thumbnail size-post-thumbnail wp-post-image\" alt=\"\" srcset=\"https:\/\/noongraphicdesign.com\/wp-content\/uploads\/2017\/09\/Voeux2014Pelissanne-NoonGraphicDesign-2.jpg 3333w, https:\/\/noongraphicdesign.com\/wp-content\/uploads\/2017\/09\/Voeux2014Pelissanne-NoonGraphicDesign-2-300x218.jpg 300w, https:\/\/noongraphicdesign.com\/wp-content\/uploads\/2017\/09\/Voeux2014Pelissanne-NoonGraphicDesign-2-768x559.jpg 768w, https:\/\/noongraphicdesign.com\/wp-content\/uploads\/2017\/09\/Voeux2014Pelissanne-NoonGraphicDesign-2-1024x745.jpg 1024w\" sizes=\"(max-width: 3333px) 100vw, 3333px\" \/>                                <\/a>\r\n                            <\/div>\r\n                                                        \r\n                                                        <div class=\"col-md-3                             port-item culture post-680 portfolio type-portfolio status-publish has-post-thumbnail hentry portfolio_category-culture \" id=\"post-680\">\r\n                                <a class=\"port-box\" \r\n                                href=\"https:\/\/noongraphicdesign.com\/index.php\/portfolio\/journeesdupatrimoine\/\" >\r\n                                    <div class=\"port-hover\">\r\n                                        <div class=\"port-inner\">\r\n                                            <h3>Journ\u00e9es du Patrimoine<\/h3>\r\n                                             \r\n                                            <p>Culture<\/p>\r\n                                        <\/div>\r\n                                        <i class=\"fa \"><\/i>\r\n                                    <\/div><!--\/.port-hover-->\r\n                                    <img loading=\"lazy\" decoding=\"async\" width=\"3333\" height=\"2425\" src=\"https:\/\/noongraphicdesign.com\/wp-content\/uploads\/2017\/09\/JourneesDuPatrimoineAixEnProvence-NoonGraphicDesign-22.jpg\" class=\"attachment-post-thumbnail size-post-thumbnail wp-post-image\" alt=\"\" srcset=\"https:\/\/noongraphicdesign.com\/wp-content\/uploads\/2017\/09\/JourneesDuPatrimoineAixEnProvence-NoonGraphicDesign-22.jpg 3333w, https:\/\/noongraphicdesign.com\/wp-content\/uploads\/2017\/09\/JourneesDuPatrimoineAixEnProvence-NoonGraphicDesign-22-300x218.jpg 300w, https:\/\/noongraphicdesign.com\/wp-content\/uploads\/2017\/09\/JourneesDuPatrimoineAixEnProvence-NoonGraphicDesign-22-768x559.jpg 768w, https:\/\/noongraphicdesign.com\/wp-content\/uploads\/2017\/09\/JourneesDuPatrimoineAixEnProvence-NoonGraphicDesign-22-1024x745.jpg 1024w\" sizes=\"(max-width: 3333px) 100vw, 3333px\" \/>                                <\/a>\r\n                            <\/div>\r\n                                                        \r\n                            \r\n                        <\/div><!--\/.portfolio-body-->\r\n                    \r\n\t\t\r\n<\/div><\/div><\/div><\/div><div id=\"pg-153-3\"  class=\"panel-grid panel-has-style\" ><div class=\"dark-bg content siteorigin-panels-stretch panel-row-style panel-row-style-for-153-3\" data-stretch-type=\"full\" ><div id=\"pgc-153-3-0\"  class=\"panel-grid-cell\" ><div id=\"panel-153-3-0-0\" class=\"so-panel widget widget_rdn_blockquote_element rdn_blockquote_element panel-first-child panel-last-child\" data-index=\"3\" >\t\t\t\t\t\t<div class=\"clearfix \">\r\n                            <blockquote>Le design graphique  sauvera notre monde... juste apr\u00e8s le rock\u2019n\u2019roll !<\/blockquote>\r\n                            \r\n                                                        <div class=\"bl-text\">\r\n                            <p>DAVID CARSON<\/p>\n                            <\/div>\r\n                                                        \r\n                                                    <\/div>\r\n                        \r\n                       \r\n<\/div><\/div><div id=\"pgc-153-3-1\"  class=\"panel-grid-cell\" ><div id=\"panel-153-3-1-0\" class=\"so-panel widget widget_title_block rdn_title_block_box panel-first-child panel-last-child\" data-index=\"4\" >\r\n\r\n                    \t<div class=\"bordering \t\t\t\t\t\tanimated\" data-animated=\"fadeInUp\">\r\n                            <h2 class=\"content-title\">NOON GRAPHIC DESIGN<\/h2>\r\n                            <p class=\"sub-title\">Pour se diff\u00e9rencier...<\/p>\r\n                        <\/div><!--\/.bordering-->\r\n   \r\n<\/div><\/div><\/div><\/div><\/div>","protected":false},"excerpt":{"rendered":"","protected":false},"author":1,"featured_media":0,"parent":0,"menu_order":0,"comment_status":"closed","ping_status":"closed","template":"page-builder.php","meta":{"footnotes":""},"class_list":["post-153","page","type-page","status-publish","hentry"],"_links":{"self":[{"href":"https:\/\/noongraphicdesign.com\/index.php\/wp-json\/wp\/v2\/pages\/153","targetHints":{"allow":["GET"]}}],"collection":[{"href":"https:\/\/noongraphicdesign.com\/index.php\/wp-json\/wp\/v2\/pages"}],"about":[{"href":"https:\/\/noongraphicdesign.com\/index.php\/wp-json\/wp\/v2\/types\/page"}],"author":[{"embeddable":true,"href":"https:\/\/noongraphicdesign.com\/index.php\/wp-json\/wp\/v2\/users\/1"}],"replies":[{"embeddable":true,"href":"https:\/\/noongraphicdesign.com\/index.php\/wp-json\/wp\/v2\/comments?post=153"}],"version-history":[{"count":96,"href":"https:\/\/noongraphicdesign.com\/index.php\/wp-json\/wp\/v2\/pages\/153\/revisions"}],"predecessor-version":[{"id":2167,"href":"https:\/\/noongraphicdesign.com\/index.php\/wp-json\/wp\/v2\/pages\/153\/revisions\/2167"}],"wp:attachment":[{"href":"https:\/\/noongraphicdesign.com\/index.php\/wp-json\/wp\/v2\/media?parent=153"}],"curies":[{"name":"wp","href":"https:\/\/api.w.org\/{rel}","templated":true}]}}